{"id":6950,"date":"2023-07-18T12:39:31","date_gmt":"2023-07-18T10:39:31","guid":{"rendered":"https:\/\/fundacionodsaccio.org\/la-fundacio\/"},"modified":"2026-09-02T16:52:26","modified_gmt":"2026-09-02T14:52:26","slug":"la-fundacio","status":"publish","type":"page","link":"https:\/\/fundacionodsaccio.org\/ca\/la-fundacio\/","title":{"rendered":"La Fundaci\u00f3"},"content":{"rendered":"\t\t<div data-elementor-type=\"wp-page\" data-elementor-id=\"6950\" class=\"elementor elementor-6950 elementor-18\" data-elementor-post-type=\"page\">\n\t\t\t\t<div class=\"elementor-element elementor-element-ef320ab animated-slow e-flex e-con-boxed elementor-invisible e-con e-parent\" data-id=\"ef320ab\" data-element_type=\"container\" data-e-type=\"container\" data-settings=\"{&quot;background_background&quot;:&quot;gradient&quot;,&quot;animation&quot;:&quot;fadeIn&quot;}\">\n\t\t\t\t\t<div class=\"e-con-inner\">\n\t\t<div class=\"elementor-element elementor-element-879e54c e-con-full e-flex e-con e-child\" data-id=\"879e54c\" data-element_type=\"container\" data-e-type=\"container\">\n\t\t\t\t<div class=\"elementor-element elementor-element-6fa1d20 elementor-widget elementor-widget-heading\" data-id=\"6fa1d20\" data-element_type=\"widget\" data-e-type=\"widget\" data-widget_type=\"heading.default\">\n\t\t\t\t<div class=\"elementor-widget-container\">\n\t\t\t\t\t<h2 class=\"elementor-heading-title elementor-size-default\">Benvinguts a la <\/h2>\t\t\t\t<\/div>\n\t\t\t\t<\/div>\n\t\t\t\t<div class=\"elementor-element elementor-element-2c5e558 elementor-widget elementor-widget-heading\" data-id=\"2c5e558\" data-element_type=\"widget\" data-e-type=\"widget\" data-widget_type=\"heading.default\">\n\t\t\t\t<div class=\"elementor-widget-container\">\n\t\t\t\t\t<h2 class=\"elementor-heading-title elementor-size-default\">Fundaci\u00f3 ODS ACCI\u00d3<\/h2>\t\t\t\t<\/div>\n\t\t\t\t<\/div>\n\t\t\t\t<div class=\"elementor-element elementor-element-c798af0 elementor-widget__width-initial elementor-widget elementor-widget-progress\" data-id=\"c798af0\" data-element_type=\"widget\" data-e-type=\"widget\" data-widget_type=\"progress.default\">\n\t\t\t\t<div class=\"elementor-widget-container\">\n\t\t\t\t\t\n\t\t<div class=\"elementor-progress-wrapper\" role=\"progressbar\" aria-valuemin=\"0\" aria-valuemax=\"100\" aria-valuenow=\"100\">\n\t\t\t<div class=\"elementor-progress-bar\" data-max=\"100\">\n\t\t\t\t<span class=\"elementor-progress-text\"><\/span>\n\t\t\t\t\t\t\t<\/div>\n\t\t<\/div>\n\t\t\t\t\t\t<\/div>\n\t\t\t\t<\/div>\n\t\t\t\t<div class=\"elementor-element elementor-element-fc2ca02 elementor-widget elementor-widget-text-editor\" data-id=\"fc2ca02\" data-element_type=\"widget\" data-e-type=\"widget\" data-widget_type=\"text-editor.default\">\n\t\t\t\t<div class=\"elementor-widget-container\">\n\t\t\t\t\t\t\t\t\t<p>Som una fundaci\u00f3 oberta i participativa que promou el desenvolupament cient\u00edfic i tecnol\u00f2gic per a compartir i difondre el coneixement en benefici de la societat.<\/p>\t\t\t\t\t\t\t\t<\/div>\n\t\t\t\t<\/div>\n\t\t\t\t<\/div>\n\t\t\t\t\t<\/div>\n\t\t\t\t<\/div>\n\t\t<div class=\"elementor-element elementor-element-3f86e6f e-con-full e-flex e-con e-parent\" data-id=\"3f86e6f\" data-element_type=\"container\" data-e-type=\"container\" data-settings=\"{&quot;background_background&quot;:&quot;classic&quot;}\">\n\t\t\t\t<div class=\"elementor-element elementor-element-c5279bb elementor-widget elementor-widget-image\" data-id=\"c5279bb\" data-element_type=\"widget\" data-e-type=\"widget\" data-widget_type=\"image.default\">\n\t\t\t\t<div class=\"elementor-widget-container\">\n\t\t\t\t\t\t\t\t\t\t\t\t\t\t\t<img fetchpriority=\"high\" decoding=\"async\" width=\"1920\" height=\"388\" src=\"https:\/\/fundacionodsaccio.org\/wp-content\/uploads\/2024\/04\/Mosaico-LA-FUNDACION-1.webp\" class=\"attachment-full size-full wp-image-2311\" alt=\"\" srcset=\"https:\/\/fundacionodsaccio.org\/wp-content\/uploads\/2024\/04\/Mosaico-LA-FUNDACION-1.webp 1920w, https:\/\/fundacionodsaccio.org\/wp-content\/uploads\/2024\/04\/Mosaico-LA-FUNDACION-1-300x61.webp 300w, https:\/\/fundacionodsaccio.org\/wp-content\/uploads\/2024\/04\/Mosaico-LA-FUNDACION-1-1024x207.webp 1024w, https:\/\/fundacionodsaccio.org\/wp-content\/uploads\/2024\/04\/Mosaico-LA-FUNDACION-1-768x155.webp 768w, https:\/\/fundacionodsaccio.org\/wp-content\/uploads\/2024\/04\/Mosaico-LA-FUNDACION-1-1536x310.webp 1536w\" sizes=\"(max-width: 1920px) 100vw, 1920px\" \/>\t\t\t\t\t\t\t\t\t\t\t\t\t\t\t<\/div>\n\t\t\t\t<\/div>\n\t\t\t\t<\/div>\n\t\t<div class=\"elementor-element elementor-element-dca5874 animated-slow e-flex e-con-boxed elementor-invisible e-con e-parent\" data-id=\"dca5874\" data-element_type=\"container\" data-e-type=\"container\" data-settings=\"{&quot;background_background&quot;:&quot;gradient&quot;,&quot;animation&quot;:&quot;fadeIn&quot;}\">\n\t\t\t\t\t<div class=\"e-con-inner\">\n\t\t<div class=\"elementor-element elementor-element-03deba2 e-con-full e-flex e-con e-child\" data-id=\"03deba2\" data-element_type=\"container\" data-e-type=\"container\">\n\t\t\t\t<div class=\"elementor-element elementor-element-039b05b elementor-widget elementor-widget-heading\" data-id=\"039b05b\" data-element_type=\"widget\" data-e-type=\"widget\" data-widget_type=\"heading.default\">\n\t\t\t\t<div class=\"elementor-widget-container\">\n\t\t\t\t\t<h2 class=\"elementor-heading-title elementor-size-default\">Qui Som<\/h2>\t\t\t\t<\/div>\n\t\t\t\t<\/div>\n\t\t\t\t<div class=\"elementor-element elementor-element-847da63 elementor-widget elementor-widget-progress\" data-id=\"847da63\" data-element_type=\"widget\" data-e-type=\"widget\" data-widget_type=\"progress.default\">\n\t\t\t\t<div class=\"elementor-widget-container\">\n\t\t\t\t\t\n\t\t<div class=\"elementor-progress-wrapper\" role=\"progressbar\" aria-valuemin=\"0\" aria-valuemax=\"100\" aria-valuenow=\"100\">\n\t\t\t<div class=\"elementor-progress-bar\" data-max=\"100\">\n\t\t\t\t<span class=\"elementor-progress-text\"><\/span>\n\t\t\t\t\t\t\t<\/div>\n\t\t<\/div>\n\t\t\t\t\t\t<\/div>\n\t\t\t\t<\/div>\n\t\t\t\t<div class=\"elementor-element elementor-element-81cc976 elementor-widget elementor-widget-text-editor\" data-id=\"81cc976\" data-element_type=\"widget\" data-e-type=\"widget\" data-widget_type=\"text-editor.default\">\n\t\t\t\t<div class=\"elementor-widget-container\">\n\t\t\t\t\t\t\t\t\t<p>La fundaci\u00f3 neix de la determinaci\u00f3 d&#8217;un equip d&#8217;emprenedors l\u00edders en la seva professi\u00f3, que creuen en la col\u00b7laboraci\u00f3 i en la transfer\u00e8ncia del coneixement per a avan\u00e7ar cap a la descarbonitzaci\u00f3.<\/p><p>Una de les prioritats dels membres de la fundaci\u00f3 \u00e9s generar confian\u00e7a entre els grups d&#8217;inter\u00e8s, per a dur a terme iniciatives innovadores col\u00b7lectives que transformin l&#8217;economia i afavoreixin un impacte orientat a preservar els recursos del planeta i reduir la petjada de carboni.<\/p><p>L&#8217;equip fundacional i directiu de la fundaci\u00f3 est\u00e0 format per professionals amb una \u00e0mplia experi\u00e8ncia de m\u00e9s de tres d\u00e8cades en els camps de la recerca i desenvolupament de tecnologies innovadores i, a crear acords de col\u00b7laboraci\u00f3 amb diferents col\u00b7lectius i institucions p\u00fabliques i privades per a donar suport a iniciatives que promouen el creixement econ\u00f2mic sostenible.<\/p>\t\t\t\t\t\t\t\t<\/div>\n\t\t\t\t<\/div>\n\t\t\t\t<\/div>\n\t\t\t\t\t<\/div>\n\t\t\t\t<\/div>\n\t\t<div class=\"elementor-element elementor-element-d931b7c animated-slow e-flex e-con-boxed elementor-invisible e-con e-parent\" data-id=\"d931b7c\" data-element_type=\"container\" data-e-type=\"container\" data-settings=\"{&quot;background_background&quot;:&quot;gradient&quot;,&quot;animation&quot;:&quot;fadeIn&quot;}\">\n\t\t\t\t\t<div class=\"e-con-inner\">\n\t\t<div class=\"elementor-element elementor-element-e75e615 e-con-full e-flex e-con e-child\" data-id=\"e75e615\" data-element_type=\"container\" data-e-type=\"container\">\n\t\t\t\t<div class=\"elementor-element elementor-element-9736935 elementor-widget elementor-widget-heading\" data-id=\"9736935\" data-element_type=\"widget\" data-e-type=\"widget\" data-widget_type=\"heading.default\">\n\t\t\t\t<div class=\"elementor-widget-container\">\n\t\t\t\t\t<h2 class=\"elementor-heading-title elementor-size-default\">Missi\u00f3<\/h2>\t\t\t\t<\/div>\n\t\t\t\t<\/div>\n\t\t\t\t<div class=\"elementor-element elementor-element-9e5397b elementor-widget elementor-widget-progress\" data-id=\"9e5397b\" data-element_type=\"widget\" data-e-type=\"widget\" data-widget_type=\"progress.default\">\n\t\t\t\t<div class=\"elementor-widget-container\">\n\t\t\t\t\t\n\t\t<div class=\"elementor-progress-wrapper\" role=\"progressbar\" aria-valuemin=\"0\" aria-valuemax=\"100\" aria-valuenow=\"100\">\n\t\t\t<div class=\"elementor-progress-bar\" data-max=\"100\">\n\t\t\t\t<span class=\"elementor-progress-text\"><\/span>\n\t\t\t\t\t\t\t<\/div>\n\t\t<\/div>\n\t\t\t\t\t\t<\/div>\n\t\t\t\t<\/div>\n\t\t<div class=\"elementor-element elementor-element-9451dee e-grid e-con-boxed e-con e-child\" data-id=\"9451dee\" data-element_type=\"container\" data-e-type=\"container\">\n\t\t\t\t\t<div class=\"e-con-inner\">\n\t\t\t\t<div class=\"elementor-element elementor-element-a8a9264 elementor-widget elementor-widget-text-editor\" data-id=\"a8a9264\" data-element_type=\"widget\" data-e-type=\"widget\" data-widget_type=\"text-editor.default\">\n\t\t\t\t<div class=\"elementor-widget-container\">\n\t\t\t\t\t\t\t\t\t<p>La nostra missi\u00f3 principal \u00e9s la promoci\u00f3 i difusi\u00f3 d&#8217;activitats i iniciatives que es realitzen en l&#8217;\u00e0mbit cient\u00edfic, tecnol\u00f2gic i de la innovaci\u00f3, orientades a contribuir al desenvolupament sostenible tant a nivell local com internacional.<\/p><p>Generem plataformes de col\u00b7laboraci\u00f3 entre les universitats, els centres de recerca i tecnol\u00f2gics i les entitats professionals p\u00fabliques i privades, per a impulsar la formaci\u00f3 i la transfer\u00e8ncia de coneixements en benefici dels col\u00b7lectius d&#8217;inter\u00e8s i de la societat en general.<\/p>\t\t\t\t\t\t\t\t<\/div>\n\t\t\t\t<\/div>\n\t\t\t\t<div class=\"elementor-element elementor-element-e3ae7ea elementor-widget-tablet__width-inherit elementor-widget elementor-widget-image\" data-id=\"e3ae7ea\" data-element_type=\"widget\" data-e-type=\"widget\" data-widget_type=\"image.default\">\n\t\t\t\t<div class=\"elementor-widget-container\">\n\t\t\t\t\t\t\t\t\t\t\t\t\t\t\t<img decoding=\"async\" width=\"900\" height=\"504\" src=\"https:\/\/fundacionodsaccio.org\/wp-content\/uploads\/2024\/04\/lafundacion-mision-puente.webp\" class=\"attachment-full size-full wp-image-2769\" alt=\"\" srcset=\"https:\/\/fundacionodsaccio.org\/wp-content\/uploads\/2024\/04\/lafundacion-mision-puente.webp 900w, https:\/\/fundacionodsaccio.org\/wp-content\/uploads\/2024\/04\/lafundacion-mision-puente-300x168.webp 300w, https:\/\/fundacionodsaccio.org\/wp-content\/uploads\/2024\/04\/lafundacion-mision-puente-768x430.webp 768w\" sizes=\"(max-width: 900px) 100vw, 900px\" \/>\t\t\t\t\t\t\t\t\t\t\t\t\t\t\t<\/div>\n\t\t\t\t<\/div>\n\t\t\t\t\t<\/div>\n\t\t\t\t<\/div>\n\t\t\t\t<\/div>\n\t\t\t\t\t<\/div>\n\t\t\t\t<\/div>\n\t\t<div class=\"elementor-element elementor-element-ce3ea1b animated-slow e-flex e-con-boxed elementor-invisible e-con e-parent\" data-id=\"ce3ea1b\" data-element_type=\"container\" data-e-type=\"container\" data-settings=\"{&quot;background_background&quot;:&quot;gradient&quot;,&quot;animation&quot;:&quot;fadeIn&quot;}\">\n\t\t\t\t\t<div class=\"e-con-inner\">\n\t\t<div class=\"elementor-element elementor-element-59310c3 e-con-full e-flex e-con e-child\" data-id=\"59310c3\" data-element_type=\"container\" data-e-type=\"container\">\n\t\t\t\t<div class=\"elementor-element elementor-element-600f51f elementor-widget elementor-widget-image\" data-id=\"600f51f\" data-element_type=\"widget\" data-e-type=\"widget\" data-widget_type=\"image.default\">\n\t\t\t\t<div class=\"elementor-widget-container\">\n\t\t\t\t\t\t\t\t\t\t\t\t\t\t\t<img decoding=\"async\" width=\"1257\" height=\"726\" src=\"https:\/\/fundacionodsaccio.org\/wp-content\/uploads\/2024\/04\/objetivos.png\" class=\"attachment-full size-full wp-image-2025\" alt=\"\" srcset=\"https:\/\/fundacionodsaccio.org\/wp-content\/uploads\/2024\/04\/objetivos.png 1257w, https:\/\/fundacionodsaccio.org\/wp-content\/uploads\/2024\/04\/objetivos-300x173.png 300w, https:\/\/fundacionodsaccio.org\/wp-content\/uploads\/2024\/04\/objetivos-1024x591.png 1024w, https:\/\/fundacionodsaccio.org\/wp-content\/uploads\/2024\/04\/objetivos-768x444.png 768w\" sizes=\"(max-width: 1257px) 100vw, 1257px\" \/>\t\t\t\t\t\t\t\t\t\t\t\t\t\t\t<\/div>\n\t\t\t\t<\/div>\n\t\t\t\t<div class=\"elementor-element elementor-element-88c3dca elementor-align-center elementor-widget elementor-widget-button\" data-id=\"88c3dca\" data-element_type=\"widget\" data-e-type=\"widget\" data-widget_type=\"button.default\">\n\t\t\t\t<div class=\"elementor-widget-container\">\n\t\t\t\t\t\t\t\t\t<div class=\"elementor-button-wrapper\">\n\t\t\t\t\t<a class=\"elementor-button elementor-button-link elementor-size-sm\" href=\"https:\/\/www.un.org\/sustainabledevelopment\/es\/objetivos-de-desarrollo-sostenible\/\" target=\"_blank\" rel=\"noopener\">\n\t\t\t\t\t\t<span class=\"elementor-button-content-wrapper\">\n\t\t\t\t\t\t\t\t\t<span class=\"elementor-button-text\">Veure m\u00e9s informaci\u00f3 sobre els ODS<\/span>\n\t\t\t\t\t<\/span>\n\t\t\t\t\t<\/a>\n\t\t\t\t<\/div>\n\t\t\t\t\t\t\t\t<\/div>\n\t\t\t\t<\/div>\n\t\t\t\t<\/div>\n\t\t<div class=\"elementor-element elementor-element-af94167 e-con-full e-flex e-con e-child\" data-id=\"af94167\" data-element_type=\"container\" data-e-type=\"container\">\n\t\t\t\t<div class=\"elementor-element elementor-element-ff1d053 elementor-widget elementor-widget-heading\" data-id=\"ff1d053\" data-element_type=\"widget\" data-e-type=\"widget\" data-widget_type=\"heading.default\">\n\t\t\t\t<div class=\"elementor-widget-container\">\n\t\t\t\t\t<h2 class=\"elementor-heading-title elementor-size-default\">Ens<\/h2>\t\t\t\t<\/div>\n\t\t\t\t<\/div>\n\t\t\t\t<div class=\"elementor-element elementor-element-ec2a13f elementor-widget elementor-widget-heading\" data-id=\"ec2a13f\" data-element_type=\"widget\" data-e-type=\"widget\" data-widget_type=\"heading.default\">\n\t\t\t\t<div class=\"elementor-widget-container\">\n\t\t\t\t\t<h2 class=\"elementor-heading-title elementor-size-default\">interessen<\/h2>\t\t\t\t<\/div>\n\t\t\t\t<\/div>\n\t\t\t\t<div class=\"elementor-element elementor-element-5bdc0ee elementor-widget elementor-widget-progress\" data-id=\"5bdc0ee\" data-element_type=\"widget\" data-e-type=\"widget\" data-widget_type=\"progress.default\">\n\t\t\t\t<div class=\"elementor-widget-container\">\n\t\t\t\t\t\n\t\t<div class=\"elementor-progress-wrapper\" role=\"progressbar\" aria-valuemin=\"0\" aria-valuemax=\"100\" aria-valuenow=\"100\">\n\t\t\t<div class=\"elementor-progress-bar\" data-max=\"100\">\n\t\t\t\t<span class=\"elementor-progress-text\"><\/span>\n\t\t\t\t\t\t\t<\/div>\n\t\t<\/div>\n\t\t\t\t\t\t<\/div>\n\t\t\t\t<\/div>\n\t\t\t\t<div class=\"elementor-element elementor-element-d4d6c57 elementor-widget elementor-widget-text-editor\" data-id=\"d4d6c57\" data-element_type=\"widget\" data-e-type=\"widget\" data-widget_type=\"text-editor.default\">\n\t\t\t\t<div class=\"elementor-widget-container\">\n\t\t\t\t\t\t\t\t\t<p>Ens mouen les iniciatives que, atesos els nostres principis fundacionals, ens permeten crear acords i espais de col\u00b7laboraci\u00f3 per a la consecuci\u00f3 dels 17 Objectius Globals ODS establerts en l&#8217;Agenda 2030, aprovada per l&#8217;ONU el 25 de setembre de 2015 i millorar les condicions de vida de les persones i del planeta.<\/p>\t\t\t\t\t\t\t\t<\/div>\n\t\t\t\t<\/div>\n\t\t\t\t<\/div>\n\t\t\t\t\t<\/div>\n\t\t\t\t<\/div>\n\t\t<div class=\"elementor-element elementor-element-ab417fd animated-slow e-flex e-con-boxed elementor-invisible e-con e-parent\" data-id=\"ab417fd\" data-element_type=\"container\" data-e-type=\"container\" data-settings=\"{&quot;background_background&quot;:&quot;gradient&quot;,&quot;animation&quot;:&quot;fadeIn&quot;}\">\n\t\t\t\t\t<div class=\"e-con-inner\">\n\t\t<div class=\"elementor-element elementor-element-a0cef5d e-con-full e-flex e-con e-child\" data-id=\"a0cef5d\" data-element_type=\"container\" data-e-type=\"container\">\n\t\t\t\t<div class=\"elementor-element elementor-element-af2e3e0 elementor-widget elementor-widget-heading\" data-id=\"af2e3e0\" data-element_type=\"widget\" data-e-type=\"widget\" data-widget_type=\"heading.default\">\n\t\t\t\t<div class=\"elementor-widget-container\">\n\t\t\t\t\t<h2 class=\"elementor-heading-title elementor-size-default\">Valors<\/h2>\t\t\t\t<\/div>\n\t\t\t\t<\/div>\n\t\t\t\t<div class=\"elementor-element elementor-element-d417b9b elementor-widget elementor-widget-heading\" data-id=\"d417b9b\" data-element_type=\"widget\" data-e-type=\"widget\" data-widget_type=\"heading.default\">\n\t\t\t\t<div class=\"elementor-widget-container\">\n\t\t\t\t\t<h2 class=\"elementor-heading-title elementor-size-default\">fundacionals<\/h2>\t\t\t\t<\/div>\n\t\t\t\t<\/div>\n\t\t\t\t<div class=\"elementor-element elementor-element-e5a9a56 elementor-widget elementor-widget-progress\" data-id=\"e5a9a56\" data-element_type=\"widget\" data-e-type=\"widget\" data-widget_type=\"progress.default\">\n\t\t\t\t<div class=\"elementor-widget-container\">\n\t\t\t\t\t\n\t\t<div class=\"elementor-progress-wrapper\" role=\"progressbar\" aria-valuemin=\"0\" aria-valuemax=\"100\" aria-valuenow=\"100\">\n\t\t\t<div class=\"elementor-progress-bar\" data-max=\"100\">\n\t\t\t\t<span class=\"elementor-progress-text\"><\/span>\n\t\t\t\t\t\t\t<\/div>\n\t\t<\/div>\n\t\t\t\t\t\t<\/div>\n\t\t\t\t<\/div>\n\t\t\t\t<div class=\"elementor-element elementor-element-1a1b6da elementor-widget elementor-widget-text-editor\" data-id=\"1a1b6da\" data-element_type=\"widget\" data-e-type=\"widget\" data-widget_type=\"text-editor.default\">\n\t\t\t\t<div class=\"elementor-widget-container\">\n\t\t\t\t\t\t\t\t\t<p>Treballem per a donar suport a iniciatives que promoguin el creixement econ\u00f2mic sostenible, la inclusi\u00f3 social equitativa i, la protecci\u00f3 del medi ambient, dels recursos naturals i dels ecosistemes.<\/p><p>Impulsem propostes que van dirigides a treballar per a la consecuci\u00f3 dels Objectius de Desenvolupament Sostenible, amb el comprom\u00eds ferm d&#8217;aportar solucions innovadores per a aconseguir aquests objectius.<\/p><p>Ens identifiquem amb grups d&#8217;inter\u00e8s compromesos amb l&#8217;Agenda 2030 per a establir aliances clau que ens permetin aconseguir avan\u00e7os i oportunitats per a contribuir a la consecuci\u00f3 dels ODS.<\/p>\t\t\t\t\t\t\t\t<\/div>\n\t\t\t\t<\/div>\n\t\t\t\t<\/div>\n\t\t<div class=\"elementor-element elementor-element-9ecdcf3 e-con-full e-flex e-con e-child\" data-id=\"9ecdcf3\" data-element_type=\"container\" data-e-type=\"container\">\n\t\t\t\t<div class=\"elementor-element elementor-element-417d2f2 elementor-widget__width-auto elementor-absolute animated-slow elementor-invisible elementor-widget elementor-widget-image\" data-id=\"417d2f2\" data-element_type=\"widget\" data-e-type=\"widget\" data-settings=\"{&quot;_position&quot;:&quot;absolute&quot;,&quot;_animation&quot;:&quot;fadeIn&quot;}\" data-widget_type=\"image.default\">\n\t\t\t\t<div class=\"elementor-widget-container\">\n\t\t\t\t\t\t\t\t\t\t\t\t\t\t\t<img loading=\"lazy\" decoding=\"async\" width=\"500\" height=\"331\" src=\"https:\/\/fundacionodsaccio.org\/wp-content\/uploads\/2024\/04\/valoresfundacionales-tortuga.webp\" class=\"attachment-full size-full wp-image-1330\" alt=\"\" srcset=\"https:\/\/fundacionodsaccio.org\/wp-content\/uploads\/2024\/04\/valoresfundacionales-tortuga.webp 500w, https:\/\/fundacionodsaccio.org\/wp-content\/uploads\/2024\/04\/valoresfundacionales-tortuga-300x199.webp 300w\" sizes=\"(max-width: 500px) 100vw, 500px\" \/>\t\t\t\t\t\t\t\t\t\t\t\t\t\t\t<\/div>\n\t\t\t\t<\/div>\n\t\t\t\t<div class=\"elementor-element elementor-element-e72c323 elementor-widget__width-auto elementor-absolute animated-slow elementor-invisible elementor-widget elementor-widget-image\" data-id=\"e72c323\" data-element_type=\"widget\" data-e-type=\"widget\" data-settings=\"{&quot;_position&quot;:&quot;absolute&quot;,&quot;_animation&quot;:&quot;fadeIn&quot;,&quot;_animation_delay&quot;:300}\" data-widget_type=\"image.default\">\n\t\t\t\t<div class=\"elementor-widget-container\">\n\t\t\t\t\t\t\t\t\t\t\t\t\t\t\t<img loading=\"lazy\" decoding=\"async\" width=\"500\" height=\"333\" src=\"https:\/\/fundacionodsaccio.org\/wp-content\/uploads\/2024\/04\/valoresfundacionales-molinos-1.webp\" class=\"attachment-full size-full wp-image-1331\" alt=\"\" srcset=\"https:\/\/fundacionodsaccio.org\/wp-content\/uploads\/2024\/04\/valoresfundacionales-molinos-1.webp 500w, https:\/\/fundacionodsaccio.org\/wp-content\/uploads\/2024\/04\/valoresfundacionales-molinos-1-300x200.webp 300w\" sizes=\"(max-width: 500px) 100vw, 500px\" \/>\t\t\t\t\t\t\t\t\t\t\t\t\t\t\t<\/div>\n\t\t\t\t<\/div>\n\t\t\t\t<div class=\"elementor-element elementor-element-07128b6 elementor-widget__width-auto elementor-absolute animated-slow elementor-invisible elementor-widget elementor-widget-image\" data-id=\"07128b6\" data-element_type=\"widget\" data-e-type=\"widget\" data-settings=\"{&quot;_position&quot;:&quot;absolute&quot;,&quot;_animation&quot;:&quot;fadeIn&quot;,&quot;_animation_delay&quot;:600}\" data-widget_type=\"image.default\">\n\t\t\t\t<div class=\"elementor-widget-container\">\n\t\t\t\t\t\t\t\t\t\t\t\t\t\t\t<img loading=\"lazy\" decoding=\"async\" width=\"600\" height=\"476\" src=\"https:\/\/fundacionodsaccio.org\/wp-content\/uploads\/2024\/04\/Valores-fundacionales-3.webp\" class=\"attachment-full size-full wp-image-1351\" alt=\"\" srcset=\"https:\/\/fundacionodsaccio.org\/wp-content\/uploads\/2024\/04\/Valores-fundacionales-3.webp 600w, https:\/\/fundacionodsaccio.org\/wp-content\/uploads\/2024\/04\/Valores-fundacionales-3-300x238.webp 300w\" sizes=\"(max-width: 600px) 100vw, 600px\" \/>\t\t\t\t\t\t\t\t\t\t\t\t\t\t\t<\/div>\n\t\t\t\t<\/div>\n\t\t\t\t<div class=\"elementor-element elementor-element-5e2b63b elementor-widget elementor-widget-spacer\" data-id=\"5e2b63b\" data-element_type=\"widget\" data-e-type=\"widget\" data-widget_type=\"spacer.default\">\n\t\t\t\t<div class=\"elementor-widget-container\">\n\t\t\t\t\t\t\t<div class=\"elementor-spacer\">\n\t\t\t<div class=\"elementor-spacer-inner\"><\/div>\n\t\t<\/div>\n\t\t\t\t\t\t<\/div>\n\t\t\t\t<\/div>\n\t\t\t\t<\/div>\n\t\t\t\t\t<\/div>\n\t\t\t\t<\/div>\n\t\t\t\t<\/div>\n\t\t","protected":false},"excerpt":{"rendered":"<p>Benvinguts a la Fundaci\u00f3 ODS ACCI\u00d3 Som una fundaci\u00f3 oberta i participativa que promou el desenvolupament cient\u00edfic i tecnol\u00f2gic per a compartir i difondre el coneixement en benefici de la societat. Qui Som La fundaci\u00f3 neix de la determinaci\u00f3 d&#8217;un equip d&#8217;emprenedors l\u00edders en la seva professi\u00f3, que creuen en la col\u00b7laboraci\u00f3 i en la [&hellip;]<\/p>\n","protected":false},"author":1,"featured_media":0,"parent":0,"menu_order":0,"comment_status":"closed","ping_status":"closed","template":"","meta":{"_acf_changed":false,"footnotes":""},"class_list":["post-6950","page","type-page","status-publish","hentry"],"acf":[],"_links":{"self":[{"href":"https:\/\/fundacionodsaccio.org\/ca\/wp-json\/wp\/v2\/pages\/6950","targetHints":{"allow":["GET"]}}],"collection":[{"href":"https:\/\/fundacionodsaccio.org\/ca\/wp-json\/wp\/v2\/pages"}],"about":[{"href":"https:\/\/fundacionodsaccio.org\/ca\/wp-json\/wp\/v2\/types\/page"}],"author":[{"embeddable":true,"href":"https:\/\/fundacionodsaccio.org\/ca\/wp-json\/wp\/v2\/users\/1"}],"replies":[{"embeddable":true,"href":"https:\/\/fundacionodsaccio.org\/ca\/wp-json\/wp\/v2\/comments?post=6950"}],"version-history":[{"count":1,"href":"https:\/\/fundacionodsaccio.org\/ca\/wp-json\/wp\/v2\/pages\/6950\/revisions"}],"predecessor-version":[{"id":6951,"href":"https:\/\/fundacionodsaccio.org\/ca\/wp-json\/wp\/v2\/pages\/6950\/revisions\/6951"}],"wp:attachment":[{"href":"https:\/\/fundacionodsaccio.org\/ca\/wp-json\/wp\/v2\/media?parent=6950"}],"curies":[{"name":"wp","href":"https:\/\/api.w.org\/{rel}","templated":true}]}}