{"id":6955,"date":"2023-07-18T12:40:10","date_gmt":"2023-07-18T10:40:10","guid":{"rendered":"https:\/\/fundacionodsaccio.org\/la-comunitat-de-la-fundacio\/"},"modified":"2026-09-02T16:58:27","modified_gmt":"2026-09-02T14:58:27","slug":"la-comunitat-de-la-fundacio","status":"publish","type":"page","link":"https:\/\/fundacionodsaccio.org\/ca\/la-comunitat-de-la-fundacio\/","title":{"rendered":"La Comunitat de La Fundaci\u00f3"},"content":{"rendered":"\t\t<div data-elementor-type=\"wp-page\" data-elementor-id=\"6955\" class=\"elementor elementor-6955 elementor-21\" data-elementor-post-type=\"page\">\n\t\t\t\t<div class=\"elementor-element elementor-element-c86c380 e-flex e-con-boxed e-con e-parent\" data-id=\"c86c380\" data-element_type=\"container\" data-e-type=\"container\" data-settings=\"{&quot;background_background&quot;:&quot;classic&quot;}\">\n\t\t\t\t\t<div class=\"e-con-inner\">\n\t\t\t\t<div class=\"elementor-element elementor-element-f86689c elementor-widget elementor-widget-image\" data-id=\"f86689c\" data-element_type=\"widget\" data-e-type=\"widget\" data-widget_type=\"image.default\">\n\t\t\t\t<div class=\"elementor-widget-container\">\n\t\t\t\t\t\t\t\t\t\t\t\t\t\t\t<img fetchpriority=\"high\" decoding=\"async\" width=\"2706\" height=\"2705\" src=\"https:\/\/fundacionodsaccio.org\/wp-content\/uploads\/2024\/03\/Mundo-la-comunidad2.png\" class=\"attachment-full size-full wp-image-1060\" alt=\"\" srcset=\"https:\/\/fundacionodsaccio.org\/wp-content\/uploads\/2024\/03\/Mundo-la-comunidad2.png 2706w, https:\/\/fundacionodsaccio.org\/wp-content\/uploads\/2024\/03\/Mundo-la-comunidad2-300x300.png 300w, https:\/\/fundacionodsaccio.org\/wp-content\/uploads\/2024\/03\/Mundo-la-comunidad2-1024x1024.png 1024w, https:\/\/fundacionodsaccio.org\/wp-content\/uploads\/2024\/03\/Mundo-la-comunidad2-150x150.png 150w, https:\/\/fundacionodsaccio.org\/wp-content\/uploads\/2024\/03\/Mundo-la-comunidad2-768x768.png 768w, https:\/\/fundacionodsaccio.org\/wp-content\/uploads\/2024\/03\/Mundo-la-comunidad2-1536x1536.png 1536w, https:\/\/fundacionodsaccio.org\/wp-content\/uploads\/2024\/03\/Mundo-la-comunidad2-2048x2048.png 2048w\" sizes=\"(max-width: 2706px) 100vw, 2706px\" \/>\t\t\t\t\t\t\t\t\t\t\t\t\t\t\t<\/div>\n\t\t\t\t<\/div>\n\t\t\t\t\t<\/div>\n\t\t\t\t<\/div>\n\t\t<div class=\"elementor-element elementor-element-27fb174 animated-slow e-flex e-con-boxed elementor-invisible e-con e-parent\" data-id=\"27fb174\" data-element_type=\"container\" data-e-type=\"container\" data-settings=\"{&quot;background_background&quot;:&quot;classic&quot;,&quot;animation&quot;:&quot;fadeIn&quot;}\">\n\t\t\t\t\t<div class=\"e-con-inner\">\n\t\t<div class=\"elementor-element elementor-element-d7b32f6 e-con-full e-flex e-con e-child\" data-id=\"d7b32f6\" data-element_type=\"container\" data-e-type=\"container\">\n\t\t\t\t<div class=\"elementor-element elementor-element-6301092 elementor-widget elementor-widget-heading\" data-id=\"6301092\" data-element_type=\"widget\" data-e-type=\"widget\" data-widget_type=\"heading.default\">\n\t\t\t\t<div class=\"elementor-widget-container\">\n\t\t\t\t\t<h2 class=\"elementor-heading-title elementor-size-default\">La Comunitat<\/h2>\t\t\t\t<\/div>\n\t\t\t\t<\/div>\n\t\t\t\t<div class=\"elementor-element elementor-element-e792eb2 elementor-widget elementor-widget-heading\" data-id=\"e792eb2\" data-element_type=\"widget\" data-e-type=\"widget\" data-widget_type=\"heading.default\">\n\t\t\t\t<div class=\"elementor-widget-container\">\n\t\t\t\t\t<h2 class=\"elementor-heading-title elementor-size-default\">de La Fundaci\u00f3<\/h2>\t\t\t\t<\/div>\n\t\t\t\t<\/div>\n\t\t\t\t<div class=\"elementor-element elementor-element-dcdef9f elementor-widget__width-initial elementor-widget elementor-widget-progress\" data-id=\"dcdef9f\" data-element_type=\"widget\" data-e-type=\"widget\" data-widget_type=\"progress.default\">\n\t\t\t\t<div class=\"elementor-widget-container\">\n\t\t\t\t\t\n\t\t<div class=\"elementor-progress-wrapper\" role=\"progressbar\" aria-valuemin=\"0\" aria-valuemax=\"100\" aria-valuenow=\"100\">\n\t\t\t<div class=\"elementor-progress-bar\" data-max=\"100\">\n\t\t\t\t<span class=\"elementor-progress-text\"><\/span>\n\t\t\t\t\t\t\t<\/div>\n\t\t<\/div>\n\t\t\t\t\t\t<\/div>\n\t\t\t\t<\/div>\n\t\t\t\t<div class=\"elementor-element elementor-element-510d026 elementor-widget elementor-widget-text-editor\" data-id=\"510d026\" data-element_type=\"widget\" data-e-type=\"widget\" data-widget_type=\"text-editor.default\">\n\t\t\t\t<div class=\"elementor-widget-container\">\n\t\t\t\t\t\t\t\t\tDes de la nostra fundaci\u00f3, convidem a formar part de La Comunitat d&#8217;Amics de la Fundaci\u00f3, a totes les associacions, entitats i professionals de diferents sectors enquadrats en el camp de la recerca, de la formaci\u00f3 i del m\u00f3n empresarial amb un inter\u00e8s com\u00fa: compartir el coneixement i el desenvolupament de projectes d&#8217;innovaci\u00f3 sostenibles per a millorar les condicions de vida de les persones i del nostre planeta.\t\t\t\t\t\t\t\t<\/div>\n\t\t\t\t<\/div>\n\t\t\t\t<\/div>\n\t\t\t\t\t<\/div>\n\t\t\t\t<\/div>\n\t\t<div class=\"elementor-element elementor-element-cdbf910 animated-slow e-flex e-con-boxed elementor-invisible e-con e-parent\" data-id=\"cdbf910\" data-element_type=\"container\" data-e-type=\"container\" data-settings=\"{&quot;background_background&quot;:&quot;classic&quot;,&quot;animation&quot;:&quot;fadeIn&quot;}\">\n\t\t\t\t\t<div class=\"e-con-inner\">\n\t\t\t\t<div class=\"elementor-element elementor-element-b90c576 elementor-widget elementor-widget-heading\" data-id=\"b90c576\" data-element_type=\"widget\" data-e-type=\"widget\" data-widget_type=\"heading.default\">\n\t\t\t\t<div class=\"elementor-widget-container\">\n\t\t\t\t\t<h2 class=\"elementor-heading-title elementor-size-default\">Suma't al nostre projecte \"INNOVALIKE\"<\/h2>\t\t\t\t<\/div>\n\t\t\t\t<\/div>\n\t\t\t\t<div class=\"elementor-element elementor-element-c525751 elementor-widget elementor-widget-heading\" data-id=\"c525751\" data-element_type=\"widget\" data-e-type=\"widget\" data-widget_type=\"heading.default\">\n\t\t\t\t<div class=\"elementor-widget-container\">\n\t\t\t\t\t<h2 class=\"elementor-heading-title elementor-size-default\">Plataforma sobre innovaci\u00f3 avan\u00e7ada per al desenvolupament sostenible<\/h2>\t\t\t\t<\/div>\n\t\t\t\t<\/div>\n\t\t\t\t<div class=\"elementor-element elementor-element-c2cbe9f elementor-widget elementor-widget-progress\" data-id=\"c2cbe9f\" data-element_type=\"widget\" data-e-type=\"widget\" data-widget_type=\"progress.default\">\n\t\t\t\t<div class=\"elementor-widget-container\">\n\t\t\t\t\t\n\t\t<div class=\"elementor-progress-wrapper\" role=\"progressbar\" aria-valuemin=\"0\" aria-valuemax=\"100\" aria-valuenow=\"100\">\n\t\t\t<div class=\"elementor-progress-bar\" data-max=\"100\">\n\t\t\t\t<span class=\"elementor-progress-text\"><\/span>\n\t\t\t\t\t\t\t<\/div>\n\t\t<\/div>\n\t\t\t\t\t\t<\/div>\n\t\t\t\t<\/div>\n\t\t\t\t<div class=\"elementor-element elementor-element-81f6535 elementor-widget__width-initial elementor-widget elementor-widget-gallery\" data-id=\"81f6535\" data-element_type=\"widget\" data-e-type=\"widget\" data-settings=\"{&quot;columns&quot;:5,&quot;columns_tablet&quot;:5,&quot;columns_mobile&quot;:5,&quot;gap&quot;:{&quot;unit&quot;:&quot;px&quot;,&quot;size&quot;:5,&quot;sizes&quot;:[]},&quot;gap_mobile&quot;:{&quot;unit&quot;:&quot;px&quot;,&quot;size&quot;:5,&quot;sizes&quot;:[]},&quot;aspect_ratio&quot;:&quot;1:1&quot;,&quot;gallery_layout&quot;:&quot;grid&quot;,&quot;gap_tablet&quot;:{&quot;unit&quot;:&quot;px&quot;,&quot;size&quot;:10,&quot;sizes&quot;:[]},&quot;content_hover_animation&quot;:&quot;fade-in&quot;}\" data-widget_type=\"gallery.default\">\n\t\t\t\t<div class=\"elementor-widget-container\">\n\t\t\t\t\t\t\t<div class=\"elementor-gallery__container\">\n\t\t\t\t\t\t\t<div class=\"e-gallery-item elementor-gallery-item elementor-animated-content\">\n\t\t\t\t\t<div class=\"e-gallery-image elementor-gallery-item__image\" data-thumbnail=\"https:\/\/fundacionodsaccio.org\/wp-content\/uploads\/2023\/12\/S_SDG_Icons-01-04.jpg\" data-width=\"466\" data-height=\"466\" aria-label=\"\" role=\"img\" ><\/div>\n\t\t\t\t\t\t\t\t\t\t\t\t\t\t<\/div>\n\t\t\t\t\t\t\t<div class=\"e-gallery-item elementor-gallery-item elementor-animated-content\">\n\t\t\t\t\t<div class=\"e-gallery-image elementor-gallery-item__image\" data-thumbnail=\"https:\/\/fundacionodsaccio.org\/wp-content\/uploads\/2023\/12\/S_SDG_Icons-01-09.jpg\" data-width=\"466\" data-height=\"466\" aria-label=\"\" role=\"img\" ><\/div>\n\t\t\t\t\t\t\t\t\t\t\t\t\t\t<\/div>\n\t\t\t\t\t\t\t<div class=\"e-gallery-item elementor-gallery-item elementor-animated-content\">\n\t\t\t\t\t<div class=\"e-gallery-image elementor-gallery-item__image\" data-thumbnail=\"https:\/\/fundacionodsaccio.org\/wp-content\/uploads\/2023\/12\/S_SDG_Icons-01-17.jpg\" data-width=\"466\" data-height=\"466\" aria-label=\"\" role=\"img\" ><\/div>\n\t\t\t\t\t\t\t\t\t\t\t\t\t\t<\/div>\n\t\t\t\t\t<\/div>\n\t\t\t\t\t<\/div>\n\t\t\t\t<\/div>\n\t\t\t\t\t<\/div>\n\t\t\t\t<\/div>\n\t\t<div class=\"elementor-element elementor-element-a0e7675 animated-slow e-flex e-con-boxed elementor-invisible e-con e-parent\" data-id=\"a0e7675\" data-element_type=\"container\" data-e-type=\"container\" data-settings=\"{&quot;background_background&quot;:&quot;classic&quot;,&quot;animation&quot;:&quot;fadeIn&quot;}\">\n\t\t\t\t\t<div class=\"e-con-inner\">\n\t\t\t\t<div class=\"elementor-element elementor-element-817c716 elementor-widget__width-initial elementor-widget elementor-widget-text-editor\" data-id=\"817c716\" data-element_type=\"widget\" data-e-type=\"widget\" data-widget_type=\"text-editor.default\">\n\t\t\t\t<div class=\"elementor-widget-container\">\n\t\t\t\t\t\t\t\t\t<p>La Fundaci\u00f3 ODS ACCI\u00d3 presentar\u00e0 pr\u00f2ximament la seva plataforma \u00abInnovalike\u00bb, una eina digital on els Membres de La Comunitat de la fundaci\u00f3 podran compartir i difondre el seu coneixement sobre projectes de recerca i innovaci\u00f3 avan\u00e7ada que contribueixen a la consecuci\u00f3 dels 17 Objectius Globals ODS establerts en l&#8217;Agenda 2030, aprovada per l&#8217;ONU el 25 de setembre del 2015.<\/p>\t\t\t\t\t\t\t\t<\/div>\n\t\t\t\t<\/div>\n\t\t\t\t<div class=\"elementor-element elementor-element-0a7e49d elementor-widget__width-initial elementor-widget elementor-widget-image\" data-id=\"0a7e49d\" data-element_type=\"widget\" data-e-type=\"widget\" data-widget_type=\"image.default\">\n\t\t\t\t<div class=\"elementor-widget-container\">\n\t\t\t\t\t\t\t\t\t\t\t\t\t\t\t<img decoding=\"async\" width=\"1231\" height=\"1103\" src=\"https:\/\/fundacionodsaccio.org\/wp-content\/uploads\/2024\/04\/Material-ODS-ACCIO-WEB_DERECHOS_PANTALLA-INNOVALIKE.png\" class=\"attachment-full size-full wp-image-2070\" alt=\"\" srcset=\"https:\/\/fundacionodsaccio.org\/wp-content\/uploads\/2024\/04\/Material-ODS-ACCIO-WEB_DERECHOS_PANTALLA-INNOVALIKE.png 1231w, https:\/\/fundacionodsaccio.org\/wp-content\/uploads\/2024\/04\/Material-ODS-ACCIO-WEB_DERECHOS_PANTALLA-INNOVALIKE-300x269.png 300w, https:\/\/fundacionodsaccio.org\/wp-content\/uploads\/2024\/04\/Material-ODS-ACCIO-WEB_DERECHOS_PANTALLA-INNOVALIKE-1024x918.png 1024w, https:\/\/fundacionodsaccio.org\/wp-content\/uploads\/2024\/04\/Material-ODS-ACCIO-WEB_DERECHOS_PANTALLA-INNOVALIKE-768x688.png 768w\" sizes=\"(max-width: 1231px) 100vw, 1231px\" \/>\t\t\t\t\t\t\t\t\t\t\t\t\t\t\t<\/div>\n\t\t\t\t<\/div>\n\t\t\t\t<div class=\"elementor-element elementor-element-017b1c2 elementor-widget__width-inherit elementor-widget elementor-widget-text-editor\" data-id=\"017b1c2\" data-element_type=\"widget\" data-e-type=\"widget\" data-widget_type=\"text-editor.default\">\n\t\t\t\t<div class=\"elementor-widget-container\">\n\t\t\t\t\t\t\t\t\t<p>En aquesta plataforma digital podrem trobar continguts de m\u00e0xim inter\u00e8s, en diferents formats, de la pr\u00f2pia fundaci\u00f3 i d&#8217;experts col\u00b7laboradors Membres de La Comunitat de la fundaci\u00f3 que s&#8217;han adherit a aquest projecte i que, a trav\u00e9s de la seva participaci\u00f3, esfor\u00e7 i bones pr\u00e0ctiques, sumen valor a aquest projecte fundacional.<\/p>\n<p>Aquest<b> portal d&#8217;innovaci<\/b>\u00f3 comptar\u00e0 amb seccions especialitzades on cada Membre de la Comunitat podr\u00e0 publicar els seus <b>continguts de valor per a donar veu i compartir <\/b>les seves activitats, esdeveniments, serveis, productes, cursos i qualsevol altra informaci\u00f3 de qualitat sobre <b>innovaci\u00f3 avan\u00e7ada <\/b><b>sostenible <\/b>de m\u00e0xima actualitat.<\/p>\t\t\t\t\t\t\t\t<\/div>\n\t\t\t\t<\/div>\n\t\t\t\t<div class=\"elementor-element elementor-element-98a68a1 elementor-widget__width-inherit elementor-widget elementor-widget-text-editor\" data-id=\"98a68a1\" data-element_type=\"widget\" data-e-type=\"widget\" data-widget_type=\"text-editor.default\">\n\t\t\t\t<div class=\"elementor-widget-container\">\n\t\t\t\t\t\t\t\t\t<p>Els Objectius de Desenvolupament Sostenible ens marquen un itinerari i contribueixen a aconseguir la sostenibilitat social, econ\u00f2mica i mediambiental per a millorar la vida de les persones i del nostre planeta, augmentant la nostra reputaci\u00f3 a trav\u00e9s de les pr\u00e0ctiques sostenibles.<\/p>\t\t\t\t\t\t\t\t<\/div>\n\t\t\t\t<\/div>\n\t\t\t\t<div class=\"elementor-element elementor-element-03437b2 elementor-widget__width-inherit elementor-widget elementor-widget-text-editor\" data-id=\"03437b2\" data-element_type=\"widget\" data-e-type=\"widget\" data-widget_type=\"text-editor.default\">\n\t\t\t\t<div class=\"elementor-widget-container\">\n\t\t\t\t\t\t\t\t\t<p>Per aquest motiu i atesos els nostres principals fins fundacionals, posem aquesta eina a la disposici\u00f3 de totes les entitats i professionals interessats, que desitgin compartir la seva innovaci\u00f3 i ajudar-nos a promoure la comunicaci\u00f3, difusi\u00f3 i transfer\u00e8ncia del coneixement de projectes sostenibles en benefici dels col\u00b7lectius, de les entitats i de la societat en general.<\/p>\t\t\t\t\t\t\t\t<\/div>\n\t\t\t\t<\/div>\n\t\t\t\t\t<\/div>\n\t\t\t\t<\/div>\n\t\t<div class=\"elementor-element elementor-element-733024b animated-slow e-flex e-con-boxed elementor-invisible e-con e-parent\" data-id=\"733024b\" data-element_type=\"container\" data-e-type=\"container\" data-settings=\"{&quot;background_background&quot;:&quot;classic&quot;,&quot;animation&quot;:&quot;fadeIn&quot;}\">\n\t\t\t\t\t<div class=\"e-con-inner\">\n\t\t<div class=\"elementor-element elementor-element-e2970cd e-con-full e-flex e-con e-child\" data-id=\"e2970cd\" data-element_type=\"container\" data-e-type=\"container\" data-settings=\"{&quot;background_background&quot;:&quot;classic&quot;}\">\n\t\t\t\t<div class=\"elementor-element elementor-element-a434dcc elementor-widget elementor-widget-heading\" data-id=\"a434dcc\" data-element_type=\"widget\" data-e-type=\"widget\" data-widget_type=\"heading.default\">\n\t\t\t\t<div class=\"elementor-widget-container\">\n\t\t\t\t\t<h2 class=\"elementor-heading-title elementor-size-default\"> VOLEM COMPTAR AMB TU, VOLEM COMPARTIR LA TEVA INNOVACI\u00d3<\/h2>\t\t\t\t<\/div>\n\t\t\t\t<\/div>\n\t\t\t\t<div class=\"elementor-element elementor-element-5a1ea31 elementor-widget elementor-widget-text-editor\" data-id=\"5a1ea31\" data-element_type=\"widget\" data-e-type=\"widget\" data-widget_type=\"text-editor.default\">\n\t\t\t\t<div class=\"elementor-widget-container\">\n\t\t\t\t\t\t\t\t\t<p>Si est\u00e0s interessat a con\u00e8ixer les bases de participaci\u00f3 del nostre projecte \u00abINNOVALIKE\u00bb pots escriure&#8217;ns un correu a<a href=\"mailto:hola@fundacionodsaccio.org\"> hola@fundacionodsaccio.org<\/a> o b\u00e9 a trav\u00e9s del nostre formulari de contacte.<\/p>\t\t\t\t\t\t\t\t<\/div>\n\t\t\t\t<\/div>\n\t\t\t\t<div class=\"elementor-element elementor-element-4675e18 elementor-mobile-align-center elementor-align-center elementor-widget elementor-widget-button\" data-id=\"4675e18\" data-element_type=\"widget\" data-e-type=\"widget\" data-widget_type=\"button.default\">\n\t\t\t\t<div class=\"elementor-widget-container\">\n\t\t\t\t\t\t\t\t\t<div class=\"elementor-button-wrapper\">\n\t\t\t\t\t<a class=\"elementor-button elementor-button-link elementor-size-sm\" href=\"#elementor-action%3Aaction%3Dpopup%3Aopen%26settings%3DeyJpZCI6NzA0MCwidG9nZ2xlIjpmYWxzZX0%3D\">\n\t\t\t\t\t\t<span class=\"elementor-button-content-wrapper\">\n\t\t\t\t\t\t\t\t\t<span class=\"elementor-button-text\">Contacta'ns<\/span>\n\t\t\t\t\t<\/span>\n\t\t\t\t\t<\/a>\n\t\t\t\t<\/div>\n\t\t\t\t\t\t\t\t<\/div>\n\t\t\t\t<\/div>\n\t\t\t\t<\/div>\n\t\t\t\t\t<\/div>\n\t\t\t\t<\/div>\n\t\t<div class=\"elementor-element elementor-element-8a7daf9 animated-slow elementor-hidden-desktop elementor-hidden-tablet elementor-hidden-mobile e-flex e-con-boxed elementor-invisible e-con e-parent\" data-id=\"8a7daf9\" data-element_type=\"container\" data-e-type=\"container\" data-settings=\"{&quot;background_background&quot;:&quot;classic&quot;,&quot;animation&quot;:&quot;fadeIn&quot;}\">\n\t\t\t\t\t<div class=\"e-con-inner\">\n\t\t\t\t<div class=\"elementor-element elementor-element-9b6be25 elementor-arrows-position-outside elementor-widget elementor-widget-image-carousel\" data-id=\"9b6be25\" data-element_type=\"widget\" data-e-type=\"widget\" data-settings=\"{&quot;slides_to_show&quot;:&quot;5&quot;,&quot;slides_to_scroll&quot;:&quot;1&quot;,&quot;navigation&quot;:&quot;arrows&quot;,&quot;lazyload&quot;:&quot;yes&quot;,&quot;image_spacing_custom&quot;:{&quot;unit&quot;:&quot;px&quot;,&quot;size&quot;:50,&quot;sizes&quot;:[]},&quot;autoplay&quot;:&quot;yes&quot;,&quot;pause_on_hover&quot;:&quot;yes&quot;,&quot;pause_on_interaction&quot;:&quot;yes&quot;,&quot;autoplay_speed&quot;:5000,&quot;infinite&quot;:&quot;yes&quot;,&quot;speed&quot;:500,&quot;image_spacing_custom_tablet&quot;:{&quot;unit&quot;:&quot;px&quot;,&quot;size&quot;:&quot;&quot;,&quot;sizes&quot;:[]},&quot;image_spacing_custom_mobile&quot;:{&quot;unit&quot;:&quot;px&quot;,&quot;size&quot;:&quot;&quot;,&quot;sizes&quot;:[]}}\" data-widget_type=\"image-carousel.default\">\n\t\t\t\t<div class=\"elementor-widget-container\">\n\t\t\t\t\t\t\t<div class=\"elementor-image-carousel-wrapper swiper\" role=\"region\" aria-roledescription=\"carousel\" aria-label=\"Carrusel de im\u00e1genes\" dir=\"ltr\">\n\t\t\t<div class=\"elementor-image-carousel swiper-wrapper\" aria-live=\"off\">\n\t\t\t\t\t\t\t\t<div class=\"swiper-slide\" role=\"group\" aria-roledescription=\"slide\" aria-label=\"1 de 7\"><figure class=\"swiper-slide-inner\"><img class=\"swiper-slide-image swiper-lazy\" data-src=\"https:\/\/fundacionodsaccio.org\/wp-content\/uploads\/2023\/07\/logo-comet-1.svg\" alt=\"logo-comet-1\" \/><div class=\"swiper-lazy-preloader\"><\/div><\/figure><\/div><div class=\"swiper-slide\" role=\"group\" aria-roledescription=\"slide\" aria-label=\"2 de 7\"><figure class=\"swiper-slide-inner\"><img class=\"swiper-slide-image swiper-lazy\" data-src=\"https:\/\/fundacionodsaccio.org\/wp-content\/uploads\/2023\/07\/IREC-Logo-transparent-background.png\" alt=\"\" \/><div class=\"swiper-lazy-preloader\"><\/div><\/figure><\/div><div class=\"swiper-slide\" role=\"group\" aria-roledescription=\"slide\" aria-label=\"3 de 7\"><figure class=\"swiper-slide-inner\"><img class=\"swiper-slide-image swiper-lazy\" data-src=\"https:\/\/fundacionodsaccio.org\/wp-content\/uploads\/2023\/07\/bdta.svg\" alt=\"\" \/><div class=\"swiper-lazy-preloader\"><\/div><\/figure><\/div><div class=\"swiper-slide\" role=\"group\" aria-roledescription=\"slide\" aria-label=\"4 de 7\"><figure class=\"swiper-slide-inner\"><img class=\"swiper-slide-image swiper-lazy\" data-src=\"https:\/\/fundacionodsaccio.org\/wp-content\/uploads\/2023\/07\/CNR.png\" alt=\"\" \/><div class=\"swiper-lazy-preloader\"><\/div><\/figure><\/div><div class=\"swiper-slide\" role=\"group\" aria-roledescription=\"slide\" aria-label=\"5 de 7\"><figure class=\"swiper-slide-inner\"><img class=\"swiper-slide-image swiper-lazy\" data-src=\"https:\/\/fundacionodsaccio.org\/wp-content\/uploads\/2023\/07\/LOGO_V1_LOMARTOV-2048x1356-1.png\" alt=\"\" \/><div class=\"swiper-lazy-preloader\"><\/div><\/figure><\/div><div class=\"swiper-slide\" role=\"group\" aria-roledescription=\"slide\" aria-label=\"6 de 7\"><figure class=\"swiper-slide-inner\"><img class=\"swiper-slide-image swiper-lazy\" data-src=\"https:\/\/fundacionodsaccio.org\/wp-content\/uploads\/2023\/07\/IREC-Logo-restyling-HR-1.jpg\" alt=\"\" \/><div class=\"swiper-lazy-preloader\"><\/div><\/figure><\/div><div class=\"swiper-slide\" role=\"group\" aria-roledescription=\"slide\" aria-label=\"7 de 7\"><figure class=\"swiper-slide-inner\"><img class=\"swiper-slide-image swiper-lazy\" data-src=\"https:\/\/fundacionodsaccio.org\/wp-content\/uploads\/2023\/07\/EIM-logo_colour.svg\" alt=\"\" \/><div class=\"swiper-lazy-preloader\"><\/div><\/figure><\/div>\t\t\t<\/div>\n\t\t\t\t\t\t\t\t\t\t\t\t<div class=\"elementor-swiper-button elementor-swiper-button-prev\" role=\"button\" tabindex=\"0\">\n\t\t\t\t\t\t<svg aria-hidden=\"true\" class=\"e-font-icon-svg e-eicon-chevron-left\" viewBox=\"0 0 1000 1000\" xmlns=\"http:\/\/www.w3.org\/2000\/svg\"><path d=\"M646 125C629 125 613 133 604 142L308 442C296 454 292 471 292 487 292 504 296 521 308 533L604 854C617 867 629 875 646 875 663 875 679 871 692 858 704 846 713 829 713 812 713 796 708 779 692 767L438 487 692 225C700 217 708 204 708 187 708 171 704 154 692 142 675 129 663 125 646 125Z\"><\/path><\/svg>\t\t\t\t\t<\/div>\n\t\t\t\t\t<div class=\"elementor-swiper-button elementor-swiper-button-next\" role=\"button\" tabindex=\"0\">\n\t\t\t\t\t\t<svg aria-hidden=\"true\" class=\"e-font-icon-svg e-eicon-chevron-right\" viewBox=\"0 0 1000 1000\" xmlns=\"http:\/\/www.w3.org\/2000\/svg\"><path d=\"M696 533C708 521 713 504 713 487 713 471 708 454 696 446L400 146C388 133 375 125 354 125 338 125 325 129 313 142 300 154 292 171 292 187 292 204 296 221 308 233L563 492 304 771C292 783 288 800 288 817 288 833 296 850 308 863 321 871 338 875 354 875 371 875 388 867 400 854L696 533Z\"><\/path><\/svg>\t\t\t\t\t<\/div>\n\t\t\t\t\n\t\t\t\t\t\t\t\t\t<\/div>\n\t\t\t\t\t\t<\/div>\n\t\t\t\t<\/div>\n\t\t\t\t\t<\/div>\n\t\t\t\t<\/div>\n\t\t\t\t<\/div>\n\t\t","protected":false},"excerpt":{"rendered":"<p>La Comunitat de La Fundaci\u00f3 Des de la nostra fundaci\u00f3, convidem a formar part de La Comunitat d&#8217;Amics de la Fundaci\u00f3, a totes les associacions, entitats i professionals de diferents sectors enquadrats en el camp de la recerca, de la formaci\u00f3 i del m\u00f3n empresarial amb un inter\u00e8s com\u00fa: compartir el coneixement i el desenvolupament [&hellip;]<\/p>\n","protected":false},"author":1,"featured_media":0,"parent":0,"menu_order":0,"comment_status":"closed","ping_status":"closed","template":"","meta":{"_acf_changed":false,"footnotes":""},"class_list":["post-6955","page","type-page","status-publish","hentry"],"acf":[],"_links":{"self":[{"href":"https:\/\/fundacionodsaccio.org\/ca\/wp-json\/wp\/v2\/pages\/6955","targetHints":{"allow":["GET"]}}],"collection":[{"href":"https:\/\/fundacionodsaccio.org\/ca\/wp-json\/wp\/v2\/pages"}],"about":[{"href":"https:\/\/fundacionodsaccio.org\/ca\/wp-json\/wp\/v2\/types\/page"}],"author":[{"embeddable":true,"href":"https:\/\/fundacionodsaccio.org\/ca\/wp-json\/wp\/v2\/users\/1"}],"replies":[{"embeddable":true,"href":"https:\/\/fundacionodsaccio.org\/ca\/wp-json\/wp\/v2\/comments?post=6955"}],"version-history":[{"count":1,"href":"https:\/\/fundacionodsaccio.org\/ca\/wp-json\/wp\/v2\/pages\/6955\/revisions"}],"predecessor-version":[{"id":6956,"href":"https:\/\/fundacionodsaccio.org\/ca\/wp-json\/wp\/v2\/pages\/6955\/revisions\/6956"}],"wp:attachment":[{"href":"https:\/\/fundacionodsaccio.org\/ca\/wp-json\/wp\/v2\/media?parent=6955"}],"curies":[{"name":"wp","href":"https:\/\/api.w.org\/{rel}","templated":true}]}}