{"id":6957,"date":"2024-04-18T08:37:17","date_gmt":"2024-04-18T06:37:17","guid":{"rendered":"https:\/\/fundacionodsaccio.org\/acords-de-collaboracio-sobre-innovacio-avancada-en-el-mercat-europeu\/"},"modified":"2026-09-02T17:48:50","modified_gmt":"2026-09-02T15:48:50","slug":"acords-de-collaboracio-sobre-innovacio-avancada-en-el-mercat-europeu","status":"publish","type":"page","link":"https:\/\/fundacionodsaccio.org\/ca\/activitats\/acords-de-collaboracio-sobre-innovacio-avancada-en-el-mercat-europeu\/","title":{"rendered":"Acords de col\u00b7laboraci\u00f3 sobre innovaci\u00f3 avan\u00e7ada en el mercat europeu"},"content":{"rendered":"\t\t<div data-elementor-type=\"wp-page\" data-elementor-id=\"6957\" class=\"elementor elementor-6957 elementor-1801\" data-elementor-post-type=\"page\">\n\t\t\t\t<div class=\"elementor-element elementor-element-48d9533 animated-slow e-flex e-con-boxed elementor-invisible e-con e-parent\" data-id=\"48d9533\" data-element_type=\"container\" data-e-type=\"container\" data-settings=\"{&quot;background_background&quot;:&quot;gradient&quot;,&quot;animation&quot;:&quot;fadeIn&quot;}\">\n\t\t\t\t\t<div class=\"e-con-inner\">\n\t\t\t\t<div class=\"elementor-element elementor-element-09c1da2 elementor-widget elementor-widget-heading\" data-id=\"09c1da2\" data-element_type=\"widget\" data-e-type=\"widget\" data-widget_type=\"heading.default\">\n\t\t\t\t<div class=\"elementor-widget-container\">\n\t\t\t\t\t<h3 class=\"elementor-heading-title elementor-size-default\">PRIMER TRIM 2024<\/h3>\t\t\t\t<\/div>\n\t\t\t\t<\/div>\n\t\t\t\t<div class=\"elementor-element elementor-element-3b2dd95 elementor-widget elementor-widget-heading\" data-id=\"3b2dd95\" data-element_type=\"widget\" data-e-type=\"widget\" data-widget_type=\"heading.default\">\n\t\t\t\t<div class=\"elementor-widget-container\">\n\t\t\t\t\t<h1 class=\"elementor-heading-title elementor-size-default\">Acuerdos de colaboraci\u00f3n sobre innovaci\u00f3n avanzada en el mercado europeo<\/h1>\t\t\t\t<\/div>\n\t\t\t\t<\/div>\n\t\t\t\t\t<\/div>\n\t\t\t\t<\/div>\n\t\t<div class=\"elementor-element elementor-element-87cb703 animated-slow e-flex e-con-boxed elementor-invisible e-con e-parent\" data-id=\"87cb703\" data-element_type=\"container\" data-e-type=\"container\" data-settings=\"{&quot;animation&quot;:&quot;fadeIn&quot;,&quot;animation_delay&quot;:250}\">\n\t\t\t\t\t<div class=\"e-con-inner\">\n\t\t\t\t<div class=\"elementor-element elementor-element-0f91d3e elementor-widget elementor-widget-text-editor\" data-id=\"0f91d3e\" data-element_type=\"widget\" data-e-type=\"widget\" data-widget_type=\"text-editor.default\">\n\t\t\t\t<div class=\"elementor-widget-container\">\n\t\t\t\t\t\t\t\t\t<p>La Fundaci\u00f3 ODS ACCI\u00d3 ha comen\u00e7at a treballar amb entitats, universitats i centres tecnol\u00f2gics per a arribar a acords de col\u00b7laboraci\u00f3 en la presentaci\u00f3 de propostes sobre innovaci\u00f3 avan\u00e7ada en el mercat europeu.<\/p>\t\t\t\t\t\t\t\t<\/div>\n\t\t\t\t<\/div>\n\t\t\t\t<div class=\"elementor-element elementor-element-a0e0f1e elementor-widget elementor-widget-text-editor\" data-id=\"a0e0f1e\" data-element_type=\"widget\" data-e-type=\"widget\" data-widget_type=\"text-editor.default\">\n\t\t\t\t<div class=\"elementor-widget-container\">\n\t\t\t\t\t\t\t\t\t<p>En aquesta ocasi\u00f3 la fundaci\u00f3 oferir\u00e0 el seu suport per a promocionar un projecte de recerca avan\u00e7ada pioner sobre solucions i metodologies de millora en un entorn d&#8217;economia circular per a la ind\u00fastria de bateries d&#8217;alumini, contribuint a transcendir la depend\u00e8ncia d&#8217;Europa en mat\u00e8ries primeres cr\u00edtiques.<\/p><p>El paper de la fundaci\u00f3 en aquest projecte ser\u00e0 principalment el de difondre el desenvolupament, els avan\u00e7os i els resultats del projecte i, donar suport en la valoraci\u00f3 i avaluaci\u00f3 tecnoecon\u00f3mica, mediambiental, social i de seguretat del projecte.<\/p><p>Aquest projecte pret\u00e9n deixar enrere la depend\u00e8ncia de les bateries d&#8217;ions de liti, aplanant el cam\u00ed per a un emmagatzematge d&#8217;energia m\u00e9s segur, sostenible i rendible en pro de la producci\u00f3 sostenible, ecol\u00f2gica i de baix cost de tecnologies emergents d&#8217;emmagatzematge d&#8217;energia, objectiu de vital import\u00e0ncia per a permetre la transici\u00f3 energ\u00e8tica en aplicacions estacion\u00e0ries amb la finalitat de minimitzar l&#8217;impacte mediambiental.<\/p><p>L&#8217;\u00fas de l&#8217;alumini reciclat pot aportar importants beneficis d&#8217;estalvi de CO\u2082, convertint la tecnologia d&#8217;aquesta mena de bateries en una alternativa viable per a la producci\u00f3 de bateries a la UE.<\/p><p>Aquest projecte pioner sobre bateries d&#8217;alumini en economia circular contribueix estrat\u00e8gicament a m\u00faltiples Objectius de Desenvolupament Sostenible (ODS). El ODS 8 (Treball Decent i Creixement Econ\u00f2mic) es veu impulsat mitjan\u00e7ant el desenvolupament de \u00abtecnologies emergents d&#8217;emmagatzematge d&#8217;energia\u00bb que generen noves oportunitats d&#8217;ocupaci\u00f3 sostenible i \u00abcontribueixen a transcendir la depend\u00e8ncia d&#8217;Europa en mat\u00e8ries primeres cr\u00edtiques\u00bb, enfortint aix\u00ed l&#8217;autonomia econ\u00f2mica europea [1]. El ODS 9 (Ind\u00fastria, Innovaci\u00f3 i Infraestructura) s&#8217;enforteix a trav\u00e9s de la recerca en \u00absolucions i metodologies de millora en un entorn d&#8217;economia circular\u00bb que promou la innovaci\u00f3 tecnol\u00f2gica sostenible i el desenvolupament d&#8217;infraestructures resilients [2]. Finalment, el ODS 17 (Aliances per a aconseguir els Objectius) es materialitza mitjan\u00e7ant els \u00abacords de col\u00b7laboraci\u00f3 amb entitats, universitats i centres tecnol\u00f2gics\u00bb que demostren com les aliances estrat\u00e8giques s\u00f3n fonamentals per a impulsar la transici\u00f3 energ\u00e8tica i aconseguir els objectius de sostenibilitat [3].   <\/p>\t\t\t\t\t\t\t\t<\/div>\n\t\t\t\t<\/div>\n\t\t\t\t<div class=\"elementor-element elementor-element-fdb18c9 elementor-widget__width-inherit elementor-widget elementor-widget-heading\" data-id=\"fdb18c9\" data-element_type=\"widget\" data-e-type=\"widget\" id=\"referencias\" data-widget_type=\"heading.default\">\n\t\t\t\t<div class=\"elementor-widget-container\">\n\t\t\t\t\t<p class=\"elementor-heading-title elementor-size-default\">Referencies<\/p>\t\t\t\t<\/div>\n\t\t\t\t<\/div>\n\t\t\t\t<div class=\"elementor-element elementor-element-63ea0bd elementor-widget elementor-widget-text-editor\" data-id=\"63ea0bd\" data-element_type=\"widget\" data-e-type=\"widget\" data-widget_type=\"text-editor.default\">\n\t\t\t\t<div class=\"elementor-widget-container\">\n\t\t\t\t\t\t\t\t\t<ol><li><em>Nacions Unides. (s.f.). Treball decent i creixement econ\u00f2mic. Desenvolupament Sostenible.   <\/em> <a href=\"https:\/\/www.un.org\/sustainabledevelopment\/es\/economic-growth\/\" target=\"_blank\" rel=\"noopener\">https:\/\/www.un.org\/sustainabledevelopment\/es\/economic-growth\/<\/a><\/li><li><em>Nacions Unides. (s.f.). Industria, Innovaci\u00f3 i Infraestructura. Desenvolupament Sostenible.   <\/em> <a href=\"https:\/\/www.un.org\/sustainabledevelopment\/es\/infrastructure\/\" target=\"_blank\" rel=\"noopener\">https:\/\/www.un.org\/sustainabledevelopment\/es\/infrastructure\/<\/a><\/li><li><em>Nacions Unides. (s.f.). Alianza para conseguir los objetivos. Desenvolupament Sostenible.   <\/em> <a href=\"https:\/\/www.un.org\/sustainabledevelopment\/es\/globalpartnerships\/\" target=\"_blank\" rel=\"noopener\">https:\/\/www.un.org\/sustainabledevelopment\/es\/globalpartnerships\/<\/a><\/li><\/ol>\t\t\t\t\t\t\t\t<\/div>\n\t\t\t\t<\/div>\n\t\t\t\t<div class=\"elementor-element elementor-element-182925f elementor-widget-mobile__width-inherit elementor-widget__width-inherit elementor-widget elementor-widget-image\" data-id=\"182925f\" data-element_type=\"widget\" data-e-type=\"widget\" data-widget_type=\"image.default\">\n\t\t\t\t<div class=\"elementor-widget-container\">\n\t\t\t\t\t\t\t\t\t\t\t\t\t\t\t<img fetchpriority=\"high\" decoding=\"async\" width=\"1400\" height=\"515\" src=\"https:\/\/fundacionodsaccio.org\/wp-content\/uploads\/2024\/04\/actividad-acuerdos-r.webp\" class=\"attachment-full size-full wp-image-2496\" alt=\"\" srcset=\"https:\/\/fundacionodsaccio.org\/wp-content\/uploads\/2024\/04\/actividad-acuerdos-r.webp 1400w, https:\/\/fundacionodsaccio.org\/wp-content\/uploads\/2024\/04\/actividad-acuerdos-r-300x110.webp 300w, https:\/\/fundacionodsaccio.org\/wp-content\/uploads\/2024\/04\/actividad-acuerdos-r-1024x377.webp 1024w, https:\/\/fundacionodsaccio.org\/wp-content\/uploads\/2024\/04\/actividad-acuerdos-r-768x283.webp 768w\" sizes=\"(max-width: 1400px) 100vw, 1400px\" \/>\t\t\t\t\t\t\t\t\t\t\t\t\t\t\t<\/div>\n\t\t\t\t<\/div>\n\t\t\t\t<div class=\"elementor-element elementor-element-39c16d7 elementor-widget__width-inherit elementor-widget elementor-widget-heading\" data-id=\"39c16d7\" data-element_type=\"widget\" data-e-type=\"widget\" data-widget_type=\"heading.default\">\n\t\t\t\t<div class=\"elementor-widget-container\">\n\t\t\t\t\t<h3 class=\"elementor-heading-title elementor-size-default\">Aquesta activitat contribueix a la consecuci\u00f3 del seg\u00fcents ODS:<\/h3>\t\t\t\t<\/div>\n\t\t\t\t<\/div>\n\t\t\t\t\t<\/div>\n\t\t\t\t<\/div>\n\t\t<div class=\"elementor-element elementor-element-97eacae e-flex e-con-boxed e-con e-child\" data-id=\"97eacae\" data-element_type=\"container\" data-e-type=\"container\">\n\t\t\t\t\t<div class=\"e-con-inner\">\n\t\t\t\t<div class=\"elementor-element elementor-element-d670733 elementor-widget elementor-widget-image\" data-id=\"d670733\" data-element_type=\"widget\" data-e-type=\"widget\" data-widget_type=\"image.default\">\n\t\t\t\t<div class=\"elementor-widget-container\">\n\t\t\t\t\t\t\t\t\t\t\t\t\t\t\t<img decoding=\"async\" width=\"466\" height=\"466\" src=\"https:\/\/fundacionodsaccio.org\/wp-content\/uploads\/2023\/12\/S_SDG_Icons-01-08.jpg\" class=\"attachment-full size-full wp-image-387\" alt=\"\" srcset=\"https:\/\/fundacionodsaccio.org\/wp-content\/uploads\/2023\/12\/S_SDG_Icons-01-08.jpg 466w, https:\/\/fundacionodsaccio.org\/wp-content\/uploads\/2023\/12\/S_SDG_Icons-01-08-300x300.jpg 300w, https:\/\/fundacionodsaccio.org\/wp-content\/uploads\/2023\/12\/S_SDG_Icons-01-08-150x150.jpg 150w\" sizes=\"(max-width: 466px) 100vw, 466px\" \/>\t\t\t\t\t\t\t\t\t\t\t\t\t\t\t<\/div>\n\t\t\t\t<\/div>\n\t\t\t\t<div class=\"elementor-element elementor-element-b10ed7e elementor-widget elementor-widget-image\" data-id=\"b10ed7e\" data-element_type=\"widget\" data-e-type=\"widget\" data-widget_type=\"image.default\">\n\t\t\t\t<div class=\"elementor-widget-container\">\n\t\t\t\t\t\t\t\t\t\t\t\t\t\t\t<img decoding=\"async\" width=\"466\" height=\"466\" src=\"https:\/\/fundacionodsaccio.org\/wp-content\/uploads\/2023\/12\/S_SDG_Icons-01-09.jpg\" class=\"attachment-full size-full wp-image-388\" alt=\"\" srcset=\"https:\/\/fundacionodsaccio.org\/wp-content\/uploads\/2023\/12\/S_SDG_Icons-01-09.jpg 466w, https:\/\/fundacionodsaccio.org\/wp-content\/uploads\/2023\/12\/S_SDG_Icons-01-09-300x300.jpg 300w, https:\/\/fundacionodsaccio.org\/wp-content\/uploads\/2023\/12\/S_SDG_Icons-01-09-150x150.jpg 150w\" sizes=\"(max-width: 466px) 100vw, 466px\" \/>\t\t\t\t\t\t\t\t\t\t\t\t\t\t\t<\/div>\n\t\t\t\t<\/div>\n\t\t\t\t<div class=\"elementor-element elementor-element-b94be29 elementor-widget elementor-widget-image\" data-id=\"b94be29\" data-element_type=\"widget\" data-e-type=\"widget\" data-widget_type=\"image.default\">\n\t\t\t\t<div class=\"elementor-widget-container\">\n\t\t\t\t\t\t\t\t\t\t\t\t\t\t\t<img loading=\"lazy\" decoding=\"async\" width=\"466\" height=\"466\" src=\"https:\/\/fundacionodsaccio.org\/wp-content\/uploads\/2023\/12\/S_SDG_Icons-01-17.jpg\" class=\"attachment-full size-full wp-image-396\" alt=\"\" srcset=\"https:\/\/fundacionodsaccio.org\/wp-content\/uploads\/2023\/12\/S_SDG_Icons-01-17.jpg 466w, https:\/\/fundacionodsaccio.org\/wp-content\/uploads\/2023\/12\/S_SDG_Icons-01-17-300x300.jpg 300w, https:\/\/fundacionodsaccio.org\/wp-content\/uploads\/2023\/12\/S_SDG_Icons-01-17-150x150.jpg 150w\" sizes=\"(max-width: 466px) 100vw, 466px\" \/>\t\t\t\t\t\t\t\t\t\t\t\t\t\t\t<\/div>\n\t\t\t\t<\/div>\n\t\t\t\t\t<\/div>\n\t\t\t\t<\/div>\n\t\t<div class=\"elementor-element elementor-element-6488393 e-flex e-con-boxed e-con e-parent\" data-id=\"6488393\" data-element_type=\"container\" data-e-type=\"container\">\n\t\t\t\t\t<div class=\"e-con-inner\">\n\t\t\t\t<div class=\"elementor-element elementor-element-caa7c40 elementor-align-center elementor-widget elementor-widget-button\" data-id=\"caa7c40\" data-element_type=\"widget\" data-e-type=\"widget\" data-widget_type=\"button.default\">\n\t\t\t\t<div class=\"elementor-widget-container\">\n\t\t\t\t\t\t\t\t\t<div class=\"elementor-button-wrapper\">\n\t\t\t\t\t<a class=\"elementor-button elementor-button-link elementor-size-sm\" href=\"https:\/\/fundacionodsaccio.org\/ca\/activitats\/\">\n\t\t\t\t\t\t<span class=\"elementor-button-content-wrapper\">\n\t\t\t\t\t\t<span class=\"elementor-button-icon\">\n\t\t\t\t<svg aria-hidden=\"true\" class=\"e-font-icon-svg e-fas-long-arrow-alt-right\" viewBox=\"0 0 448 512\" xmlns=\"http:\/\/www.w3.org\/2000\/svg\"><path d=\"M313.941 216H12c-6.627 0-12 5.373-12 12v56c0 6.627 5.373 12 12 12h301.941v46.059c0 21.382 25.851 32.09 40.971 16.971l86.059-86.059c9.373-9.373 9.373-24.569 0-33.941l-86.059-86.059c-15.119-15.119-40.971-4.411-40.971 16.971V216z\"><\/path><\/svg>\t\t\t<\/span>\n\t\t\t\t\t\t\t\t\t<span class=\"elementor-button-text\">Tornar a <b>Activitats<\/b><\/span>\n\t\t\t\t\t<\/span>\n\t\t\t\t\t<\/a>\n\t\t\t\t<\/div>\n\t\t\t\t\t\t\t\t<\/div>\n\t\t\t\t<\/div>\n\t\t\t\t\t<\/div>\n\t\t\t\t<\/div>\n\t\t\t\t<\/div>\n\t\t","protected":false},"excerpt":{"rendered":"<p>PRIMER TRIM 2024 Acuerdos de colaboraci\u00f3n sobre innovaci\u00f3n avanzada en el mercado europeo La Fundaci\u00f3 ODS ACCI\u00d3 ha comen\u00e7at a treballar amb entitats, universitats i centres tecnol\u00f2gics per a arribar a acords de col\u00b7laboraci\u00f3 en la presentaci\u00f3 de propostes sobre innovaci\u00f3 avan\u00e7ada en el mercat europeu. En aquesta ocasi\u00f3 la fundaci\u00f3 oferir\u00e0 el seu suport [&hellip;]<\/p>\n","protected":false},"author":1,"featured_media":0,"parent":7003,"menu_order":0,"comment_status":"closed","ping_status":"closed","template":"","meta":{"_acf_changed":false,"footnotes":""},"class_list":["post-6957","page","type-page","status-publish","hentry"],"acf":[],"_links":{"self":[{"href":"https:\/\/fundacionodsaccio.org\/ca\/wp-json\/wp\/v2\/pages\/6957","targetHints":{"allow":["GET"]}}],"collection":[{"href":"https:\/\/fundacionodsaccio.org\/ca\/wp-json\/wp\/v2\/pages"}],"about":[{"href":"https:\/\/fundacionodsaccio.org\/ca\/wp-json\/wp\/v2\/types\/page"}],"author":[{"embeddable":true,"href":"https:\/\/fundacionodsaccio.org\/ca\/wp-json\/wp\/v2\/users\/1"}],"replies":[{"embeddable":true,"href":"https:\/\/fundacionodsaccio.org\/ca\/wp-json\/wp\/v2\/comments?post=6957"}],"version-history":[{"count":4,"href":"https:\/\/fundacionodsaccio.org\/ca\/wp-json\/wp\/v2\/pages\/6957\/revisions"}],"predecessor-version":[{"id":7006,"href":"https:\/\/fundacionodsaccio.org\/ca\/wp-json\/wp\/v2\/pages\/6957\/revisions\/7006"}],"up":[{"embeddable":true,"href":"https:\/\/fundacionodsaccio.org\/ca\/wp-json\/wp\/v2\/pages\/7003"}],"wp:attachment":[{"href":"https:\/\/fundacionodsaccio.org\/ca\/wp-json\/wp\/v2\/media?parent=6957"}],"curies":[{"name":"wp","href":"https:\/\/api.w.org\/{rel}","templated":true}]}}