{"id":6961,"date":"2025-11-19T12:48:41","date_gmt":"2025-11-19T11:48:41","guid":{"rendered":"https:\/\/fundacionodsaccio.org\/projecte-innovalike\/"},"modified":"2026-09-02T17:48:51","modified_gmt":"2026-09-02T15:48:51","slug":"projecte-innovalike","status":"publish","type":"page","link":"https:\/\/fundacionodsaccio.org\/ca\/activitats\/projecte-innovalike\/","title":{"rendered":"Projecte Innovalike"},"content":{"rendered":"\t\t<div data-elementor-type=\"wp-page\" data-elementor-id=\"6961\" class=\"elementor elementor-6961 elementor-6139\" data-elementor-post-type=\"page\">\n\t\t\t\t<div class=\"elementor-element elementor-element-814e31e animated-slow e-flex e-con-boxed elementor-invisible e-con e-parent\" data-id=\"814e31e\" data-element_type=\"container\" data-e-type=\"container\" data-settings=\"{&quot;background_background&quot;:&quot;gradient&quot;,&quot;animation&quot;:&quot;fadeIn&quot;}\">\n\t\t\t\t\t<div class=\"e-con-inner\">\n\t\t\t\t<div class=\"elementor-element elementor-element-0ac3433 elementor-widget elementor-widget-heading\" data-id=\"0ac3433\" data-element_type=\"widget\" data-e-type=\"widget\" data-widget_type=\"heading.default\">\n\t\t\t\t<div class=\"elementor-widget-container\">\n\t\t\t\t\t<h3 class=\"elementor-heading-title elementor-size-default\">PRIMER TRIM 2024<\/h3>\t\t\t\t<\/div>\n\t\t\t\t<\/div>\n\t\t\t\t<div class=\"elementor-element elementor-element-9f46782 elementor-widget elementor-widget-heading\" data-id=\"9f46782\" data-element_type=\"widget\" data-e-type=\"widget\" data-widget_type=\"heading.default\">\n\t\t\t\t<div class=\"elementor-widget-container\">\n\t\t\t\t\t<h1 class=\"elementor-heading-title elementor-size-default\">Projecte Innovalike<\/h1>\t\t\t\t<\/div>\n\t\t\t\t<\/div>\n\t\t\t\t\t<\/div>\n\t\t\t\t<\/div>\n\t\t<div class=\"elementor-element elementor-element-f62ad27 animated-slow e-flex e-con-boxed elementor-invisible e-con e-parent\" data-id=\"f62ad27\" data-element_type=\"container\" data-e-type=\"container\" data-settings=\"{&quot;animation&quot;:&quot;fadeIn&quot;,&quot;animation_delay&quot;:250}\">\n\t\t\t\t\t<div class=\"e-con-inner\">\n\t\t\t\t<div class=\"elementor-element elementor-element-e2b9c28 elementor-widget elementor-widget-text-editor\" data-id=\"e2b9c28\" data-element_type=\"widget\" data-e-type=\"widget\" data-widget_type=\"text-editor.default\">\n\t\t\t\t<div class=\"elementor-widget-container\">\n\t\t\t\t\t\t\t\t\t<p>La Fundaci\u00f3 ODS ACCI\u00d3 presentar\u00e0 pr\u00f2ximament la seva plataforma \u00abInnovalike\u00bb, una eina digital on els Membres de La Comunitat de la fundaci\u00f3 podran compartir i difondre el seu coneixement sobre projectes de recerca i innovaci\u00f3 avan\u00e7ada que contribueixen a la consecuci\u00f3 dels 17 Objectius Globals ODS establerts en l&#8217;Agenda 2030, aprovada per l&#8217;ONU el 25 de setembre del 2015.<\/p>\t\t\t\t\t\t\t\t<\/div>\n\t\t\t\t<\/div>\n\t\t\t\t<div class=\"elementor-element elementor-element-3ac28e5 elementor-widget elementor-widget-text-editor\" data-id=\"3ac28e5\" data-element_type=\"widget\" data-e-type=\"widget\" data-widget_type=\"text-editor.default\">\n\t\t\t\t<div class=\"elementor-widget-container\">\n\t\t\t\t\t\t\t\t\t<div class=\"elementor-element elementor-element-817c716 elementor-widget__width-initial elementor-widget elementor-widget-text-editor\" data-id=\"817c716\" data-element_type=\"widget\" data-widget_type=\"text-editor.default\"><div class=\"elementor-widget-container\"><p>En aquesta plataforma digital podrem trobar continguts de m\u00e0xim inter\u00e8s, en diferents formats, de la pr\u00f2pia fundaci\u00f3 i d&#8217;experts col\u00b7laboradors Membres de La Comunitat de la fundaci\u00f3 que s&#8217;han adherit a aquest projecte i que, a trav\u00e9s de la seva participaci\u00f3, esfor\u00e7 i bones pr\u00e0ctiques, sumen valor a aquest projecte fundacional.<\/p><\/div><\/div><div class=\"elementor-element elementor-element-017b1c2 elementor-widget__width-inherit elementor-widget elementor-widget-text-editor\" data-id=\"017b1c2\" data-element_type=\"widget\" data-widget_type=\"text-editor.default\"><div class=\"elementor-widget-container\"><p>Aquest portal d&#8217;innovaci\u00f3 comptar\u00e0 amb seccions especialitzades on cada Membre de la Comunitat podr\u00e0 publicar els seus continguts de valor per a donar veu i compartir les seves activitats, esdeveniments, serveis, productes, cursos i qualsevol altra informaci\u00f3 de qualitat sobre innovaci\u00f3 avan\u00e7ada sostenible de m\u00e0xima actualitat.<\/p><\/div><\/div><div class=\"elementor-element elementor-element-98a68a1 elementor-widget__width-inherit elementor-widget elementor-widget-text-editor\" data-id=\"98a68a1\" data-element_type=\"widget\" data-widget_type=\"text-editor.default\"><div class=\"elementor-widget-container\"><p>Els Objectius de Desenvolupament Sostenible ens marquen un itinerari i contribueixen a aconseguir la sostenibilitat social, econ\u00f2mica i mediambiental per a millorar la vida de les persones i del nostre planeta, augmentant la nostra reputaci\u00f3 a trav\u00e9s de les pr\u00e0ctiques sostenibles.<\/p><\/div><\/div><div class=\"elementor-element elementor-element-03437b2 elementor-widget__width-inherit elementor-widget elementor-widget-text-editor\" data-id=\"03437b2\" data-element_type=\"widget\" data-widget_type=\"text-editor.default\"><div class=\"elementor-widget-container\"><p>Per aquest motiu i atesos els nostres principals fins fundacionals, posem aquesta eina a la disposici\u00f3 de totes les entitats i professionals interessats, que desitgin compartir la seva innovaci\u00f3 i ajudar-nos a promoure la comunicaci\u00f3, difusi\u00f3 i transfer\u00e8ncia del coneixement de projectes sostenibles en benefici dels col\u00b7lectius, de les entitats i de la societat en general.<\/p><p>La plataforma INNOVALIKE i la Comunitat de la Fundaci\u00f3 contribueixen de manera significativa a diversos Objectius de Desenvolupament Sostenible (ODS). El ODS 4 (Educaci\u00f3 de Qualitat) es veu enfortit mitjan\u00e7ant la creaci\u00f3 d&#8217;una eina digital que permet \u00abcompartir i difondre coneixement sobre projectes de recerca i innovaci\u00f3 avan\u00e7ada\u00bb, promovent aix\u00ed \u00aboportunitats d&#8217;aprenentatge durant tota la vida per a tots\u00bb [1]. La plataforma facilita l&#8217;acc\u00e9s al coneixement especialitzat i fomenta l&#8217;educaci\u00f3 cont\u00ednua en sostenibilitat. El ODS 9 (Ind\u00fastria, Innovaci\u00f3 i Infraestructura) s&#8217;impulsa a trav\u00e9s del \u00abportal d&#8217;innovaci\u00f3\u00bb que centralitza continguts sobre \u00abinnovaci\u00f3 avan\u00e7ada sostenible\u00bb, contribuint a \u00abconstruir infraestructures resilients, promoure la industrialitzaci\u00f3 inclusiva i sostenible i fomentar la innovaci\u00f3\u00bb [2]. Finalment, el ODS 17 (Aliances per a aconseguir els Objectius) es materialitza mitjan\u00e7ant la creaci\u00f3 d&#8217;una comunitat col\u00b7laborativa que uneix \u00abassociacions, entitats i professionals de diferents sectors\u00bb per a \u00abpromoure la comunicaci\u00f3, difusi\u00f3 i transfer\u00e8ncia del coneixement de projectes sostenibles\u00bb [3].    <\/p><\/div><\/div>\t\t\t\t\t\t\t\t<\/div>\n\t\t\t\t<\/div>\n\t\t\t\t<div class=\"elementor-element elementor-element-5289087 elementor-widget__width-inherit elementor-widget elementor-widget-heading\" data-id=\"5289087\" data-element_type=\"widget\" data-e-type=\"widget\" id=\"referencias\" data-widget_type=\"heading.default\">\n\t\t\t\t<div class=\"elementor-widget-container\">\n\t\t\t\t\t<p class=\"elementor-heading-title elementor-size-default\">Referencies<\/p>\t\t\t\t<\/div>\n\t\t\t\t<\/div>\n\t\t\t\t<div class=\"elementor-element elementor-element-9666e98 elementor-widget elementor-widget-text-editor\" data-id=\"9666e98\" data-element_type=\"widget\" data-e-type=\"widget\" data-widget_type=\"text-editor.default\">\n\t\t\t\t<div class=\"elementor-widget-container\">\n\t\t\t\t\t\t\t\t\t<ol><li><em>Nacions Unides. (s.f.). Educaci\u00f3. Desenvolupament Sostenible.   <\/em> <a href=\"https:\/\/www.un.org\/sustainabledevelopment\/es\/education\/\" target=\"_blank\" rel=\"noopener\">https:\/\/www.un.org\/sustainabledevelopment\/es\/education\/<\/a><\/li><li><em>Nacions Unides. (s.f.). Industria, Innovaci\u00f3 i Infraestructura. Desenvolupament Sostenible.   <\/em> <a href=\"https:\/\/www.un.org\/sustainabledevelopment\/es\/infrastructure\/\" target=\"_blank\" rel=\"noopener\">https:\/\/www.un.org\/sustainabledevelopment\/es\/infrastructure\/<\/a><\/li><li><em>Nacions Unides. (s.f.). Alianza para conseguir los objetivos. Desenvolupament Sostenible.   <\/em> <a href=\"https:\/\/www.un.org\/sustainabledevelopment\/es\/globalpartnerships\/\" target=\"_blank\" rel=\"noopener\">https:\/\/www.un.org\/sustainabledevelopment\/es\/globalpartnerships\/<\/a><\/li><\/ol>\t\t\t\t\t\t\t\t<\/div>\n\t\t\t\t<\/div>\n\t\t\t\t<div class=\"elementor-element elementor-element-dd6cfc0 elementor-widget-mobile__width-inherit elementor-widget__width-inherit elementor-widget elementor-widget-image\" data-id=\"dd6cfc0\" data-element_type=\"widget\" data-e-type=\"widget\" data-widget_type=\"image.default\">\n\t\t\t\t<div class=\"elementor-widget-container\">\n\t\t\t\t\t\t\t\t\t\t\t\t\t\t\t<img fetchpriority=\"high\" decoding=\"async\" width=\"746\" height=\"730\" src=\"https:\/\/fundacionodsaccio.org\/wp-content\/uploads\/2024\/05\/2_icono-actividad-2-es.png\" class=\"attachment-full size-full wp-image-2926\" alt=\"\" srcset=\"https:\/\/fundacionodsaccio.org\/wp-content\/uploads\/2024\/05\/2_icono-actividad-2-es.png 746w, https:\/\/fundacionodsaccio.org\/wp-content\/uploads\/2024\/05\/2_icono-actividad-2-es-300x294.png 300w\" sizes=\"(max-width: 746px) 100vw, 746px\" \/>\t\t\t\t\t\t\t\t\t\t\t\t\t\t\t<\/div>\n\t\t\t\t<\/div>\n\t\t\t\t<div class=\"elementor-element elementor-element-3c613bb elementor-widget__width-inherit elementor-widget elementor-widget-heading\" data-id=\"3c613bb\" data-element_type=\"widget\" data-e-type=\"widget\" data-widget_type=\"heading.default\">\n\t\t\t\t<div class=\"elementor-widget-container\">\n\t\t\t\t\t<h3 class=\"elementor-heading-title elementor-size-default\">Aquesta activitat contribueix a la consecuci\u00f3 del seg\u00fcents ODS:<\/h3>\t\t\t\t<\/div>\n\t\t\t\t<\/div>\n\t\t\t\t\t<\/div>\n\t\t\t\t<\/div>\n\t\t<div class=\"elementor-element elementor-element-657722c e-flex e-con-boxed e-con e-child\" data-id=\"657722c\" data-element_type=\"container\" data-e-type=\"container\">\n\t\t\t\t\t<div class=\"e-con-inner\">\n\t\t\t\t<div class=\"elementor-element elementor-element-2199e4f elementor-widget elementor-widget-image\" data-id=\"2199e4f\" data-element_type=\"widget\" data-e-type=\"widget\" data-widget_type=\"image.default\">\n\t\t\t\t<div class=\"elementor-widget-container\">\n\t\t\t\t\t\t\t\t\t\t\t\t\t\t\t<img decoding=\"async\" width=\"466\" height=\"466\" src=\"https:\/\/fundacionodsaccio.org\/wp-content\/uploads\/2023\/12\/S_SDG_Icons-01-04.jpg\" class=\"attachment-full size-full wp-image-383\" alt=\"\" srcset=\"https:\/\/fundacionodsaccio.org\/wp-content\/uploads\/2023\/12\/S_SDG_Icons-01-04.jpg 466w, https:\/\/fundacionodsaccio.org\/wp-content\/uploads\/2023\/12\/S_SDG_Icons-01-04-300x300.jpg 300w, https:\/\/fundacionodsaccio.org\/wp-content\/uploads\/2023\/12\/S_SDG_Icons-01-04-150x150.jpg 150w\" sizes=\"(max-width: 466px) 100vw, 466px\" \/>\t\t\t\t\t\t\t\t\t\t\t\t\t\t\t<\/div>\n\t\t\t\t<\/div>\n\t\t\t\t<div class=\"elementor-element elementor-element-ffa6923 elementor-widget elementor-widget-image\" data-id=\"ffa6923\" data-element_type=\"widget\" data-e-type=\"widget\" data-widget_type=\"image.default\">\n\t\t\t\t<div class=\"elementor-widget-container\">\n\t\t\t\t\t\t\t\t\t\t\t\t\t\t\t<img decoding=\"async\" width=\"466\" height=\"466\" src=\"https:\/\/fundacionodsaccio.org\/wp-content\/uploads\/2023\/12\/S_SDG_Icons-01-09.jpg\" class=\"attachment-full size-full wp-image-388\" alt=\"\" srcset=\"https:\/\/fundacionodsaccio.org\/wp-content\/uploads\/2023\/12\/S_SDG_Icons-01-09.jpg 466w, https:\/\/fundacionodsaccio.org\/wp-content\/uploads\/2023\/12\/S_SDG_Icons-01-09-300x300.jpg 300w, https:\/\/fundacionodsaccio.org\/wp-content\/uploads\/2023\/12\/S_SDG_Icons-01-09-150x150.jpg 150w\" sizes=\"(max-width: 466px) 100vw, 466px\" \/>\t\t\t\t\t\t\t\t\t\t\t\t\t\t\t<\/div>\n\t\t\t\t<\/div>\n\t\t\t\t<div class=\"elementor-element elementor-element-b094d49 elementor-widget elementor-widget-image\" data-id=\"b094d49\" data-element_type=\"widget\" data-e-type=\"widget\" data-widget_type=\"image.default\">\n\t\t\t\t<div class=\"elementor-widget-container\">\n\t\t\t\t\t\t\t\t\t\t\t\t\t\t\t<img loading=\"lazy\" decoding=\"async\" width=\"466\" height=\"466\" src=\"https:\/\/fundacionodsaccio.org\/wp-content\/uploads\/2023\/12\/S_SDG_Icons-01-17.jpg\" class=\"attachment-full size-full wp-image-396\" alt=\"\" srcset=\"https:\/\/fundacionodsaccio.org\/wp-content\/uploads\/2023\/12\/S_SDG_Icons-01-17.jpg 466w, https:\/\/fundacionodsaccio.org\/wp-content\/uploads\/2023\/12\/S_SDG_Icons-01-17-300x300.jpg 300w, https:\/\/fundacionodsaccio.org\/wp-content\/uploads\/2023\/12\/S_SDG_Icons-01-17-150x150.jpg 150w\" sizes=\"(max-width: 466px) 100vw, 466px\" \/>\t\t\t\t\t\t\t\t\t\t\t\t\t\t\t<\/div>\n\t\t\t\t<\/div>\n\t\t\t\t\t<\/div>\n\t\t\t\t<\/div>\n\t\t<div class=\"elementor-element elementor-element-a7cee7b e-flex e-con-boxed e-con e-parent\" data-id=\"a7cee7b\" data-element_type=\"container\" data-e-type=\"container\">\n\t\t\t\t\t<div class=\"e-con-inner\">\n\t\t\t\t<div class=\"elementor-element elementor-element-a9198ea elementor-align-center elementor-widget elementor-widget-button\" data-id=\"a9198ea\" data-element_type=\"widget\" data-e-type=\"widget\" data-widget_type=\"button.default\">\n\t\t\t\t<div class=\"elementor-widget-container\">\n\t\t\t\t\t\t\t\t\t<div class=\"elementor-button-wrapper\">\n\t\t\t\t\t<a class=\"elementor-button elementor-button-link elementor-size-sm\" href=\"https:\/\/fundacionodsaccio.org\/ca\/activitats\/\">\n\t\t\t\t\t\t<span class=\"elementor-button-content-wrapper\">\n\t\t\t\t\t\t<span class=\"elementor-button-icon\">\n\t\t\t\t<svg aria-hidden=\"true\" class=\"e-font-icon-svg e-fas-long-arrow-alt-right\" viewBox=\"0 0 448 512\" xmlns=\"http:\/\/www.w3.org\/2000\/svg\"><path d=\"M313.941 216H12c-6.627 0-12 5.373-12 12v56c0 6.627 5.373 12 12 12h301.941v46.059c0 21.382 25.851 32.09 40.971 16.971l86.059-86.059c9.373-9.373 9.373-24.569 0-33.941l-86.059-86.059c-15.119-15.119-40.971-4.411-40.971 16.971V216z\"><\/path><\/svg>\t\t\t<\/span>\n\t\t\t\t\t\t\t\t\t<span class=\"elementor-button-text\">Tornar a <b>Activitats<\/b><\/span>\n\t\t\t\t\t<\/span>\n\t\t\t\t\t<\/a>\n\t\t\t\t<\/div>\n\t\t\t\t\t\t\t\t<\/div>\n\t\t\t\t<\/div>\n\t\t\t\t\t<\/div>\n\t\t\t\t<\/div>\n\t\t\t\t<\/div>\n\t\t","protected":false},"excerpt":{"rendered":"<p>PRIMER TRIM 2024 La Fundaci\u00f3 ODS ACCI\u00d3 presentar\u00e0 pr\u00f2ximament la seva plataforma \u00abInnovalike\u00bb, una eina digital on els Membres de La Comunitat de la fundaci\u00f3 podran compartir i difondre el seu coneixement sobre projectes de recerca i innovaci\u00f3 avan\u00e7ada que contribueixen a la consecuci\u00f3 dels 17 Objectius Globals ODS establerts en l&#8217;Agenda 2030, aprovada per [&hellip;]<\/p>\n","protected":false},"author":1,"featured_media":0,"parent":7003,"menu_order":0,"comment_status":"closed","ping_status":"closed","template":"","meta":{"_acf_changed":false,"footnotes":""},"class_list":["post-6961","page","type-page","status-publish","hentry"],"acf":[],"_links":{"self":[{"href":"https:\/\/fundacionodsaccio.org\/ca\/wp-json\/wp\/v2\/pages\/6961","targetHints":{"allow":["GET"]}}],"collection":[{"href":"https:\/\/fundacionodsaccio.org\/ca\/wp-json\/wp\/v2\/pages"}],"about":[{"href":"https:\/\/fundacionodsaccio.org\/ca\/wp-json\/wp\/v2\/types\/page"}],"author":[{"embeddable":true,"href":"https:\/\/fundacionodsaccio.org\/ca\/wp-json\/wp\/v2\/users\/1"}],"replies":[{"embeddable":true,"href":"https:\/\/fundacionodsaccio.org\/ca\/wp-json\/wp\/v2\/comments?post=6961"}],"version-history":[{"count":2,"href":"https:\/\/fundacionodsaccio.org\/ca\/wp-json\/wp\/v2\/pages\/6961\/revisions"}],"predecessor-version":[{"id":7015,"href":"https:\/\/fundacionodsaccio.org\/ca\/wp-json\/wp\/v2\/pages\/6961\/revisions\/7015"}],"up":[{"embeddable":true,"href":"https:\/\/fundacionodsaccio.org\/ca\/wp-json\/wp\/v2\/pages\/7003"}],"wp:attachment":[{"href":"https:\/\/fundacionodsaccio.org\/ca\/wp-json\/wp\/v2\/media?parent=6961"}],"curies":[{"name":"wp","href":"https:\/\/api.w.org\/{rel}","templated":true}]}}