{"id":6963,"date":"2024-06-12T12:21:16","date_gmt":"2024-06-12T10:21:16","guid":{"rendered":"https:\/\/fundacionodsaccio.org\/la-fundacio-ods-accio-ha-participat-com-socio-en-la-presentacio-duna-proposta-de-projecte-europeu-sobre-sistemes-denergies-renovables\/"},"modified":"2026-09-02T17:48:50","modified_gmt":"2026-09-02T15:48:50","slug":"la-fundacio-ods-accio-ha-participat-com-socio-en-la-presentacio-duna-proposta-de-projecte-europeu-sobre-sistemes-denergies-renovables","status":"publish","type":"page","link":"https:\/\/fundacionodsaccio.org\/ca\/activitats\/la-fundacio-ods-accio-ha-participat-com-socio-en-la-presentacio-duna-proposta-de-projecte-europeu-sobre-sistemes-denergies-renovables\/","title":{"rendered":"La Fundaci\u00f3 ODS ACCI\u00d3, ha participat com socio en la presentaci\u00f3 d&#8217;una proposta de projecte europeu sobre sistemes d&#8217;energies renovables"},"content":{"rendered":"\t\t<div data-elementor-type=\"wp-page\" data-elementor-id=\"6963\" class=\"elementor elementor-6963 elementor-3075\" data-elementor-post-type=\"page\">\n\t\t\t\t<div class=\"elementor-element elementor-element-a97a837 animated-slow e-flex e-con-boxed elementor-invisible e-con e-parent\" data-id=\"a97a837\" data-element_type=\"container\" data-e-type=\"container\" data-settings=\"{&quot;background_background&quot;:&quot;gradient&quot;,&quot;animation&quot;:&quot;fadeIn&quot;}\">\n\t\t\t\t\t<div class=\"e-con-inner\">\n\t\t\t\t<div class=\"elementor-element elementor-element-5435ed3 elementor-widget elementor-widget-heading\" data-id=\"5435ed3\" data-element_type=\"widget\" data-e-type=\"widget\" data-widget_type=\"heading.default\">\n\t\t\t\t<div class=\"elementor-widget-container\">\n\t\t\t\t\t<h3 class=\"elementor-heading-title elementor-size-default\">SEGON TRIM 2024<\/h3>\t\t\t\t<\/div>\n\t\t\t\t<\/div>\n\t\t\t\t<div class=\"elementor-element elementor-element-751d4f1 elementor-widget elementor-widget-heading\" data-id=\"751d4f1\" data-element_type=\"widget\" data-e-type=\"widget\" data-widget_type=\"heading.default\">\n\t\t\t\t<div class=\"elementor-widget-container\">\n\t\t\t\t\t<h1 class=\"elementor-heading-title elementor-size-default\">La Fundaci\u00f3 ODS ACCI\u00d3, ha participat com socio en la presentaci\u00f3 d'una proposta de projecte europeu sobre sistemes d'energies renovables<\/h1>\t\t\t\t<\/div>\n\t\t\t\t<\/div>\n\t\t\t\t\t<\/div>\n\t\t\t\t<\/div>\n\t\t<div class=\"elementor-element elementor-element-555318f animated-slow e-flex e-con-boxed elementor-invisible e-con e-parent\" data-id=\"555318f\" data-element_type=\"container\" data-e-type=\"container\" data-settings=\"{&quot;animation&quot;:&quot;fadeIn&quot;,&quot;animation_delay&quot;:250}\">\n\t\t\t\t\t<div class=\"e-con-inner\">\n\t\t\t\t<div class=\"elementor-element elementor-element-ee52d1c elementor-widget elementor-widget-text-editor\" data-id=\"ee52d1c\" data-element_type=\"widget\" data-e-type=\"widget\" data-widget_type=\"text-editor.default\">\n\t\t\t\t<div class=\"elementor-widget-container\">\n\t\t\t\t\t\t\t\t\t<p>La Fundaci\u00f3 ODS ACCI\u00d3, en compliment dels seus fins fundacionals, ha participat com soci en la presentaci\u00f3 d&#8217;una proposta de projecte de recerca i innovaci\u00f3 a la Comissi\u00f3 Europea, sobre sistemes d&#8217;energies netes renovables descentralitzades, en col\u00b7laboraci\u00f3 amb universitats i entitats europees expertes en els camps d&#8217;especialitzaci\u00f3 del projecte.<\/p>\t\t\t\t\t\t\t\t<\/div>\n\t\t\t\t<\/div>\n\t\t\t\t<div class=\"elementor-element elementor-element-20f5233 elementor-widget elementor-widget-text-editor\" data-id=\"20f5233\" data-element_type=\"widget\" data-e-type=\"widget\" data-widget_type=\"text-editor.default\">\n\t\t\t\t<div class=\"elementor-widget-container\">\n\t\t\t\t\t\t\t\t\t<p>El paper de la Fundaci\u00f3 ser\u00e0 el de promocionar i comunicar la recerca i el desenvolupament del projecte i de les seves aplicacions tecnol\u00f2giques, centrant-se en la plena integraci\u00f3 de diverses fonts d&#8217;energia, com la t\u00e8rmica i l&#8217;el\u00e8ctrica en edificis intel\u00b7ligents i xarxes, amb l&#8217;objectiu de rendibilitzar i optimitzar les eines digitals, la grand\u00e0ria dels components i la seva operativitat, en entorns a gran escala en els contextos europeus.<\/p><p>Els avantatges i beneficis que aportaran aquests sistemes d&#8217;energies netes renovables s\u00f3n m\u00faltiples: millorar el medi ambient en reduir l&#8217;emissi\u00f3 gasos d&#8217;efecte d&#8217;hivernacle, generar un estalvi econ\u00f2mic important en requerir menys manteniment i permetre una vida \u00fatil m\u00e9s llarga i una menor depend\u00e8ncia de sistemes energ\u00e8tics contaminants basats en combustibles f\u00f2ssils.<\/p><p>Aquest ambici\u00f3s projecte d&#8217;\u00e0mbit europeu t\u00e9 com a repte principal, oferir solucions energ\u00e8tiques que permetin complir amb objectius de descarbonitzaci\u00f3, fins que promou i impulsa la Fundaci\u00f3 a trav\u00e9s d&#8217;aquestes iniciatives en les quals participa activament, en aquesta ocasi\u00f3, en la cerca de noves tecnologies innovadores renovables i eficients per a la comunitat cient\u00edfica i la ind\u00fastria, que permetran avan\u00e7ar cap a un planeta m\u00e9s sostenible.<\/p><p>Aquest projecte europeu sobre sistemes d&#8217;energies renovables descentralitzades contribueix de manera estrat\u00e8gica a m\u00faltiples Objectius de Desenvolupament Sostenible (ODS). El ODS 7 (Energia Assequible i No Contaminant) es veu directament impulsat pel desenvolupament de \u00absistemes d&#8217;energies netes renovables descentralitzades\u00bb que busquen \u00abgarantir l&#8217;acc\u00e9s a una energia assequible, segura, sostenible i moderna\u00bb [1]. La integraci\u00f3 de diverses fonts d&#8217;energia t\u00e8rmica i el\u00e8ctrica en edificis intel\u00b7ligents respon a la necessitat urgent de \u00abinvertir en fonts d&#8217;energia neta\u00bb per a combatre el canvi clim\u00e0tic. El ODS 9 (Ind\u00fastria, Innovaci\u00f3 i Infraestructura) s&#8217;enforteix mitjan\u00e7ant l&#8217;optimitzaci\u00f3 de \u00abeines digitals\u00bb i components avan\u00e7ats que promouen la innovaci\u00f3 tecnol\u00f2gica sostenible [2]. Finalment, el ODS 17 (Aliances per a aconseguir els Objectius) es materialitza a trav\u00e9s de la col\u00b7laboraci\u00f3 estrat\u00e8gica entre \u00abuniversitats i entitats europees expertes\u00bb, demostrant com les aliances internacionals s\u00f3n fonamentals per a aconseguir els objectius de descarbonitzaci\u00f3 [3].    <\/p>\t\t\t\t\t\t\t\t<\/div>\n\t\t\t\t<\/div>\n\t\t\t\t<div class=\"elementor-element elementor-element-ade760f elementor-widget__width-inherit elementor-widget elementor-widget-heading\" data-id=\"ade760f\" data-element_type=\"widget\" data-e-type=\"widget\" id=\"referencias\" data-widget_type=\"heading.default\">\n\t\t\t\t<div class=\"elementor-widget-container\">\n\t\t\t\t\t<p class=\"elementor-heading-title elementor-size-default\">Referencies<\/p>\t\t\t\t<\/div>\n\t\t\t\t<\/div>\n\t\t\t\t<div class=\"elementor-element elementor-element-1b3a73c elementor-widget elementor-widget-text-editor\" data-id=\"1b3a73c\" data-element_type=\"widget\" data-e-type=\"widget\" data-widget_type=\"text-editor.default\">\n\t\t\t\t<div class=\"elementor-widget-container\">\n\t\t\t\t\t\t\t\t\t<ol><li><em>Nacions Unides. (s.f.). Energ\u00eda. Desenvolupament Sostenible.   <\/em> <a href=\"https:\/\/www.un.org\/sustainabledevelopment\/es\/energy\/\" target=\"_blank\" rel=\"noopener\">https:\/\/www.un.org\/sustainabledevelopment\/es\/energy\/<\/a><\/li><li><em>Nacions Unides. (s.f.). Industria, Innovaci\u00f3 i Infraestructura. Desenvolupament Sostenible.   <\/em> <a href=\"https:\/\/www.un.org\/sustainabledevelopment\/es\/infrastructure\/\" target=\"_blank\" rel=\"noopener\">https:\/\/www.un.org\/sustainabledevelopment\/es\/infrastructure\/<\/a><\/li><li><em>Nacions Unides. (s.f.). Alianza para conseguir los objetivos. Desenvolupament Sostenible.   <\/em> <a href=\"https:\/\/www.un.org\/sustainabledevelopment\/es\/globalpartnerships\/\" target=\"_blank\" rel=\"noopener\">https:\/\/www.un.org\/sustainabledevelopment\/es\/globalpartnerships\/<\/a><\/li><\/ol>\t\t\t\t\t\t\t\t<\/div>\n\t\t\t\t<\/div>\n\t\t\t\t<div class=\"elementor-element elementor-element-93fab19 elementor-widget elementor-widget-image\" data-id=\"93fab19\" data-element_type=\"widget\" data-e-type=\"widget\" data-widget_type=\"image.default\">\n\t\t\t\t<div class=\"elementor-widget-container\">\n\t\t\t\t\t\t\t\t\t\t\t\t\t\t\t<img fetchpriority=\"high\" decoding=\"async\" width=\"1200\" height=\"800\" src=\"https:\/\/fundacionodsaccio.org\/wp-content\/uploads\/2024\/06\/modern-architectural-city-skyline-1.webp\" class=\"attachment-full size-full wp-image-6965\" alt=\"\" srcset=\"https:\/\/fundacionodsaccio.org\/wp-content\/uploads\/2024\/06\/modern-architectural-city-skyline-1.webp 1200w, https:\/\/fundacionodsaccio.org\/wp-content\/uploads\/2024\/06\/modern-architectural-city-skyline-1-300x200.webp 300w, https:\/\/fundacionodsaccio.org\/wp-content\/uploads\/2024\/06\/modern-architectural-city-skyline-1-1024x683.webp 1024w, https:\/\/fundacionodsaccio.org\/wp-content\/uploads\/2024\/06\/modern-architectural-city-skyline-1-768x512.webp 768w\" sizes=\"(max-width: 1200px) 100vw, 1200px\" \/>\t\t\t\t\t\t\t\t\t\t\t\t\t\t\t<\/div>\n\t\t\t\t<\/div>\n\t\t\t\t<div class=\"elementor-element elementor-element-e0347b9 elementor-widget__width-inherit elementor-widget elementor-widget-heading\" data-id=\"e0347b9\" data-element_type=\"widget\" data-e-type=\"widget\" data-widget_type=\"heading.default\">\n\t\t\t\t<div class=\"elementor-widget-container\">\n\t\t\t\t\t<h3 class=\"elementor-heading-title elementor-size-default\">Aquesta activitat contribueix a la consecuci\u00f3 del seg\u00fcents ODS:<\/h3>\t\t\t\t<\/div>\n\t\t\t\t<\/div>\n\t\t\t\t\t<\/div>\n\t\t\t\t<\/div>\n\t\t<div class=\"elementor-element elementor-element-a3405a4 e-flex e-con-boxed e-con e-child\" data-id=\"a3405a4\" data-element_type=\"container\" data-e-type=\"container\">\n\t\t\t\t\t<div class=\"e-con-inner\">\n\t\t\t\t<div class=\"elementor-element elementor-element-ec88c05 elementor-widget elementor-widget-image\" data-id=\"ec88c05\" data-element_type=\"widget\" data-e-type=\"widget\" data-widget_type=\"image.default\">\n\t\t\t\t<div class=\"elementor-widget-container\">\n\t\t\t\t\t\t\t\t\t\t\t\t\t\t\t<img decoding=\"async\" width=\"466\" height=\"466\" src=\"https:\/\/fundacionodsaccio.org\/wp-content\/uploads\/2023\/12\/S_SDG_Icons-01-07.jpg\" class=\"attachment-full size-full wp-image-386\" alt=\"\" srcset=\"https:\/\/fundacionodsaccio.org\/wp-content\/uploads\/2023\/12\/S_SDG_Icons-01-07.jpg 466w, https:\/\/fundacionodsaccio.org\/wp-content\/uploads\/2023\/12\/S_SDG_Icons-01-07-300x300.jpg 300w, https:\/\/fundacionodsaccio.org\/wp-content\/uploads\/2023\/12\/S_SDG_Icons-01-07-150x150.jpg 150w\" sizes=\"(max-width: 466px) 100vw, 466px\" \/>\t\t\t\t\t\t\t\t\t\t\t\t\t\t\t<\/div>\n\t\t\t\t<\/div>\n\t\t\t\t<div class=\"elementor-element elementor-element-4c170e0 elementor-widget elementor-widget-image\" data-id=\"4c170e0\" data-element_type=\"widget\" data-e-type=\"widget\" data-widget_type=\"image.default\">\n\t\t\t\t<div class=\"elementor-widget-container\">\n\t\t\t\t\t\t\t\t\t\t\t\t\t\t\t<img decoding=\"async\" width=\"466\" height=\"466\" src=\"https:\/\/fundacionodsaccio.org\/wp-content\/uploads\/2023\/12\/S_SDG_Icons-01-09.jpg\" class=\"attachment-full size-full wp-image-388\" alt=\"\" srcset=\"https:\/\/fundacionodsaccio.org\/wp-content\/uploads\/2023\/12\/S_SDG_Icons-01-09.jpg 466w, https:\/\/fundacionodsaccio.org\/wp-content\/uploads\/2023\/12\/S_SDG_Icons-01-09-300x300.jpg 300w, https:\/\/fundacionodsaccio.org\/wp-content\/uploads\/2023\/12\/S_SDG_Icons-01-09-150x150.jpg 150w\" sizes=\"(max-width: 466px) 100vw, 466px\" \/>\t\t\t\t\t\t\t\t\t\t\t\t\t\t\t<\/div>\n\t\t\t\t<\/div>\n\t\t\t\t<div class=\"elementor-element elementor-element-df209ff elementor-widget elementor-widget-image\" data-id=\"df209ff\" data-element_type=\"widget\" data-e-type=\"widget\" data-widget_type=\"image.default\">\n\t\t\t\t<div class=\"elementor-widget-container\">\n\t\t\t\t\t\t\t\t\t\t\t\t\t\t\t<img loading=\"lazy\" decoding=\"async\" width=\"466\" height=\"466\" src=\"https:\/\/fundacionodsaccio.org\/wp-content\/uploads\/2023\/12\/S_SDG_Icons-01-17.jpg\" class=\"attachment-full size-full wp-image-396\" alt=\"\" srcset=\"https:\/\/fundacionodsaccio.org\/wp-content\/uploads\/2023\/12\/S_SDG_Icons-01-17.jpg 466w, https:\/\/fundacionodsaccio.org\/wp-content\/uploads\/2023\/12\/S_SDG_Icons-01-17-300x300.jpg 300w, https:\/\/fundacionodsaccio.org\/wp-content\/uploads\/2023\/12\/S_SDG_Icons-01-17-150x150.jpg 150w\" sizes=\"(max-width: 466px) 100vw, 466px\" \/>\t\t\t\t\t\t\t\t\t\t\t\t\t\t\t<\/div>\n\t\t\t\t<\/div>\n\t\t\t\t\t<\/div>\n\t\t\t\t<\/div>\n\t\t<div class=\"elementor-element elementor-element-729d6c8 e-flex e-con-boxed e-con e-parent\" data-id=\"729d6c8\" data-element_type=\"container\" data-e-type=\"container\">\n\t\t\t\t\t<div class=\"e-con-inner\">\n\t\t\t\t<div class=\"elementor-element elementor-element-4f3339a elementor-align-center elementor-widget elementor-widget-button\" data-id=\"4f3339a\" data-element_type=\"widget\" data-e-type=\"widget\" data-widget_type=\"button.default\">\n\t\t\t\t<div class=\"elementor-widget-container\">\n\t\t\t\t\t\t\t\t\t<div class=\"elementor-button-wrapper\">\n\t\t\t\t\t<a class=\"elementor-button elementor-button-link elementor-size-sm\" href=\"https:\/\/fundacionodsaccio.org\/ca\/activitats\/\">\n\t\t\t\t\t\t<span class=\"elementor-button-content-wrapper\">\n\t\t\t\t\t\t<span class=\"elementor-button-icon\">\n\t\t\t\t<svg aria-hidden=\"true\" class=\"e-font-icon-svg e-fas-long-arrow-alt-right\" viewBox=\"0 0 448 512\" xmlns=\"http:\/\/www.w3.org\/2000\/svg\"><path d=\"M313.941 216H12c-6.627 0-12 5.373-12 12v56c0 6.627 5.373 12 12 12h301.941v46.059c0 21.382 25.851 32.09 40.971 16.971l86.059-86.059c9.373-9.373 9.373-24.569 0-33.941l-86.059-86.059c-15.119-15.119-40.971-4.411-40.971 16.971V216z\"><\/path><\/svg>\t\t\t<\/span>\n\t\t\t\t\t\t\t\t\t<span class=\"elementor-button-text\">Tornar a <b>Activitats<\/b><\/span>\n\t\t\t\t\t<\/span>\n\t\t\t\t\t<\/a>\n\t\t\t\t<\/div>\n\t\t\t\t\t\t\t\t<\/div>\n\t\t\t\t<\/div>\n\t\t\t\t\t<\/div>\n\t\t\t\t<\/div>\n\t\t\t\t<\/div>\n\t\t","protected":false},"excerpt":{"rendered":"<p>SEGON TRIM 2024 La Fundaci\u00f3 ODS ACCI\u00d3, ha participat com socio en la presentaci\u00f3 d&#8217;una proposta de projecte europeu sobre sistemes d&#8217;energies renovables La Fundaci\u00f3 ODS ACCI\u00d3, en compliment dels seus fins fundacionals, ha participat com soci en la presentaci\u00f3 d&#8217;una proposta de projecte de recerca i innovaci\u00f3 a la Comissi\u00f3 Europea, sobre sistemes d&#8217;energies [&hellip;]<\/p>\n","protected":false},"author":1,"featured_media":0,"parent":7003,"menu_order":0,"comment_status":"closed","ping_status":"closed","template":"","meta":{"_acf_changed":false,"footnotes":""},"class_list":["post-6963","page","type-page","status-publish","hentry"],"acf":[],"_links":{"self":[{"href":"https:\/\/fundacionodsaccio.org\/ca\/wp-json\/wp\/v2\/pages\/6963","targetHints":{"allow":["GET"]}}],"collection":[{"href":"https:\/\/fundacionodsaccio.org\/ca\/wp-json\/wp\/v2\/pages"}],"about":[{"href":"https:\/\/fundacionodsaccio.org\/ca\/wp-json\/wp\/v2\/types\/page"}],"author":[{"embeddable":true,"href":"https:\/\/fundacionodsaccio.org\/ca\/wp-json\/wp\/v2\/users\/1"}],"replies":[{"embeddable":true,"href":"https:\/\/fundacionodsaccio.org\/ca\/wp-json\/wp\/v2\/comments?post=6963"}],"version-history":[{"count":2,"href":"https:\/\/fundacionodsaccio.org\/ca\/wp-json\/wp\/v2\/pages\/6963\/revisions"}],"predecessor-version":[{"id":7007,"href":"https:\/\/fundacionodsaccio.org\/ca\/wp-json\/wp\/v2\/pages\/6963\/revisions\/7007"}],"up":[{"embeddable":true,"href":"https:\/\/fundacionodsaccio.org\/ca\/wp-json\/wp\/v2\/pages\/7003"}],"wp:attachment":[{"href":"https:\/\/fundacionodsaccio.org\/ca\/wp-json\/wp\/v2\/media?parent=6963"}],"curies":[{"name":"wp","href":"https:\/\/api.w.org\/{rel}","templated":true}]}}