{"id":6967,"date":"2024-10-04T10:05:22","date_gmt":"2024-10-04T08:05:22","guid":{"rendered":"https:\/\/fundacionodsaccio.org\/noves-propostes-per-a-projectes-europeus-sobre-innovacio-tecnologica-que-contribueixen-al-compliment-dels-ods\/"},"modified":"2026-09-02T17:48:50","modified_gmt":"2026-09-02T15:48:50","slug":"noves-propostes-per-a-projectes-europeus-sobre-innovacio-tecnologica-que-contribueixen-al-compliment-dels-ods","status":"publish","type":"page","link":"https:\/\/fundacionodsaccio.org\/ca\/activitats\/noves-propostes-per-a-projectes-europeus-sobre-innovacio-tecnologica-que-contribueixen-al-compliment-dels-ods\/","title":{"rendered":"Noves propostes per a Projectes Europeus sobre innovaci\u00f3 tecnol\u00f2gica que contribueixen al compliment dels ODS"},"content":{"rendered":"\t\t<div data-elementor-type=\"wp-page\" data-elementor-id=\"6967\" class=\"elementor elementor-6967 elementor-3836\" data-elementor-post-type=\"page\">\n\t\t\t\t<div class=\"elementor-element elementor-element-48e2251 animated-slow e-flex e-con-boxed elementor-invisible e-con e-parent\" data-id=\"48e2251\" data-element_type=\"container\" data-e-type=\"container\" data-settings=\"{&quot;background_background&quot;:&quot;gradient&quot;,&quot;animation&quot;:&quot;fadeIn&quot;}\">\n\t\t\t\t\t<div class=\"e-con-inner\">\n\t\t\t\t<div class=\"elementor-element elementor-element-38102e6 elementor-widget elementor-widget-heading\" data-id=\"38102e6\" data-element_type=\"widget\" data-e-type=\"widget\" data-widget_type=\"heading.default\">\n\t\t\t\t<div class=\"elementor-widget-container\">\n\t\t\t\t\t<h3 class=\"elementor-heading-title elementor-size-default\">TERCER TRIM 2024<\/h3>\t\t\t\t<\/div>\n\t\t\t\t<\/div>\n\t\t\t\t<div class=\"elementor-element elementor-element-074f86e elementor-widget elementor-widget-heading\" data-id=\"074f86e\" data-element_type=\"widget\" data-e-type=\"widget\" data-widget_type=\"heading.default\">\n\t\t\t\t<div class=\"elementor-widget-container\">\n\t\t\t\t\t<h1 class=\"elementor-heading-title elementor-size-default\">Noves propostes per a Projectes Europeus sobre innovaci\u00f3 tecnol\u00f2gica que contribueixen al compliment dels ODS<\/h1>\t\t\t\t<\/div>\n\t\t\t\t<\/div>\n\t\t\t\t\t<\/div>\n\t\t\t\t<\/div>\n\t\t<div class=\"elementor-element elementor-element-27638e3 animated-slow e-flex e-con-boxed elementor-invisible e-con e-parent\" data-id=\"27638e3\" data-element_type=\"container\" data-e-type=\"container\" data-settings=\"{&quot;animation&quot;:&quot;fadeIn&quot;,&quot;animation_delay&quot;:250}\">\n\t\t\t\t\t<div class=\"e-con-inner\">\n\t\t\t\t<div class=\"elementor-element elementor-element-b94cfb4 elementor-widget elementor-widget-text-editor\" data-id=\"b94cfb4\" data-element_type=\"widget\" data-e-type=\"widget\" data-widget_type=\"text-editor.default\">\n\t\t\t\t<div class=\"elementor-widget-container\">\n\t\t\t\t\t\t\t\t\t<p>La Fundaci\u00f3 ODS ACCI\u00d3 ha participat com a soci en la presentaci\u00f3 de dos projectes d&#8217;\u00e0mbit europeu, en col\u00b7laboraci\u00f3 amb universitats, centres tecnol\u00f2gics i entitats expertes en tecnologies innovadores, que contribueixen a la protecci\u00f3 i conservaci\u00f3 del medi ambient i dels recursos naturals.<\/p>\t\t\t\t\t\t\t\t<\/div>\n\t\t\t\t<\/div>\n\t\t\t\t<div class=\"elementor-element elementor-element-6d79d9e elementor-widget elementor-widget-text-editor\" data-id=\"6d79d9e\" data-element_type=\"widget\" data-e-type=\"widget\" data-widget_type=\"text-editor.default\">\n\t\t\t\t<div class=\"elementor-widget-container\">\n\t\t\t\t\t\t\t\t\t<p>El primer projecte desenvolupar\u00e0 una tecnologia innovadora sostenible que permetr\u00e0 eliminar micropl\u00e0stics d&#8217;aig\u00fces residuals i valorar el seu potencial com a font d&#8217;energia renovable. La prioritat d&#8217;aquest projecte \u00e9s proporcionar una soluci\u00f3 que possibilitar\u00e0 reduir la petjada de contaminaci\u00f3 que sofreixen els nostres ecosistemes marins amb la pres\u00e8ncia de micropl\u00e0stics, en augment, i l&#8217;efecte d&#8217;elevada magnitud que est\u00e0 causant en les persones, animals i el medi ambient. <\/p><p>Amb la finalitat de millorar l&#8217;efici\u00e8ncia dels serveis portuaris de la UE, el segon projecte proporcionar\u00e0 eines avan\u00e7ades TIC en un ecosistema intel\u00b7ligent per als sistemes europeus de transport de mercaderies i passatgers de pr\u00f2xima generaci\u00f3 a Europa. El prop\u00f2sit primordial d&#8217;aquest desafiament, \u00e9s elaborar un sistema avan\u00e7at de mobilitat automatitzat per al transport net i eficient, que optimitzi la gesti\u00f3 portu\u00e0ria cap a la reducci\u00f3 de consum d&#8217;energia i l&#8217;impuls d&#8217;energies renovables. <\/p><p>La missi\u00f3 principal de la Fundaci\u00f3 \u00e9s contribuir a la consecuci\u00f3 de l&#8217;Agenda 2030 per al Desenvolupament Sostenible de les Nacions Unides i, t\u00e9 el ferm comprom\u00eds d&#8217;aportar solucions innovadores que ajudin a complir els Objectius de Desenvolupament Sostenible (ODS), com en aquesta ocasi\u00f3, a trav\u00e9s de la promoci\u00f3 d&#8217;aquests dos projectes de recerca i innovaci\u00f3 tecnol\u00f2gica, destinats a impulsar el progr\u00e9s eficient i sostenible a nivell europeu.<\/p><p>Aquests dos projectes d&#8217;innovaci\u00f3 tecnol\u00f2gica mediambiental aborden de manera integral diversos Objectius de Desenvolupament Sostenible (ODS) clau. El ODS 6 (Aigua Neta i Sanejament) es veu directament beneficiat per la tecnologia innovadora que \u00abeliminar\u00e0 micropl\u00e0stics d&#8217;aig\u00fces residuals\u00bb, la qual cosa contribuir\u00e0 a garantir \u00abla disponibilitat i la gesti\u00f3 sostenible de l&#8217;aigua i el sanejament per a tots\u00bb [1]. El ODS 13 (Acci\u00f3 pel Clima) s&#8217;impulsa mitjan\u00e7ant tots dos projectes: la valoritzaci\u00f3 de micropl\u00e0stics com a font d&#8217;energia renovable i el desenvolupament de sistemes de transport net i eficient que \u00aboptimitzen la gesti\u00f3 portu\u00e0ria cap a la reducci\u00f3 de consum d&#8217;energia\u00bb [2]. Finalment, el ODS 14 (Vida Submarina) s&#8217;enforteix significativament en reduir \u00ab la petjada de contaminaci\u00f3 que generen els nostres ecosistemes marins per la pres\u00e8ncia de micropl\u00e0stics\u00bb, protegint aix\u00ed la biodiversitat marina i els recursos oce\u00e0nics [3].   <\/p>\t\t\t\t\t\t\t\t<\/div>\n\t\t\t\t<\/div>\n\t\t\t\t<div class=\"elementor-element elementor-element-769db3f elementor-widget__width-inherit elementor-widget elementor-widget-heading\" data-id=\"769db3f\" data-element_type=\"widget\" data-e-type=\"widget\" id=\"referencias\" data-widget_type=\"heading.default\">\n\t\t\t\t<div class=\"elementor-widget-container\">\n\t\t\t\t\t<p class=\"elementor-heading-title elementor-size-default\">Referencies<\/p>\t\t\t\t<\/div>\n\t\t\t\t<\/div>\n\t\t\t\t<div class=\"elementor-element elementor-element-96d50f6 elementor-widget elementor-widget-text-editor\" data-id=\"96d50f6\" data-element_type=\"widget\" data-e-type=\"widget\" data-widget_type=\"text-editor.default\">\n\t\t\t\t<div class=\"elementor-widget-container\">\n\t\t\t\t\t\t\t\t\t<ol><li><em>Nacions Unides. (s.f.). Aigua Neta i Sanejament. Desenvolupament Sostenible.   <\/em> <a href=\"https:\/\/www.un.org\/sustainabledevelopment\/es\/water-and-sanitation\/\" target=\"_blank\" rel=\"noopener\">https:\/\/www.un.org\/sustainabledevelopment\/es\/water-and-sanitation\/<\/a><\/li><li><em>Nacions Unides. (s.f.). Acci\u00f3 pel Clima. Desenvolupament Sostenible.   <\/em> <a href=\"https:\/\/www.un.org\/sustainabledevelopment\/es\/climate-change\/\" target=\"_blank\" rel=\"noopener\">https:\/\/www.un.org\/sustainabledevelopment\/es\/climate-change\/<\/a><\/li><li><em>Nacions Unides. (s.f.). Vida Submarina. Desenvolupament Sostenible.   <\/em> <a href=\"https:\/\/www.un.org\/sustainabledevelopment\/es\/oceans\/\" target=\"_blank\" rel=\"noopener\">https:\/\/www.un.org\/sustainabledevelopment\/es\/oceans\/<\/a><\/li><\/ol>\t\t\t\t\t\t\t\t<\/div>\n\t\t\t\t<\/div>\n\t\t\t\t<div class=\"elementor-element elementor-element-ca1be83 elementor-widget-mobile__width-inherit elementor-widget__width-inherit elementor-widget elementor-widget-image\" data-id=\"ca1be83\" data-element_type=\"widget\" data-e-type=\"widget\" data-widget_type=\"image.default\">\n\t\t\t\t<div class=\"elementor-widget-container\">\n\t\t\t\t\t\t\t\t\t\t\t\t\t\t\t<img fetchpriority=\"high\" decoding=\"async\" width=\"1200\" height=\"473\" src=\"https:\/\/fundacionodsaccio.org\/wp-content\/uploads\/2024\/10\/noticia4-imagen.webp\" class=\"attachment-full size-full wp-image-3851\" alt=\"\" srcset=\"https:\/\/fundacionodsaccio.org\/wp-content\/uploads\/2024\/10\/noticia4-imagen.webp 1200w, https:\/\/fundacionodsaccio.org\/wp-content\/uploads\/2024\/10\/noticia4-imagen-300x118.webp 300w, https:\/\/fundacionodsaccio.org\/wp-content\/uploads\/2024\/10\/noticia4-imagen-1024x404.webp 1024w, https:\/\/fundacionodsaccio.org\/wp-content\/uploads\/2024\/10\/noticia4-imagen-768x303.webp 768w\" sizes=\"(max-width: 1200px) 100vw, 1200px\" \/>\t\t\t\t\t\t\t\t\t\t\t\t\t\t\t<\/div>\n\t\t\t\t<\/div>\n\t\t\t\t<div class=\"elementor-element elementor-element-bfe18a3 elementor-widget__width-inherit elementor-widget elementor-widget-heading\" data-id=\"bfe18a3\" data-element_type=\"widget\" data-e-type=\"widget\" data-widget_type=\"heading.default\">\n\t\t\t\t<div class=\"elementor-widget-container\">\n\t\t\t\t\t<h3 class=\"elementor-heading-title elementor-size-default\">Aquesta activitat contribueix a la consecuci\u00f3 del seg\u00fcents ODS:<\/h3>\t\t\t\t<\/div>\n\t\t\t\t<\/div>\n\t\t\t\t\t<\/div>\n\t\t\t\t<\/div>\n\t\t<div class=\"elementor-element elementor-element-b0fd527 e-flex e-con-boxed e-con e-child\" data-id=\"b0fd527\" data-element_type=\"container\" data-e-type=\"container\">\n\t\t\t\t\t<div class=\"e-con-inner\">\n\t\t\t\t<div class=\"elementor-element elementor-element-d0fc404 elementor-widget elementor-widget-image\" data-id=\"d0fc404\" data-element_type=\"widget\" data-e-type=\"widget\" data-widget_type=\"image.default\">\n\t\t\t\t<div class=\"elementor-widget-container\">\n\t\t\t\t\t\t\t\t\t\t\t\t\t\t\t<img decoding=\"async\" width=\"466\" height=\"466\" src=\"https:\/\/fundacionodsaccio.org\/wp-content\/uploads\/2023\/12\/S_SDG_Icons-01-06.jpg\" class=\"attachment-full size-full wp-image-385\" alt=\"\" srcset=\"https:\/\/fundacionodsaccio.org\/wp-content\/uploads\/2023\/12\/S_SDG_Icons-01-06.jpg 466w, https:\/\/fundacionodsaccio.org\/wp-content\/uploads\/2023\/12\/S_SDG_Icons-01-06-300x300.jpg 300w, https:\/\/fundacionodsaccio.org\/wp-content\/uploads\/2023\/12\/S_SDG_Icons-01-06-150x150.jpg 150w\" sizes=\"(max-width: 466px) 100vw, 466px\" \/>\t\t\t\t\t\t\t\t\t\t\t\t\t\t\t<\/div>\n\t\t\t\t<\/div>\n\t\t\t\t<div class=\"elementor-element elementor-element-3ea5516 elementor-widget elementor-widget-image\" data-id=\"3ea5516\" data-element_type=\"widget\" data-e-type=\"widget\" data-widget_type=\"image.default\">\n\t\t\t\t<div class=\"elementor-widget-container\">\n\t\t\t\t\t\t\t\t\t\t\t\t\t\t\t<img decoding=\"async\" width=\"466\" height=\"466\" src=\"https:\/\/fundacionodsaccio.org\/wp-content\/uploads\/2023\/12\/S_SDG_Icons-01-13.jpg\" class=\"attachment-full size-full wp-image-392\" alt=\"\" srcset=\"https:\/\/fundacionodsaccio.org\/wp-content\/uploads\/2023\/12\/S_SDG_Icons-01-13.jpg 466w, https:\/\/fundacionodsaccio.org\/wp-content\/uploads\/2023\/12\/S_SDG_Icons-01-13-300x300.jpg 300w, https:\/\/fundacionodsaccio.org\/wp-content\/uploads\/2023\/12\/S_SDG_Icons-01-13-150x150.jpg 150w\" sizes=\"(max-width: 466px) 100vw, 466px\" \/>\t\t\t\t\t\t\t\t\t\t\t\t\t\t\t<\/div>\n\t\t\t\t<\/div>\n\t\t\t\t<div class=\"elementor-element elementor-element-cb82a8b elementor-widget elementor-widget-image\" data-id=\"cb82a8b\" data-element_type=\"widget\" data-e-type=\"widget\" data-widget_type=\"image.default\">\n\t\t\t\t<div class=\"elementor-widget-container\">\n\t\t\t\t\t\t\t\t\t\t\t\t\t\t\t<img loading=\"lazy\" decoding=\"async\" width=\"466\" height=\"466\" src=\"https:\/\/fundacionodsaccio.org\/wp-content\/uploads\/2023\/12\/S_SDG_Icons-01-14.jpg\" class=\"attachment-full size-full wp-image-393\" alt=\"\" srcset=\"https:\/\/fundacionodsaccio.org\/wp-content\/uploads\/2023\/12\/S_SDG_Icons-01-14.jpg 466w, https:\/\/fundacionodsaccio.org\/wp-content\/uploads\/2023\/12\/S_SDG_Icons-01-14-300x300.jpg 300w, https:\/\/fundacionodsaccio.org\/wp-content\/uploads\/2023\/12\/S_SDG_Icons-01-14-150x150.jpg 150w\" sizes=\"(max-width: 466px) 100vw, 466px\" \/>\t\t\t\t\t\t\t\t\t\t\t\t\t\t\t<\/div>\n\t\t\t\t<\/div>\n\t\t\t\t\t<\/div>\n\t\t\t\t<\/div>\n\t\t<div class=\"elementor-element elementor-element-ac6bc44 e-flex e-con-boxed e-con e-parent\" data-id=\"ac6bc44\" data-element_type=\"container\" data-e-type=\"container\">\n\t\t\t\t\t<div class=\"e-con-inner\">\n\t\t\t\t<div class=\"elementor-element elementor-element-fbf5942 elementor-align-center elementor-widget elementor-widget-button\" data-id=\"fbf5942\" data-element_type=\"widget\" data-e-type=\"widget\" data-widget_type=\"button.default\">\n\t\t\t\t<div class=\"elementor-widget-container\">\n\t\t\t\t\t\t\t\t\t<div class=\"elementor-button-wrapper\">\n\t\t\t\t\t<a class=\"elementor-button elementor-button-link elementor-size-sm\" href=\"https:\/\/fundacionodsaccio.org\/ca\/activitats\/\">\n\t\t\t\t\t\t<span class=\"elementor-button-content-wrapper\">\n\t\t\t\t\t\t<span class=\"elementor-button-icon\">\n\t\t\t\t<svg aria-hidden=\"true\" class=\"e-font-icon-svg e-fas-long-arrow-alt-right\" viewBox=\"0 0 448 512\" xmlns=\"http:\/\/www.w3.org\/2000\/svg\"><path d=\"M313.941 216H12c-6.627 0-12 5.373-12 12v56c0 6.627 5.373 12 12 12h301.941v46.059c0 21.382 25.851 32.09 40.971 16.971l86.059-86.059c9.373-9.373 9.373-24.569 0-33.941l-86.059-86.059c-15.119-15.119-40.971-4.411-40.971 16.971V216z\"><\/path><\/svg>\t\t\t<\/span>\n\t\t\t\t\t\t\t\t\t<span class=\"elementor-button-text\">Tornar a <b>Activitats<\/b><\/span>\n\t\t\t\t\t<\/span>\n\t\t\t\t\t<\/a>\n\t\t\t\t<\/div>\n\t\t\t\t\t\t\t\t<\/div>\n\t\t\t\t<\/div>\n\t\t\t\t\t<\/div>\n\t\t\t\t<\/div>\n\t\t\t\t<\/div>\n\t\t","protected":false},"excerpt":{"rendered":"<p>TERCER TRIM 2024 La Fundaci\u00f3 ODS ACCI\u00d3 ha participat com a soci en la presentaci\u00f3 de dos projectes d&#8217;\u00e0mbit europeu, en col\u00b7laboraci\u00f3 amb universitats, centres tecnol\u00f2gics i entitats expertes en tecnologies innovadores, que contribueixen a la protecci\u00f3 i conservaci\u00f3 del medi ambient i dels recursos naturals. El primer projecte desenvolupar\u00e0 una tecnologia innovadora sostenible que [&hellip;]<\/p>\n","protected":false},"author":1,"featured_media":0,"parent":7003,"menu_order":0,"comment_status":"closed","ping_status":"closed","template":"","meta":{"_acf_changed":false,"footnotes":""},"class_list":["post-6967","page","type-page","status-publish","hentry"],"acf":[],"_links":{"self":[{"href":"https:\/\/fundacionodsaccio.org\/ca\/wp-json\/wp\/v2\/pages\/6967","targetHints":{"allow":["GET"]}}],"collection":[{"href":"https:\/\/fundacionodsaccio.org\/ca\/wp-json\/wp\/v2\/pages"}],"about":[{"href":"https:\/\/fundacionodsaccio.org\/ca\/wp-json\/wp\/v2\/types\/page"}],"author":[{"embeddable":true,"href":"https:\/\/fundacionodsaccio.org\/ca\/wp-json\/wp\/v2\/users\/1"}],"replies":[{"embeddable":true,"href":"https:\/\/fundacionodsaccio.org\/ca\/wp-json\/wp\/v2\/comments?post=6967"}],"version-history":[{"count":2,"href":"https:\/\/fundacionodsaccio.org\/ca\/wp-json\/wp\/v2\/pages\/6967\/revisions"}],"predecessor-version":[{"id":7008,"href":"https:\/\/fundacionodsaccio.org\/ca\/wp-json\/wp\/v2\/pages\/6967\/revisions\/7008"}],"up":[{"embeddable":true,"href":"https:\/\/fundacionodsaccio.org\/ca\/wp-json\/wp\/v2\/pages\/7003"}],"wp:attachment":[{"href":"https:\/\/fundacionodsaccio.org\/ca\/wp-json\/wp\/v2\/media?parent=6967"}],"curies":[{"name":"wp","href":"https:\/\/api.w.org\/{rel}","templated":true}]}}