{"id":6969,"date":"2025-02-25T16:25:28","date_gmt":"2025-02-25T15:25:28","guid":{"rendered":"https:\/\/fundacionodsaccio.org\/presentacio-duna-nova-proposta-per-a-projectes-europeus-sobre-innovacio-tecnologica-mediambiental-bim\/"},"modified":"2026-09-02T17:48:50","modified_gmt":"2026-09-02T15:48:50","slug":"presentacio-duna-nova-proposta-per-a-projectes-europeus-sobre-innovacio-tecnologica-mediambiental-bim","status":"publish","type":"page","link":"https:\/\/fundacionodsaccio.org\/ca\/activitats\/presentacio-duna-nova-proposta-per-a-projectes-europeus-sobre-innovacio-tecnologica-mediambiental-bim\/","title":{"rendered":"Presentaci\u00f3 d&#8217;una nova proposta per a Projectes Europeus sobre innovaci\u00f3 tecnol\u00f2gica mediambiental BIM"},"content":{"rendered":"\t\t<div data-elementor-type=\"wp-page\" data-elementor-id=\"6969\" class=\"elementor elementor-6969 elementor-3917\" data-elementor-post-type=\"page\">\n\t\t\t\t<div class=\"elementor-element elementor-element-d759ece animated-slow e-flex e-con-boxed elementor-invisible e-con e-parent\" data-id=\"d759ece\" data-element_type=\"container\" data-e-type=\"container\" data-settings=\"{&quot;background_background&quot;:&quot;gradient&quot;,&quot;animation&quot;:&quot;fadeIn&quot;}\">\n\t\t\t\t\t<div class=\"e-con-inner\">\n\t\t\t\t<div class=\"elementor-element elementor-element-44bc34a elementor-widget elementor-widget-heading\" data-id=\"44bc34a\" data-element_type=\"widget\" data-e-type=\"widget\" data-widget_type=\"heading.default\">\n\t\t\t\t<div class=\"elementor-widget-container\">\n\t\t\t\t\t<h3 class=\"elementor-heading-title elementor-size-default\">QUART TRIM 2024<\/h3>\t\t\t\t<\/div>\n\t\t\t\t<\/div>\n\t\t\t\t<div class=\"elementor-element elementor-element-db3be49 elementor-widget elementor-widget-heading\" data-id=\"db3be49\" data-element_type=\"widget\" data-e-type=\"widget\" data-widget_type=\"heading.default\">\n\t\t\t\t<div class=\"elementor-widget-container\">\n\t\t\t\t\t<h1 class=\"elementor-heading-title elementor-size-default\">Presentaci\u00f3 d&#8217;una nova proposta per a Projectes Europeus sobre innovaci\u00f3 tecnol\u00f2gica mediambiental BIM<\/h1>\t\t\t\t<\/div>\n\t\t\t\t<\/div>\n\t\t\t\t\t<\/div>\n\t\t\t\t<\/div>\n\t\t<div class=\"elementor-element elementor-element-57dca35 animated-slow e-flex e-con-boxed elementor-invisible e-con e-parent\" data-id=\"57dca35\" data-element_type=\"container\" data-e-type=\"container\" data-settings=\"{&quot;animation&quot;:&quot;fadeIn&quot;,&quot;animation_delay&quot;:250}\">\n\t\t\t\t\t<div class=\"e-con-inner\">\n\t\t\t\t<div class=\"elementor-element elementor-element-22e9e8a elementor-widget elementor-widget-text-editor\" data-id=\"22e9e8a\" data-element_type=\"widget\" data-e-type=\"widget\" data-widget_type=\"text-editor.default\">\n\t\t\t\t<div class=\"elementor-widget-container\">\n\t\t\t\t\t\t\t\t\t<p>En aquesta ocasi\u00f3, la Fundaci\u00f3 ODS ACCI\u00d3 en col\u00b7laboraci\u00f3 amb universitats, centres tecnol\u00f2gics, i entitats internacionals especialitzades en tecnologies avan\u00e7ades, ha participat en l&#8217;elaboraci\u00f3 i presentaci\u00f3 d&#8217;un projecte innovador que t\u00e9 com a prioritat proporcionar solucions eficients i duradores al sector de la construcci\u00f3 basades en tecnologia BIM (Building Information Modeling).<\/p>\t\t\t\t\t\t\t\t<\/div>\n\t\t\t\t<\/div>\n\t\t\t\t<div class=\"elementor-element elementor-element-51855e4 elementor-widget elementor-widget-text-editor\" data-id=\"51855e4\" data-element_type=\"widget\" data-e-type=\"widget\" data-widget_type=\"text-editor.default\">\n\t\t\t\t<div class=\"elementor-widget-container\">\n\t\t\t\t\t\t\t\t\t<p>Gran part de l&#8217;energia que consumeix el sector de la construcci\u00f3 es perd; aquesta inefici\u00e8ncia pot disminuir si s&#8217;inverteix en tecnologies intel\u00b7ligents BIM, tant en edificacions actuals com de nova construcci\u00f3, que permetin aconseguir els objectius de millora energ\u00e8tica i reduir la petjada de carboni.<\/p><p><span style=\"color: var( --e-global-color-text );text-align: var(--text-align)\">La t\u00e8cnica digital BIM es basa en una metodologia col\u00b7laborativa que integra a tots els agents participants i centralitza tota la informaci\u00f3 sobre el cicle de vida i la gesti\u00f3 de la construcci\u00f3 de cada projecte. Aquesta metodologia avan\u00e7ada en la qual es recolza aquesta proposta revolucionar\u00e0 el sector exponencialment gr\u00e0cies a la seva facilitat d&#8217;\u00fas i acc\u00e9s als usuaris, a la gesti\u00f3 actualitzada i automatitzada de totes les dades en temps real, a l&#8217;estalvi en costos i terminis d&#8217;execuci\u00f3, i a les millores en el rendiment dels edificis mitjan\u00e7ant estrat\u00e8gies d&#8217;efici\u00e8ncia energ\u00e8tica i mediambiental. <\/span><\/p><p><span style=\"color: var( --e-global-color-text );text-align: var(--text-align)\">L&#8217;emprenedoria d&#8217;aquest projecte beneficiar\u00e0 tamb\u00e9 al sector de la construcci\u00f3 aportant una millora de la interoperabilitat mitjan\u00e7ant l&#8217;establiment d&#8217;un \u00abllenguatge digital com\u00fa\u00bb a trav\u00e9s de l&#8217;\u00fas de diccionaris i plantilles de dades, que permetr\u00e0 avan\u00e7ar en la gesti\u00f3 i la seguretat durant la vida dels edificis. Aquesta millora en els processos d&#8217;edificaci\u00f3 assegura la reducci\u00f3 d&#8217;emissions de carboni en optimitzar els materials i aplicar m\u00e8todes de producci\u00f3 sostenibles, aconseguint un menor consum d&#8217;energia i residus, objectiu clau per al cam\u00ed cap a les tecnologies netes de \u201czero emissions\u201d. <\/span><\/p><p>Aquest projecte d&#8217;innovaci\u00f3 tecnol\u00f2gica BIM contribueix significativament a m\u00faltiples Objectius de Desenvolupament Sostenible (ODS). En primer lloc, impulsa el ODS 9 (Ind\u00fastria, Innovaci\u00f3 i Infraestructura) en desenvolupar \u00abtecnologies intel\u00b7ligents BIM\u00bb que revolucionen el sector de la construcci\u00f3 mitjan\u00e7ant metodologies col\u00b7laboratives avan\u00e7ades [1]. Com assenyala l&#8217;ONU, la innovaci\u00f3 tecnol\u00f2gica \u00e9s fonamental per a \u00abconstruir infraestructures resilients, promoure la industrialitzaci\u00f3 inclusiva i sostenible i fomentar la innovaci\u00f3\u00bb. En segon lloc, el projecte s&#8217;alinea amb el ODS 11 (Ciutats i Comunitats Sostenibles) en optimitzar \u00abla gesti\u00f3 i la seguretat durant la vida dels edificis\u00bb i establir un \u00abllenguatge digital com\u00fa\u00bb que millora la planificaci\u00f3 urbana sostenible [2]. Finalment, contribueix al ODS 12 (Producci\u00f3 i Consum Responsables) mitjan\u00e7ant l&#8217;\u00aboptimitzaci\u00f3 de materials i m\u00e8todes de producci\u00f3 sostenibles\u00bb que redueixen significativament el consum d&#8217;energia i residus en el sector de la construcci\u00f3 [3].    <\/p>\t\t\t\t\t\t\t\t<\/div>\n\t\t\t\t<\/div>\n\t\t\t\t<div class=\"elementor-element elementor-element-fdf6b72 elementor-widget__width-inherit elementor-widget elementor-widget-heading\" data-id=\"fdf6b72\" data-element_type=\"widget\" data-e-type=\"widget\" id=\"referencias\" data-widget_type=\"heading.default\">\n\t\t\t\t<div class=\"elementor-widget-container\">\n\t\t\t\t\t<p class=\"elementor-heading-title elementor-size-default\">Referencies<\/p>\t\t\t\t<\/div>\n\t\t\t\t<\/div>\n\t\t\t\t<div class=\"elementor-element elementor-element-3a6be8f elementor-widget elementor-widget-text-editor\" data-id=\"3a6be8f\" data-element_type=\"widget\" data-e-type=\"widget\" data-widget_type=\"text-editor.default\">\n\t\t\t\t<div class=\"elementor-widget-container\">\n\t\t\t\t\t\t\t\t\t<ol><li>Nacions Unides. (s.f.). Industria, Innovaci\u00f3 i Infraestructura. Desenvolupament Sostenible.    <a href=\"https:\/\/www.un.org\/sustainabledevelopment\/es\/infrastructure\/\" target=\"_blank\" rel=\"noopener\">https:\/\/www.un.org\/sustainabledevelopment\/es\/infrastructure\/<\/a><\/li><li><em>Nacions Unides. (s.f.). Ciutats. Desenvolupament Sostenible.   <\/em> <a href=\"https:\/\/www.un.org\/sustainabledevelopment\/es\/cities\/\" target=\"_blank\" rel=\"noopener\">https:\/\/www.un.org\/sustainabledevelopment\/es\/cities\/<\/a><\/li><li><em>Nacions Unides. (s.f.). Consum i Producci\u00f3 Sostenible. Desenvolupament Sostenible.   <\/em> <a href=\"https:\/\/www.un.org\/sustainabledevelopment\/es\/sustainable-consumption-production\/\" target=\"_blank\" rel=\"noopener\">https:\/\/www.un.org\/sustainabledevelopment\/es\/sustainable-consumption-production\/<\/a><\/li><\/ol>\t\t\t\t\t\t\t\t<\/div>\n\t\t\t\t<\/div>\n\t\t\t\t<div class=\"elementor-element elementor-element-3d0ec69 elementor-widget-mobile__width-inherit elementor-widget__width-inherit elementor-widget elementor-widget-image\" data-id=\"3d0ec69\" data-element_type=\"widget\" data-e-type=\"widget\" data-widget_type=\"image.default\">\n\t\t\t\t<div class=\"elementor-widget-container\">\n\t\t\t\t\t\t\t\t\t\t\t\t\t\t\t<img fetchpriority=\"high\" decoding=\"async\" width=\"1200\" height=\"514\" src=\"https:\/\/fundacionodsaccio.org\/wp-content\/uploads\/2025\/02\/noticia5-imagen.webp\" class=\"attachment-full size-full wp-image-3931\" alt=\"\" srcset=\"https:\/\/fundacionodsaccio.org\/wp-content\/uploads\/2025\/02\/noticia5-imagen.webp 1200w, https:\/\/fundacionodsaccio.org\/wp-content\/uploads\/2025\/02\/noticia5-imagen-300x129.webp 300w, https:\/\/fundacionodsaccio.org\/wp-content\/uploads\/2025\/02\/noticia5-imagen-1024x439.webp 1024w, https:\/\/fundacionodsaccio.org\/wp-content\/uploads\/2025\/02\/noticia5-imagen-768x329.webp 768w\" sizes=\"(max-width: 1200px) 100vw, 1200px\" \/>\t\t\t\t\t\t\t\t\t\t\t\t\t\t\t<\/div>\n\t\t\t\t<\/div>\n\t\t\t\t<div class=\"elementor-element elementor-element-d690777 elementor-widget__width-inherit elementor-widget elementor-widget-heading\" data-id=\"d690777\" data-element_type=\"widget\" data-e-type=\"widget\" data-widget_type=\"heading.default\">\n\t\t\t\t<div class=\"elementor-widget-container\">\n\t\t\t\t\t<h3 class=\"elementor-heading-title elementor-size-default\">Aquesta activitat contribueix a la consecuci\u00f3 del seg\u00fcents ODS:<\/h3>\t\t\t\t<\/div>\n\t\t\t\t<\/div>\n\t\t\t\t\t<\/div>\n\t\t\t\t<\/div>\n\t\t<div class=\"elementor-element elementor-element-a4e6116 e-flex e-con-boxed e-con e-child\" data-id=\"a4e6116\" data-element_type=\"container\" data-e-type=\"container\">\n\t\t\t\t\t<div class=\"e-con-inner\">\n\t\t\t\t<div class=\"elementor-element elementor-element-8704664 elementor-widget elementor-widget-image\" data-id=\"8704664\" data-element_type=\"widget\" data-e-type=\"widget\" data-widget_type=\"image.default\">\n\t\t\t\t<div class=\"elementor-widget-container\">\n\t\t\t\t\t\t\t\t\t\t\t\t\t\t\t<img decoding=\"async\" width=\"466\" height=\"466\" src=\"https:\/\/fundacionodsaccio.org\/wp-content\/uploads\/2023\/12\/S_SDG_Icons-01-09.jpg\" class=\"attachment-full size-full wp-image-388\" alt=\"\" srcset=\"https:\/\/fundacionodsaccio.org\/wp-content\/uploads\/2023\/12\/S_SDG_Icons-01-09.jpg 466w, https:\/\/fundacionodsaccio.org\/wp-content\/uploads\/2023\/12\/S_SDG_Icons-01-09-300x300.jpg 300w, https:\/\/fundacionodsaccio.org\/wp-content\/uploads\/2023\/12\/S_SDG_Icons-01-09-150x150.jpg 150w\" sizes=\"(max-width: 466px) 100vw, 466px\" \/>\t\t\t\t\t\t\t\t\t\t\t\t\t\t\t<\/div>\n\t\t\t\t<\/div>\n\t\t\t\t<div class=\"elementor-element elementor-element-cf81de9 elementor-widget elementor-widget-image\" data-id=\"cf81de9\" data-element_type=\"widget\" data-e-type=\"widget\" data-widget_type=\"image.default\">\n\t\t\t\t<div class=\"elementor-widget-container\">\n\t\t\t\t\t\t\t\t\t\t\t\t\t\t\t<img decoding=\"async\" width=\"466\" height=\"466\" src=\"https:\/\/fundacionodsaccio.org\/wp-content\/uploads\/2023\/12\/S_SDG_Icons-01-11.jpg\" class=\"attachment-full size-full wp-image-390\" alt=\"\" srcset=\"https:\/\/fundacionodsaccio.org\/wp-content\/uploads\/2023\/12\/S_SDG_Icons-01-11.jpg 466w, https:\/\/fundacionodsaccio.org\/wp-content\/uploads\/2023\/12\/S_SDG_Icons-01-11-300x300.jpg 300w, https:\/\/fundacionodsaccio.org\/wp-content\/uploads\/2023\/12\/S_SDG_Icons-01-11-150x150.jpg 150w\" sizes=\"(max-width: 466px) 100vw, 466px\" \/>\t\t\t\t\t\t\t\t\t\t\t\t\t\t\t<\/div>\n\t\t\t\t<\/div>\n\t\t\t\t<div class=\"elementor-element elementor-element-1d7710a elementor-widget elementor-widget-image\" data-id=\"1d7710a\" data-element_type=\"widget\" data-e-type=\"widget\" data-widget_type=\"image.default\">\n\t\t\t\t<div class=\"elementor-widget-container\">\n\t\t\t\t\t\t\t\t\t\t\t\t\t\t\t<img loading=\"lazy\" decoding=\"async\" width=\"466\" height=\"466\" src=\"https:\/\/fundacionodsaccio.org\/wp-content\/uploads\/2023\/12\/S_SDG_Icons-01-12.jpg\" class=\"attachment-full size-full wp-image-391\" alt=\"\" srcset=\"https:\/\/fundacionodsaccio.org\/wp-content\/uploads\/2023\/12\/S_SDG_Icons-01-12.jpg 466w, https:\/\/fundacionodsaccio.org\/wp-content\/uploads\/2023\/12\/S_SDG_Icons-01-12-300x300.jpg 300w, https:\/\/fundacionodsaccio.org\/wp-content\/uploads\/2023\/12\/S_SDG_Icons-01-12-150x150.jpg 150w\" sizes=\"(max-width: 466px) 100vw, 466px\" \/>\t\t\t\t\t\t\t\t\t\t\t\t\t\t\t<\/div>\n\t\t\t\t<\/div>\n\t\t\t\t\t<\/div>\n\t\t\t\t<\/div>\n\t\t<div class=\"elementor-element elementor-element-e65ff69 e-flex e-con-boxed e-con e-parent\" data-id=\"e65ff69\" data-element_type=\"container\" data-e-type=\"container\">\n\t\t\t\t\t<div class=\"e-con-inner\">\n\t\t\t\t<div class=\"elementor-element elementor-element-e36d9d6 elementor-align-center elementor-widget elementor-widget-button\" data-id=\"e36d9d6\" data-element_type=\"widget\" data-e-type=\"widget\" data-widget_type=\"button.default\">\n\t\t\t\t<div class=\"elementor-widget-container\">\n\t\t\t\t\t\t\t\t\t<div class=\"elementor-button-wrapper\">\n\t\t\t\t\t<a class=\"elementor-button elementor-button-link elementor-size-sm\" href=\"https:\/\/fundacionodsaccio.org\/ca\/activitats\/\">\n\t\t\t\t\t\t<span class=\"elementor-button-content-wrapper\">\n\t\t\t\t\t\t<span class=\"elementor-button-icon\">\n\t\t\t\t<svg aria-hidden=\"true\" class=\"e-font-icon-svg e-fas-long-arrow-alt-right\" viewBox=\"0 0 448 512\" xmlns=\"http:\/\/www.w3.org\/2000\/svg\"><path d=\"M313.941 216H12c-6.627 0-12 5.373-12 12v56c0 6.627 5.373 12 12 12h301.941v46.059c0 21.382 25.851 32.09 40.971 16.971l86.059-86.059c9.373-9.373 9.373-24.569 0-33.941l-86.059-86.059c-15.119-15.119-40.971-4.411-40.971 16.971V216z\"><\/path><\/svg>\t\t\t<\/span>\n\t\t\t\t\t\t\t\t\t<span class=\"elementor-button-text\">Tornar a <b>Activitats<\/b><\/span>\n\t\t\t\t\t<\/span>\n\t\t\t\t\t<\/a>\n\t\t\t\t<\/div>\n\t\t\t\t\t\t\t\t<\/div>\n\t\t\t\t<\/div>\n\t\t\t\t\t<\/div>\n\t\t\t\t<\/div>\n\t\t\t\t<\/div>\n\t\t","protected":false},"excerpt":{"rendered":"<p>QUART TRIM 2024 En aquesta ocasi\u00f3, la Fundaci\u00f3 ODS ACCI\u00d3 en col\u00b7laboraci\u00f3 amb universitats, centres tecnol\u00f2gics, i entitats internacionals especialitzades en tecnologies avan\u00e7ades, ha participat en l&#8217;elaboraci\u00f3 i presentaci\u00f3 d&#8217;un projecte innovador que t\u00e9 com a prioritat proporcionar solucions eficients i duradores al sector de la construcci\u00f3 basades en tecnologia BIM (Building Information Modeling). Gran [&hellip;]<\/p>\n","protected":false},"author":1,"featured_media":0,"parent":7003,"menu_order":0,"comment_status":"closed","ping_status":"closed","template":"","meta":{"_acf_changed":false,"footnotes":""},"class_list":["post-6969","page","type-page","status-publish","hentry"],"acf":[],"_links":{"self":[{"href":"https:\/\/fundacionodsaccio.org\/ca\/wp-json\/wp\/v2\/pages\/6969","targetHints":{"allow":["GET"]}}],"collection":[{"href":"https:\/\/fundacionodsaccio.org\/ca\/wp-json\/wp\/v2\/pages"}],"about":[{"href":"https:\/\/fundacionodsaccio.org\/ca\/wp-json\/wp\/v2\/types\/page"}],"author":[{"embeddable":true,"href":"https:\/\/fundacionodsaccio.org\/ca\/wp-json\/wp\/v2\/users\/1"}],"replies":[{"embeddable":true,"href":"https:\/\/fundacionodsaccio.org\/ca\/wp-json\/wp\/v2\/comments?post=6969"}],"version-history":[{"count":2,"href":"https:\/\/fundacionodsaccio.org\/ca\/wp-json\/wp\/v2\/pages\/6969\/revisions"}],"predecessor-version":[{"id":7009,"href":"https:\/\/fundacionodsaccio.org\/ca\/wp-json\/wp\/v2\/pages\/6969\/revisions\/7009"}],"up":[{"embeddable":true,"href":"https:\/\/fundacionodsaccio.org\/ca\/wp-json\/wp\/v2\/pages\/7003"}],"wp:attachment":[{"href":"https:\/\/fundacionodsaccio.org\/ca\/wp-json\/wp\/v2\/media?parent=6969"}],"curies":[{"name":"wp","href":"https:\/\/api.w.org\/{rel}","templated":true}]}}