{"id":6971,"date":"2025-03-17T11:36:39","date_gmt":"2025-03-17T10:36:39","guid":{"rendered":"https:\/\/fundacionodsaccio.org\/la-fundacio-ods-accio-participa-en-la-presentacio-duna-nova-proposta-europea-sobre-la-renovacio-integral-dedificis-basada-en-fabriques-portatils-intelligents-tecnologia-bessona-digital-avancada\/"},"modified":"2026-09-02T17:48:50","modified_gmt":"2026-09-02T15:48:50","slug":"la-fundacio-ods-accio-participa-en-la-presentacio-duna-nova-proposta-europea-sobre-la-renovacio-integral-dedificis-basada-en-fabriques-portatils-intelligents-tecnologia-bessona-digital-avancada","status":"publish","type":"page","link":"https:\/\/fundacionodsaccio.org\/ca\/activitats\/la-fundacio-ods-accio-participa-en-la-presentacio-duna-nova-proposta-europea-sobre-la-renovacio-integral-dedificis-basada-en-fabriques-portatils-intelligents-tecnologia-bessona-digital-avancada\/","title":{"rendered":"La Fundaci\u00f3 ODS ACCI\u00d3 participa en la presentaci\u00f3 d&#8217;una nova proposta europea sobre la renovaci\u00f3 integral d&#8217;edificis basada en f\u00e0briques port\u00e0tils intel\u00b7ligents, tecnologia bessona digital avan\u00e7ada, rob\u00f2tica, i gesti\u00f3 del cicle de vida impulsada per IA"},"content":{"rendered":"\t\t<div data-elementor-type=\"wp-page\" data-elementor-id=\"6971\" class=\"elementor elementor-6971 elementor-3964\" data-elementor-post-type=\"page\">\n\t\t\t\t<div class=\"elementor-element elementor-element-62d80ff animated-slow e-flex e-con-boxed elementor-invisible e-con e-parent\" data-id=\"62d80ff\" data-element_type=\"container\" data-e-type=\"container\" data-settings=\"{&quot;background_background&quot;:&quot;gradient&quot;,&quot;animation&quot;:&quot;fadeIn&quot;}\">\n\t\t\t\t\t<div class=\"e-con-inner\">\n\t\t\t\t<div class=\"elementor-element elementor-element-975cc59 elementor-widget elementor-widget-heading\" data-id=\"975cc59\" data-element_type=\"widget\" data-e-type=\"widget\" data-widget_type=\"heading.default\">\n\t\t\t\t<div class=\"elementor-widget-container\">\n\t\t\t\t\t<h3 class=\"elementor-heading-title elementor-size-default\">PRIMER TRIM 2025<\/h3>\t\t\t\t<\/div>\n\t\t\t\t<\/div>\n\t\t\t\t<div class=\"elementor-element elementor-element-a34af4a elementor-widget elementor-widget-heading\" data-id=\"a34af4a\" data-element_type=\"widget\" data-e-type=\"widget\" data-widget_type=\"heading.default\">\n\t\t\t\t<div class=\"elementor-widget-container\">\n\t\t\t\t\t<h1 class=\"elementor-heading-title elementor-size-default\">La Fundaci\u00f3 ODS ACCI\u00d3 participa en la presentaci\u00f3 d&#8217;una nova proposta europea sobre la renovaci\u00f3 integral d&#8217;edificis basada en f\u00e0briques port\u00e0tils intel\u00b7ligents, tecnologia bessona digital avan\u00e7ada, rob\u00f2tica, i gesti\u00f3 del cicle de vida impulsada per IA<\/h1>\t\t\t\t<\/div>\n\t\t\t\t<\/div>\n\t\t\t\t\t<\/div>\n\t\t\t\t<\/div>\n\t\t<div class=\"elementor-element elementor-element-3d56df7 animated-slow e-flex e-con-boxed elementor-invisible e-con e-parent\" data-id=\"3d56df7\" data-element_type=\"container\" data-e-type=\"container\" data-settings=\"{&quot;animation&quot;:&quot;fadeIn&quot;,&quot;animation_delay&quot;:250}\">\n\t\t\t\t\t<div class=\"e-con-inner\">\n\t\t\t\t<div class=\"elementor-element elementor-element-0e13942 elementor-widget elementor-widget-text-editor\" data-id=\"0e13942\" data-element_type=\"widget\" data-e-type=\"widget\" data-widget_type=\"text-editor.default\">\n\t\t\t\t<div class=\"elementor-widget-container\">\n\t\t\t\t\t\t\t\t\tAquesta proposta europea, avalada per empreses i centres d&#8217;R+D+I especialitzats en tecnologia digital avan\u00e7ada, aborda en aquesta iniciativa q\u00fcestions sobre construcci\u00f3 circular per a aportar solucions que integren f\u00e0briques port\u00e0tils intel\u00b7ligents in situ, tecnologia bessona digital avan\u00e7ada, rob\u00f2tica i gesti\u00f3 del cicle de vida impulsada per IA per a aconseguir renovacions de consum d&#8217;energia gaireb\u00e9 nul, minimitzar els costos i els residus, i garantir l&#8217;escalabilitat per a una adopci\u00f3 m\u00e9s \u00e0mplia. Aquesta gesti\u00f3 racionalitzada de l&#8217;obra i gesti\u00f3 millorada del cicle de vida integral de l&#8217;edifici garanteix col\u00b7lectivament una cobertura integral de tot el proc\u00e9s de renovaci\u00f3. \t\t\t\t\t\t\t\t<\/div>\n\t\t\t\t<\/div>\n\t\t\t\t<div class=\"elementor-element elementor-element-b8a8f11 elementor-widget elementor-widget-text-editor\" data-id=\"b8a8f11\" data-element_type=\"widget\" data-e-type=\"widget\" data-widget_type=\"text-editor.default\">\n\t\t\t\t<div class=\"elementor-widget-container\">\n\t\t\t\t\t\t\t\t\t<p>El recent reglament europeu sobre Productes de Construcci\u00f3 impulsa l&#8217;economia circular i el desenvolupament tecnol\u00f2gic d&#8217;aquesta ind\u00fastria i promou la reducci\u00f3 de residus de materials i la seva reutilitzaci\u00f3. Segons dades publicades recentment per la Comissi\u00f3 Europea \u201cl&#8217;ecosistema de la construcci\u00f3 representa gaireb\u00e9 el 5,5% del PIB de la UE i ocupa a al voltant de 25 milions de persones en m\u00e9s de 5 milions d&#8217;empreses \u2026 els edificis s\u00f3n responsables d&#8217;al voltant del 50% de l&#8217;extracci\u00f3 i el consum de recursos i de m\u00e9s del 30% del total dels residus que es produeixen cada any a la UE; a m\u00e9s, s\u00f3n responsables del 40% del consum d&#8217;energia de la UE i del 36% de les emissions de gasos d&#8217;efecte d&#8217;hivernacle relacionades amb l&#8217;energia.\u201d (Consell de la Uni\u00f3 Europea, Comunicat de premsa, 5 nov. 2024 #11:41 \u201cMaterials de construcci\u00f3: el Consell adopta legislaci\u00f3 per a productes de construcci\u00f3 nets i intel\u00b7ligents). <\/p><p>Aquesta innovaci\u00f3, impulsada i recolzada per cl\u00fasters de construcci\u00f3 circular, s&#8217;ajusta als objectius Built4People de la UE i garanteix vies de renovaci\u00f3 escalables, socialment inclusives i respectuoses amb els l\u00edmits del planeta, mesures que tamb\u00e9 formen part del Pacte Verd Europeu i del Pla d&#8217;Acci\u00f3 per a l&#8217;Economia Circular.<\/p>\t\t\t\t\t\t\t\t<\/div>\n\t\t\t\t<\/div>\n\t\t\t\t<div class=\"elementor-element elementor-element-c75de4e elementor-widget-mobile__width-inherit elementor-widget__width-inherit elementor-widget elementor-widget-image\" data-id=\"c75de4e\" data-element_type=\"widget\" data-e-type=\"widget\" data-widget_type=\"image.default\">\n\t\t\t\t<div class=\"elementor-widget-container\">\n\t\t\t\t\t\t\t\t\t\t\t\t\t\t\t<img fetchpriority=\"high\" decoding=\"async\" width=\"1920\" height=\"1076\" src=\"https:\/\/fundacionodsaccio.org\/wp-content\/uploads\/2025\/03\/AdobeStock_1005527280.webp\" class=\"attachment-full size-full wp-image-6972\" alt=\"\" srcset=\"https:\/\/fundacionodsaccio.org\/wp-content\/uploads\/2025\/03\/AdobeStock_1005527280.webp 1920w, https:\/\/fundacionodsaccio.org\/wp-content\/uploads\/2025\/03\/AdobeStock_1005527280-300x168.webp 300w, https:\/\/fundacionodsaccio.org\/wp-content\/uploads\/2025\/03\/AdobeStock_1005527280-1024x574.webp 1024w, https:\/\/fundacionodsaccio.org\/wp-content\/uploads\/2025\/03\/AdobeStock_1005527280-768x430.webp 768w, https:\/\/fundacionodsaccio.org\/wp-content\/uploads\/2025\/03\/AdobeStock_1005527280-1536x861.webp 1536w\" sizes=\"(max-width: 1920px) 100vw, 1920px\" \/>\t\t\t\t\t\t\t\t\t\t\t\t\t\t\t<\/div>\n\t\t\t\t<\/div>\n\t\t\t\t<div class=\"elementor-element elementor-element-64cd203 elementor-widget__width-inherit elementor-widget elementor-widget-heading\" data-id=\"64cd203\" data-element_type=\"widget\" data-e-type=\"widget\" data-widget_type=\"heading.default\">\n\t\t\t\t<div class=\"elementor-widget-container\">\n\t\t\t\t\t<h3 class=\"elementor-heading-title elementor-size-default\">Aquesta activitat contribueix a la consecuci\u00f3 del seg\u00fcents ODS:<\/h3>\t\t\t\t<\/div>\n\t\t\t\t<\/div>\n\t\t\t\t\t<\/div>\n\t\t\t\t<\/div>\n\t\t<div class=\"elementor-element elementor-element-c051c89 e-flex e-con-boxed e-con e-child\" data-id=\"c051c89\" data-element_type=\"container\" data-e-type=\"container\">\n\t\t\t\t\t<div class=\"e-con-inner\">\n\t\t\t\t<div class=\"elementor-element elementor-element-c36929d elementor-widget elementor-widget-image\" data-id=\"c36929d\" data-element_type=\"widget\" data-e-type=\"widget\" data-widget_type=\"image.default\">\n\t\t\t\t<div class=\"elementor-widget-container\">\n\t\t\t\t\t\t\t\t\t\t\t\t\t\t\t<img decoding=\"async\" width=\"466\" height=\"466\" src=\"https:\/\/fundacionodsaccio.org\/wp-content\/uploads\/2023\/12\/S_SDG_Icons-01-07.jpg\" class=\"attachment-full size-full wp-image-386\" alt=\"\" srcset=\"https:\/\/fundacionodsaccio.org\/wp-content\/uploads\/2023\/12\/S_SDG_Icons-01-07.jpg 466w, https:\/\/fundacionodsaccio.org\/wp-content\/uploads\/2023\/12\/S_SDG_Icons-01-07-300x300.jpg 300w, https:\/\/fundacionodsaccio.org\/wp-content\/uploads\/2023\/12\/S_SDG_Icons-01-07-150x150.jpg 150w\" sizes=\"(max-width: 466px) 100vw, 466px\" \/>\t\t\t\t\t\t\t\t\t\t\t\t\t\t\t<\/div>\n\t\t\t\t<\/div>\n\t\t\t\t<div class=\"elementor-element elementor-element-28f8647 elementor-widget elementor-widget-image\" data-id=\"28f8647\" data-element_type=\"widget\" data-e-type=\"widget\" data-widget_type=\"image.default\">\n\t\t\t\t<div class=\"elementor-widget-container\">\n\t\t\t\t\t\t\t\t\t\t\t\t\t\t\t<img decoding=\"async\" width=\"466\" height=\"466\" src=\"https:\/\/fundacionodsaccio.org\/wp-content\/uploads\/2023\/12\/S_SDG_Icons-01-11.jpg\" class=\"attachment-full size-full wp-image-390\" alt=\"\" srcset=\"https:\/\/fundacionodsaccio.org\/wp-content\/uploads\/2023\/12\/S_SDG_Icons-01-11.jpg 466w, https:\/\/fundacionodsaccio.org\/wp-content\/uploads\/2023\/12\/S_SDG_Icons-01-11-300x300.jpg 300w, https:\/\/fundacionodsaccio.org\/wp-content\/uploads\/2023\/12\/S_SDG_Icons-01-11-150x150.jpg 150w\" sizes=\"(max-width: 466px) 100vw, 466px\" \/>\t\t\t\t\t\t\t\t\t\t\t\t\t\t\t<\/div>\n\t\t\t\t<\/div>\n\t\t\t\t<div class=\"elementor-element elementor-element-d58ce38 elementor-widget elementor-widget-image\" data-id=\"d58ce38\" data-element_type=\"widget\" data-e-type=\"widget\" data-widget_type=\"image.default\">\n\t\t\t\t<div class=\"elementor-widget-container\">\n\t\t\t\t\t\t\t\t\t\t\t\t\t\t\t<img loading=\"lazy\" decoding=\"async\" width=\"466\" height=\"466\" src=\"https:\/\/fundacionodsaccio.org\/wp-content\/uploads\/2023\/12\/S_SDG_Icons-01-12.jpg\" class=\"attachment-full size-full wp-image-391\" alt=\"\" srcset=\"https:\/\/fundacionodsaccio.org\/wp-content\/uploads\/2023\/12\/S_SDG_Icons-01-12.jpg 466w, https:\/\/fundacionodsaccio.org\/wp-content\/uploads\/2023\/12\/S_SDG_Icons-01-12-300x300.jpg 300w, https:\/\/fundacionodsaccio.org\/wp-content\/uploads\/2023\/12\/S_SDG_Icons-01-12-150x150.jpg 150w\" sizes=\"(max-width: 466px) 100vw, 466px\" \/>\t\t\t\t\t\t\t\t\t\t\t\t\t\t\t<\/div>\n\t\t\t\t<\/div>\n\t\t\t\t\t<\/div>\n\t\t\t\t<\/div>\n\t\t<div class=\"elementor-element elementor-element-a39c7b2 e-flex e-con-boxed e-con e-parent\" data-id=\"a39c7b2\" data-element_type=\"container\" data-e-type=\"container\">\n\t\t\t\t\t<div class=\"e-con-inner\">\n\t\t\t\t<div class=\"elementor-element elementor-element-1c907d2 elementor-align-center elementor-widget elementor-widget-button\" data-id=\"1c907d2\" data-element_type=\"widget\" data-e-type=\"widget\" data-widget_type=\"button.default\">\n\t\t\t\t<div class=\"elementor-widget-container\">\n\t\t\t\t\t\t\t\t\t<div class=\"elementor-button-wrapper\">\n\t\t\t\t\t<a class=\"elementor-button elementor-button-link elementor-size-sm\" href=\"https:\/\/fundacionodsaccio.org\/ca\/activitats\/\">\n\t\t\t\t\t\t<span class=\"elementor-button-content-wrapper\">\n\t\t\t\t\t\t<span class=\"elementor-button-icon\">\n\t\t\t\t<svg aria-hidden=\"true\" class=\"e-font-icon-svg e-fas-long-arrow-alt-right\" viewBox=\"0 0 448 512\" xmlns=\"http:\/\/www.w3.org\/2000\/svg\"><path d=\"M313.941 216H12c-6.627 0-12 5.373-12 12v56c0 6.627 5.373 12 12 12h301.941v46.059c0 21.382 25.851 32.09 40.971 16.971l86.059-86.059c9.373-9.373 9.373-24.569 0-33.941l-86.059-86.059c-15.119-15.119-40.971-4.411-40.971 16.971V216z\"><\/path><\/svg>\t\t\t<\/span>\n\t\t\t\t\t\t\t\t\t<span class=\"elementor-button-text\">Tornar a <b>Activitats<\/b><\/span>\n\t\t\t\t\t<\/span>\n\t\t\t\t\t<\/a>\n\t\t\t\t<\/div>\n\t\t\t\t\t\t\t\t<\/div>\n\t\t\t\t<\/div>\n\t\t\t\t\t<\/div>\n\t\t\t\t<\/div>\n\t\t\t\t<\/div>\n\t\t","protected":false},"excerpt":{"rendered":"<p>PRIMER TRIM 2025 Aquesta proposta europea, avalada per empreses i centres d&#8217;R+D+I especialitzats en tecnologia digital avan\u00e7ada, aborda en aquesta iniciativa q\u00fcestions sobre construcci\u00f3 circular per a aportar solucions que integren f\u00e0briques port\u00e0tils intel\u00b7ligents in situ, tecnologia bessona digital avan\u00e7ada, rob\u00f2tica i gesti\u00f3 del cicle de vida impulsada per IA per a aconseguir renovacions de [&hellip;]<\/p>\n","protected":false},"author":1,"featured_media":0,"parent":7003,"menu_order":0,"comment_status":"closed","ping_status":"closed","template":"","meta":{"_acf_changed":false,"footnotes":""},"class_list":["post-6971","page","type-page","status-publish","hentry"],"acf":[],"_links":{"self":[{"href":"https:\/\/fundacionodsaccio.org\/ca\/wp-json\/wp\/v2\/pages\/6971","targetHints":{"allow":["GET"]}}],"collection":[{"href":"https:\/\/fundacionodsaccio.org\/ca\/wp-json\/wp\/v2\/pages"}],"about":[{"href":"https:\/\/fundacionodsaccio.org\/ca\/wp-json\/wp\/v2\/types\/page"}],"author":[{"embeddable":true,"href":"https:\/\/fundacionodsaccio.org\/ca\/wp-json\/wp\/v2\/users\/1"}],"replies":[{"embeddable":true,"href":"https:\/\/fundacionodsaccio.org\/ca\/wp-json\/wp\/v2\/comments?post=6971"}],"version-history":[{"count":2,"href":"https:\/\/fundacionodsaccio.org\/ca\/wp-json\/wp\/v2\/pages\/6971\/revisions"}],"predecessor-version":[{"id":7010,"href":"https:\/\/fundacionodsaccio.org\/ca\/wp-json\/wp\/v2\/pages\/6971\/revisions\/7010"}],"up":[{"embeddable":true,"href":"https:\/\/fundacionodsaccio.org\/ca\/wp-json\/wp\/v2\/pages\/7003"}],"wp:attachment":[{"href":"https:\/\/fundacionodsaccio.org\/ca\/wp-json\/wp\/v2\/media?parent=6971"}],"curies":[{"name":"wp","href":"https:\/\/api.w.org\/{rel}","templated":true}]}}