{"id":6976,"date":"2025-09-29T13:34:51","date_gmt":"2025-09-29T11:34:51","guid":{"rendered":"https:\/\/fundacionodsaccio.org\/la-fundacio-ods-accio-participa-en-la-presentacio-duna-nova-proposta-europea-sobre-preservacio-i-valoritzacio-del-patrimoni-cultural-regional-mitjancant-tecnologies-digitals-avancades-i-intelligenci\/"},"modified":"2026-09-02T17:48:51","modified_gmt":"2026-09-02T15:48:51","slug":"la-fundacio-ods-accio-participa-en-la-presentacio-duna-nova-proposta-europea-sobre-preservacio-i-valoritzacio-del-patrimoni-cultural-regional-mitjancant-tecnologies-digitals-avancades-i-intelligenci","status":"publish","type":"page","link":"https:\/\/fundacionodsaccio.org\/ca\/activitats\/la-fundacio-ods-accio-participa-en-la-presentacio-duna-nova-proposta-europea-sobre-preservacio-i-valoritzacio-del-patrimoni-cultural-regional-mitjancant-tecnologies-digitals-avancades-i-intelligenci\/","title":{"rendered":"La Fundaci\u00f3 ODS ACCI\u00d3 participa en la presentaci\u00f3 d&#8217;una nova proposta Europea sobre preservaci\u00f3 i valoritzaci\u00f3 del patrimoni cultural regional mitjan\u00e7ant tecnologies digitals avan\u00e7ades i Intel\u00b7lig\u00e8ncia Artificial"},"content":{"rendered":"\t\t<div data-elementor-type=\"wp-page\" data-elementor-id=\"6976\" class=\"elementor elementor-6976 elementor-4108\" data-elementor-post-type=\"page\">\n\t\t\t\t<div class=\"elementor-element elementor-element-9da9dd7 animated-slow e-flex e-con-boxed elementor-invisible e-con e-parent\" data-id=\"9da9dd7\" data-element_type=\"container\" data-e-type=\"container\" data-settings=\"{&quot;background_background&quot;:&quot;gradient&quot;,&quot;animation&quot;:&quot;fadeIn&quot;}\">\n\t\t\t\t\t<div class=\"e-con-inner\">\n\t\t\t\t<div class=\"elementor-element elementor-element-959ca7b elementor-widget elementor-widget-heading\" data-id=\"959ca7b\" data-element_type=\"widget\" data-e-type=\"widget\" data-widget_type=\"heading.default\">\n\t\t\t\t<div class=\"elementor-widget-container\">\n\t\t\t\t\t<h3 class=\"elementor-heading-title elementor-size-default\">TERCER TRIM 2025<\/h3>\t\t\t\t<\/div>\n\t\t\t\t<\/div>\n\t\t\t\t<div class=\"elementor-element elementor-element-61440ad elementor-widget elementor-widget-heading\" data-id=\"61440ad\" data-element_type=\"widget\" data-e-type=\"widget\" data-widget_type=\"heading.default\">\n\t\t\t\t<div class=\"elementor-widget-container\">\n\t\t\t\t\t<h1 class=\"elementor-heading-title elementor-size-default\">La Fundaci\u00f3 ODS ACCI\u00d3 participa en la presentaci\u00f3 d&#8217;una nova proposta Europea sobre preservaci\u00f3 i valoritzaci\u00f3 del patrimoni cultural regional mitjan\u00e7ant tecnologies digitals avan\u00e7ades i Intel\u00b7lig\u00e8ncia Artificial<\/h1>\t\t\t\t<\/div>\n\t\t\t\t<\/div>\n\t\t\t\t\t<\/div>\n\t\t\t\t<\/div>\n\t\t<div class=\"elementor-element elementor-element-2848920 animated-slow e-flex e-con-boxed elementor-invisible e-con e-parent\" data-id=\"2848920\" data-element_type=\"container\" data-e-type=\"container\" data-settings=\"{&quot;animation&quot;:&quot;fadeIn&quot;,&quot;animation_delay&quot;:250}\">\n\t\t\t\t\t<div class=\"e-con-inner\">\n\t\t\t\t<div class=\"elementor-element elementor-element-203a388 elementor-widget elementor-widget-text-editor\" data-id=\"203a388\" data-element_type=\"widget\" data-e-type=\"widget\" data-widget_type=\"text-editor.default\">\n\t\t\t\t<div class=\"elementor-widget-container\">\n\t\t\t\t\t\t\t\t\t<p>La Fundaci\u00f3 ODS ACCI\u00d3, en el marc dels seus fins fundacionals, ha participat com a soci en la proposta d&#8217;un projecte europeu de recerca i innovaci\u00f3 centrat en la preservaci\u00f3, renovaci\u00f3 i certificaci\u00f3 de paisatges culturals mitjan\u00e7ant un ecosistema digital interoperable i sostenible.<\/p>\t\t\t\t\t\t\t\t<\/div>\n\t\t\t\t<\/div>\n\t\t\t\t<div class=\"elementor-element elementor-element-c888538 elementor-widget elementor-widget-text-editor\" data-id=\"c888538\" data-element_type=\"widget\" data-e-type=\"widget\" data-widget_type=\"text-editor.default\">\n\t\t\t\t<div class=\"elementor-widget-container\">\n\t\t\t\t\t\t\t\t\t<p>Avalada per universitats i entitats especialitzades en patrimoni cultural digital, la iniciativa respon a la necessitat de valorar un patrimoni regional que sovint manca de finan\u00e7ament i recursos. El projecte planteja una arquitectura hol\u00edstica que integra tecnologies HBIM i GIS per a crear bessons digitals 4D que representin tant elements tangibles com intangibles. <\/p><p>Se sustenta en quatre eixos tecnol\u00f2gics: bessons digitals patrimonials evolucionats cap a models din\u00e0mics amb metadades; museus virtuals basats en aquests bessons com a f\u00e0briques intel\u00b7ligents de mem\u00f2ria; eines XR, VR i AR que ofereixen experi\u00e8ncies immersives de gran valor evocativo; i serveis de certificaci\u00f3 de qualitat i autenticitat de dades, essencials per a la reutilitzaci\u00f3 cient\u00edfica.<\/p><p>L&#8217;arquitectura modular permetr\u00e0 combinar components com HBIM-*GIS 4D, museus virtuals, aplicacions immersives i certificaci\u00f3 de dades en galeries, mapes interactius o tours virtuals, disponibles com a servei europeu col\u00b7laboratiu o descarregables per tercers. Aquestes solucions es provaran en set casos d&#8217;\u00fas reals, validant la seva capacitat de connectar patrimoni, comunitats i desenvolupament sostenible a trav\u00e9s d&#8217;un ecosistema digital innovador. <\/p><p>Aquest projecte contribueix de manera significativa a la consecuci\u00f3 dels Objectius de Desenvolupament Sostenible (ODS). En primer lloc, s&#8217;alinea amb el ODS 4 (Educaci\u00f3 de Qualitat), ja que, com assenyalen les Nacions Unides, \u00abl&#8217;educaci\u00f3 \u00e9s la clau que permetr\u00e0 aconseguir molts altres objectius de desenvolupament sostenible\u00bb [1]. En crear museus virtuals i experi\u00e8ncies immersives, el projecte promou \u00aboportunitats d&#8217;aprenentatge durant tota la vida per a tots\u00bb, especialment en l&#8217;\u00e0mbit del patrimoni cultural. En segon lloc, la iniciativa impulsa el ODS 9 (Ind\u00fastria, Innovaci\u00f3 i Infraestructura) en desenvolupar un \u00abecosistema digital interoperable i sostenible\u00bb basat en tecnologies avan\u00e7ades com la IA, els bessons digitals i el BIM [2]. Finalment, el projecte dona suport al ODS 11 (Ciutats i Comunitats Sostenibles), que busca \u00abprotegir i salvaguardar el patrimoni cultural i natural del m\u00f3n\u00bb [3]. La valoritzaci\u00f3 del patrimoni regional i la connexi\u00f3 entre patrimoni, comunitats i desenvolupament sostenible s\u00f3n un clar exemple d&#8217;aquest comprom\u00eds.     <\/p>\t\t\t\t\t\t\t\t<\/div>\n\t\t\t\t<\/div>\n\t\t\t\t<div class=\"elementor-element elementor-element-ee234d9 elementor-widget__width-inherit elementor-widget elementor-widget-heading\" data-id=\"ee234d9\" data-element_type=\"widget\" data-e-type=\"widget\" id=\"referencias\" data-widget_type=\"heading.default\">\n\t\t\t\t<div class=\"elementor-widget-container\">\n\t\t\t\t\t<p class=\"elementor-heading-title elementor-size-default\">Referencies<\/p>\t\t\t\t<\/div>\n\t\t\t\t<\/div>\n\t\t\t\t<div class=\"elementor-element elementor-element-dd9b994 elementor-widget elementor-widget-text-editor\" data-id=\"dd9b994\" data-element_type=\"widget\" data-e-type=\"widget\" data-widget_type=\"text-editor.default\">\n\t\t\t\t<div class=\"elementor-widget-container\">\n\t\t\t\t\t\t\t\t\t<ol><li><em>Nacions Unides. (s.f.). Educaci\u00f3. Desenvolupament Sostenible.   <\/em> <a href=\"https:\/\/www.un.org\/sustainabledevelopment\/es\/education\/\" target=\"_blank\" rel=\"noopener\">https:\/\/www.un.org\/sustainabledevelopment\/es\/education\/<\/a><\/li><li><em>Nacions Unides. (s.f.). Industria, Innovaci\u00f3 i Infraestructura. Desenvolupament Sostenible.   <\/em> <a href=\"https:\/\/www.un.org\/sustainabledevelopment\/es\/infrastructure\/\" target=\"_blank\" rel=\"noopener\">https:\/\/www.un.org\/sustainabledevelopment\/es\/infrastructure\/<\/a><\/li><li><em>Nacions Unides. (s.f.). Ciutats. Desenvolupament Sostenible.   <\/em> <a href=\"https:\/\/www.un.org\/sustainabledevelopment\/es\/cities\/\" target=\"_blank\" rel=\"noopener\">https:\/\/www.un.org\/sustainabledevelopment\/es\/cities\/<\/a><\/li><\/ol>\t\t\t\t\t\t\t\t<\/div>\n\t\t\t\t<\/div>\n\t\t\t\t<div class=\"elementor-element elementor-element-51b1197 elementor-widget-mobile__width-inherit elementor-widget__width-inherit elementor-widget elementor-widget-image\" data-id=\"51b1197\" data-element_type=\"widget\" data-e-type=\"widget\" data-widget_type=\"image.default\">\n\t\t\t\t<div class=\"elementor-widget-container\">\n\t\t\t\t\t\t\t\t\t\t\t\t\t\t\t<img fetchpriority=\"high\" decoding=\"async\" width=\"1000\" height=\"464\" src=\"https:\/\/fundacionodsaccio.org\/wp-content\/uploads\/2025\/09\/actividad_3trim25_principal.webp\" class=\"attachment-full size-full wp-image-6977\" alt=\"\" srcset=\"https:\/\/fundacionodsaccio.org\/wp-content\/uploads\/2025\/09\/actividad_3trim25_principal.webp 1000w, https:\/\/fundacionodsaccio.org\/wp-content\/uploads\/2025\/09\/actividad_3trim25_principal-300x139.webp 300w, https:\/\/fundacionodsaccio.org\/wp-content\/uploads\/2025\/09\/actividad_3trim25_principal-768x356.webp 768w\" sizes=\"(max-width: 1000px) 100vw, 1000px\" \/>\t\t\t\t\t\t\t\t\t\t\t\t\t\t\t<\/div>\n\t\t\t\t<\/div>\n\t\t\t\t<div class=\"elementor-element elementor-element-c68fc0b elementor-widget__width-inherit elementor-widget elementor-widget-heading\" data-id=\"c68fc0b\" data-element_type=\"widget\" data-e-type=\"widget\" data-widget_type=\"heading.default\">\n\t\t\t\t<div class=\"elementor-widget-container\">\n\t\t\t\t\t<h3 class=\"elementor-heading-title elementor-size-default\">Aquesta activitat contribueix a la consecuci\u00f3 del seg\u00fcents ODS:<\/h3>\t\t\t\t<\/div>\n\t\t\t\t<\/div>\n\t\t\t\t\t<\/div>\n\t\t\t\t<\/div>\n\t\t<div class=\"elementor-element elementor-element-2021f8a e-flex e-con-boxed e-con e-child\" data-id=\"2021f8a\" data-element_type=\"container\" data-e-type=\"container\">\n\t\t\t\t\t<div class=\"e-con-inner\">\n\t\t\t\t<div class=\"elementor-element elementor-element-072b852 elementor-widget elementor-widget-image\" data-id=\"072b852\" data-element_type=\"widget\" data-e-type=\"widget\" data-widget_type=\"image.default\">\n\t\t\t\t<div class=\"elementor-widget-container\">\n\t\t\t\t\t\t\t\t\t\t\t\t\t\t\t<img decoding=\"async\" width=\"466\" height=\"466\" src=\"https:\/\/fundacionodsaccio.org\/wp-content\/uploads\/2023\/12\/S_SDG_Icons-01-04.jpg\" class=\"attachment-full size-full wp-image-383\" alt=\"\" srcset=\"https:\/\/fundacionodsaccio.org\/wp-content\/uploads\/2023\/12\/S_SDG_Icons-01-04.jpg 466w, https:\/\/fundacionodsaccio.org\/wp-content\/uploads\/2023\/12\/S_SDG_Icons-01-04-300x300.jpg 300w, https:\/\/fundacionodsaccio.org\/wp-content\/uploads\/2023\/12\/S_SDG_Icons-01-04-150x150.jpg 150w\" sizes=\"(max-width: 466px) 100vw, 466px\" \/>\t\t\t\t\t\t\t\t\t\t\t\t\t\t\t<\/div>\n\t\t\t\t<\/div>\n\t\t\t\t<div class=\"elementor-element elementor-element-c3f1da6 elementor-widget elementor-widget-image\" data-id=\"c3f1da6\" data-element_type=\"widget\" data-e-type=\"widget\" data-widget_type=\"image.default\">\n\t\t\t\t<div class=\"elementor-widget-container\">\n\t\t\t\t\t\t\t\t\t\t\t\t\t\t\t<img decoding=\"async\" width=\"466\" height=\"466\" src=\"https:\/\/fundacionodsaccio.org\/wp-content\/uploads\/2023\/12\/S_SDG_Icons-01-09.jpg\" class=\"attachment-full size-full wp-image-388\" alt=\"\" srcset=\"https:\/\/fundacionodsaccio.org\/wp-content\/uploads\/2023\/12\/S_SDG_Icons-01-09.jpg 466w, https:\/\/fundacionodsaccio.org\/wp-content\/uploads\/2023\/12\/S_SDG_Icons-01-09-300x300.jpg 300w, https:\/\/fundacionodsaccio.org\/wp-content\/uploads\/2023\/12\/S_SDG_Icons-01-09-150x150.jpg 150w\" sizes=\"(max-width: 466px) 100vw, 466px\" \/>\t\t\t\t\t\t\t\t\t\t\t\t\t\t\t<\/div>\n\t\t\t\t<\/div>\n\t\t\t\t<div class=\"elementor-element elementor-element-f11329a elementor-widget elementor-widget-image\" data-id=\"f11329a\" data-element_type=\"widget\" data-e-type=\"widget\" data-widget_type=\"image.default\">\n\t\t\t\t<div class=\"elementor-widget-container\">\n\t\t\t\t\t\t\t\t\t\t\t\t\t\t\t<img loading=\"lazy\" decoding=\"async\" width=\"466\" height=\"466\" src=\"https:\/\/fundacionodsaccio.org\/wp-content\/uploads\/2023\/12\/S_SDG_Icons-01-11.jpg\" class=\"attachment-full size-full wp-image-390\" alt=\"\" srcset=\"https:\/\/fundacionodsaccio.org\/wp-content\/uploads\/2023\/12\/S_SDG_Icons-01-11.jpg 466w, https:\/\/fundacionodsaccio.org\/wp-content\/uploads\/2023\/12\/S_SDG_Icons-01-11-300x300.jpg 300w, https:\/\/fundacionodsaccio.org\/wp-content\/uploads\/2023\/12\/S_SDG_Icons-01-11-150x150.jpg 150w\" sizes=\"(max-width: 466px) 100vw, 466px\" \/>\t\t\t\t\t\t\t\t\t\t\t\t\t\t\t<\/div>\n\t\t\t\t<\/div>\n\t\t\t\t\t<\/div>\n\t\t\t\t<\/div>\n\t\t<div class=\"elementor-element elementor-element-213dd58 e-flex e-con-boxed e-con e-parent\" data-id=\"213dd58\" data-element_type=\"container\" data-e-type=\"container\">\n\t\t\t\t\t<div class=\"e-con-inner\">\n\t\t\t\t<div class=\"elementor-element elementor-element-96c5b52 elementor-align-center elementor-widget elementor-widget-button\" data-id=\"96c5b52\" data-element_type=\"widget\" data-e-type=\"widget\" data-widget_type=\"button.default\">\n\t\t\t\t<div class=\"elementor-widget-container\">\n\t\t\t\t\t\t\t\t\t<div class=\"elementor-button-wrapper\">\n\t\t\t\t\t<a class=\"elementor-button elementor-button-link elementor-size-sm\" href=\"https:\/\/fundacionodsaccio.org\/ca\/activitats\/\">\n\t\t\t\t\t\t<span class=\"elementor-button-content-wrapper\">\n\t\t\t\t\t\t<span class=\"elementor-button-icon\">\n\t\t\t\t<svg aria-hidden=\"true\" class=\"e-font-icon-svg e-fas-long-arrow-alt-right\" viewBox=\"0 0 448 512\" xmlns=\"http:\/\/www.w3.org\/2000\/svg\"><path d=\"M313.941 216H12c-6.627 0-12 5.373-12 12v56c0 6.627 5.373 12 12 12h301.941v46.059c0 21.382 25.851 32.09 40.971 16.971l86.059-86.059c9.373-9.373 9.373-24.569 0-33.941l-86.059-86.059c-15.119-15.119-40.971-4.411-40.971 16.971V216z\"><\/path><\/svg>\t\t\t<\/span>\n\t\t\t\t\t\t\t\t\t<span class=\"elementor-button-text\">Tornar a <b>Activitats<\/b><\/span>\n\t\t\t\t\t<\/span>\n\t\t\t\t\t<\/a>\n\t\t\t\t<\/div>\n\t\t\t\t\t\t\t\t<\/div>\n\t\t\t\t<\/div>\n\t\t\t\t\t<\/div>\n\t\t\t\t<\/div>\n\t\t\t\t<\/div>\n\t\t","protected":false},"excerpt":{"rendered":"<p>TERCER TRIM 2025 La Fundaci\u00f3 ODS ACCI\u00d3, en el marc dels seus fins fundacionals, ha participat com a soci en la proposta d&#8217;un projecte europeu de recerca i innovaci\u00f3 centrat en la preservaci\u00f3, renovaci\u00f3 i certificaci\u00f3 de paisatges culturals mitjan\u00e7ant un ecosistema digital interoperable i sostenible. Avalada per universitats i entitats especialitzades en patrimoni cultural [&hellip;]<\/p>\n","protected":false},"author":1,"featured_media":0,"parent":7003,"menu_order":0,"comment_status":"closed","ping_status":"closed","template":"","meta":{"_acf_changed":false,"footnotes":""},"class_list":["post-6976","page","type-page","status-publish","hentry"],"acf":[],"_links":{"self":[{"href":"https:\/\/fundacionodsaccio.org\/ca\/wp-json\/wp\/v2\/pages\/6976","targetHints":{"allow":["GET"]}}],"collection":[{"href":"https:\/\/fundacionodsaccio.org\/ca\/wp-json\/wp\/v2\/pages"}],"about":[{"href":"https:\/\/fundacionodsaccio.org\/ca\/wp-json\/wp\/v2\/types\/page"}],"author":[{"embeddable":true,"href":"https:\/\/fundacionodsaccio.org\/ca\/wp-json\/wp\/v2\/users\/1"}],"replies":[{"embeddable":true,"href":"https:\/\/fundacionodsaccio.org\/ca\/wp-json\/wp\/v2\/comments?post=6976"}],"version-history":[{"count":2,"href":"https:\/\/fundacionodsaccio.org\/ca\/wp-json\/wp\/v2\/pages\/6976\/revisions"}],"predecessor-version":[{"id":7012,"href":"https:\/\/fundacionodsaccio.org\/ca\/wp-json\/wp\/v2\/pages\/6976\/revisions\/7012"}],"up":[{"embeddable":true,"href":"https:\/\/fundacionodsaccio.org\/ca\/wp-json\/wp\/v2\/pages\/7003"}],"wp:attachment":[{"href":"https:\/\/fundacionodsaccio.org\/ca\/wp-json\/wp\/v2\/media?parent=6976"}],"curies":[{"name":"wp","href":"https:\/\/api.w.org\/{rel}","templated":true}]}}