{"id":6991,"date":"2026-04-30T12:38:50","date_gmt":"2026-04-30T10:38:50","guid":{"rendered":"https:\/\/fundacionodsaccio.org\/la-fundacio-ods-accio-sha-adherit-a-adescat-com-a-soci-promotor-per-a-impulsar-i-accelerar-la-transicio-energetica-i-la-descarbonitzacio-a-catalunya\/"},"modified":"2026-09-02T17:48:51","modified_gmt":"2026-09-02T15:48:51","slug":"la-fundacio-ods-accio-sha-adherit-a-adescat-com-a-soci-promotor-per-a-impulsar-i-accelerar-la-transicio-energetica-i-la-descarbonitzacio-a-catalunya","status":"publish","type":"page","link":"https:\/\/fundacionodsaccio.org\/ca\/activitats\/la-fundacio-ods-accio-sha-adherit-a-adescat-com-a-soci-promotor-per-a-impulsar-i-accelerar-la-transicio-energetica-i-la-descarbonitzacio-a-catalunya\/","title":{"rendered":"La Fundaci\u00f3 ODS ACCI\u00d3 s&#8217;ha adherit a ADESCAT com a soci promotor per a impulsar i accelerar la transici\u00f3 energ\u00e8tica i la descarbonitzaci\u00f3 a Catalunya"},"content":{"rendered":"\t\t<div data-elementor-type=\"wp-page\" data-elementor-id=\"6991\" class=\"elementor elementor-6991 elementor-6550\" data-elementor-post-type=\"page\">\n\t\t\t\t<div class=\"elementor-element elementor-element-f2be958 animated-slow e-flex e-con-boxed elementor-invisible e-con e-parent\" data-id=\"f2be958\" data-element_type=\"container\" data-e-type=\"container\" data-settings=\"{&quot;background_background&quot;:&quot;gradient&quot;,&quot;animation&quot;:&quot;fadeIn&quot;}\">\n\t\t\t\t\t<div class=\"e-con-inner\">\n\t\t\t\t<div class=\"elementor-element elementor-element-b0d2940 elementor-widget elementor-widget-heading\" data-id=\"b0d2940\" data-element_type=\"widget\" data-e-type=\"widget\" data-widget_type=\"heading.default\">\n\t\t\t\t<div class=\"elementor-widget-container\">\n\t\t\t\t\t<h3 class=\"elementor-heading-title elementor-size-default\">SEGOND TRIM 2026<\/h3>\t\t\t\t<\/div>\n\t\t\t\t<\/div>\n\t\t\t\t<div class=\"elementor-element elementor-element-892e27b elementor-widget elementor-widget-heading\" data-id=\"892e27b\" data-element_type=\"widget\" data-e-type=\"widget\" data-widget_type=\"heading.default\">\n\t\t\t\t<div class=\"elementor-widget-container\">\n\t\t\t\t\t<h1 class=\"elementor-heading-title elementor-size-default\">La Fundaci\u00f3 ODS ACCI\u00d3 s&#8217;ha adherit a ADESCAT com a soci promotor per a impulsar i accelerar la transici\u00f3 energ\u00e8tica i la descarbonitzaci\u00f3 a Catalunya<\/h1>\t\t\t\t<\/div>\n\t\t\t\t<\/div>\n\t\t\t\t\t<\/div>\n\t\t\t\t<\/div>\n\t\t<div class=\"elementor-element elementor-element-50bb9c6 animated-slow e-flex e-con-boxed elementor-invisible e-con e-parent\" data-id=\"50bb9c6\" data-element_type=\"container\" data-e-type=\"container\" data-settings=\"{&quot;animation&quot;:&quot;fadeIn&quot;,&quot;animation_delay&quot;:250}\">\n\t\t\t\t\t<div class=\"e-con-inner\">\n\t\t\t\t<div class=\"elementor-element elementor-element-34c0c7c elementor-widget elementor-widget-text-editor\" data-id=\"34c0c7c\" data-element_type=\"widget\" data-e-type=\"widget\" data-widget_type=\"text-editor.default\">\n\t\t\t\t<div class=\"elementor-widget-container\">\n\t\t\t\t\t\t\t\t\t<p>El rol principal de la Fundaci\u00f3 ODS ACCI\u00d3 en aquesta associaci\u00f3 \u00e9s la d&#8217;impulsar activitats d&#8217;innovaci\u00f3 que contribueixin a la reducci\u00f3 d&#8217;emissions de gasos contaminants i la de col\u00b7laborar activament en el foment de sinergies i acords amb entitats p\u00fabliques i privades en projectes sobre tecnologies netes.<\/p>\t\t\t\t\t\t\t\t<\/div>\n\t\t\t\t<\/div>\n\t\t\t\t<div class=\"elementor-element elementor-element-ead5ca0 elementor-widget elementor-widget-text-editor\" data-id=\"ead5ca0\" data-element_type=\"widget\" data-e-type=\"widget\" data-widget_type=\"text-editor.default\">\n\t\t\t\t<div class=\"elementor-widget-container\">\n\t\t\t\t\t\t\t\t\t<p class=\"x_x_MsoNormal\">Amb aquesta alian\u00e7a estrat\u00e8gica, la Fundaci\u00f3 ODS ACCI\u00d3 posa de manifest el seu fort comprom\u00eds amb els objectius clim\u00e0tics establerts per les Nacions Unides i el Pacte Verd Europeu i la seva ferma dedicaci\u00f3 en la captaci\u00f3 de fons p\u00fablics i privats per a sufragar els projectes de recerca i desenvolupament que contribueixin a l&#8217;execuci\u00f3 d&#8217;accions i pr\u00e0ctiques d&#8217;innovaci\u00f3 sostenible en el camp de la descarbonitzaci\u00f3 dels sectors primaris, secundaris i terciaris.<\/p><p class=\"x_x_MsoNormal\">Uns altres dels grans reptes que es planteja l&#8217;Associaci\u00f3 ADESCAT s\u00f3n els de coordinar, desenvolupar i millorar la competitivitat i el nivell tecnol\u00f2gic del sector, servir de f\u00f2rum de debat i intercanvi d&#8217;informaci\u00f3 i coneixement entre empresaris, cient\u00edfics i administracions i promoure la formaci\u00f3 i la col\u00b7laboraci\u00f3 amb universitats, centres d&#8217;innovaci\u00f3 i cl\u00fasters alineats en la consecuci\u00f3 de solucions tecnol\u00f2giques per a la mitigaci\u00f3 de gasos contaminants, responsables de l&#8217;escalfament global del planeta.<\/p><p class=\"x_x_MsoNormal\">Aquestes innovacions tecnol\u00f2giques permetran la reducci\u00f3 de l&#8217;impacte ambiental, objectiu clau per a aconseguir la neutralitat del carboni i, asseguraran la substituci\u00f3 de combustibles f\u00f2ssils per fonts d&#8217;energia renovables netes i una reducci\u00f3 del consum que afavorir\u00e0 una economia circular en processos productius i l&#8217;assoliment d&#8217;un futur biotecnol\u00f2gic sostenible.<\/p><p>Amb aquesta alian\u00e7a, ADESCAT, constitueix una associaci\u00f3, sense \u00e0nim de lucre, que contribueix a tres Objectius de Desenvolupament Sostenible (ODS) que s&#8217;alineen amb els seus objectius fundacionals: el ODS 7 (Energia assequible i no contaminant) que pret\u00e9n garantir l&#8217;acc\u00e9s, segons les Nacions Unides \u00aba una energia neta i assequible, clau per al desenvolupament de l&#8217;agricultura, les empreses, les comunicacions, l&#8217;educaci\u00f3, la sanitat i el transport\u00bb [1], el segon no menys important, el ODS 13 (Acci\u00f3 pel Clima), un objectiu que persegueix \u00abaconseguir zero emissions netes\u00bb [2] tot un repte per a reduir l&#8217;escalfament global del planeta i evitar posar en perill els aliments i l&#8217;aigua del nostre ecosistema i en tercer lloc, el ODS 17 (Alian\u00e7a mundial per al Desenvolupament Sostenible) [3] que afirma que \u00abEls Objectius de Desenvolupament Sostenible solo es poden aconseguir amb associacions mundials s\u00f2lides i cooperaci\u00f3 per a garantir que ning\u00fa es quedi enrere en el nostre cam\u00ed cap al desenvolupament\u00bb, un prop\u00f2sit fonamental que mou a aquesta associaci\u00f3 d&#8217;experts a la promoci\u00f3 de la cooperaci\u00f3 interempresarial i a la col\u00b7laboraci\u00f3 empresarial per a la innovaci\u00f3 tecnol\u00f2gica i el desenvolupament de pr\u00e0ctiques sostenibles que contribueixin a les tecnologies netes i a la descarbonitzaci\u00f3.<\/p>\t\t\t\t\t\t\t\t<\/div>\n\t\t\t\t<\/div>\n\t\t\t\t<div class=\"elementor-element elementor-element-5da2676 elementor-widget__width-inherit elementor-widget elementor-widget-heading\" data-id=\"5da2676\" data-element_type=\"widget\" data-e-type=\"widget\" data-widget_type=\"heading.default\">\n\t\t\t\t<div class=\"elementor-widget-container\">\n\t\t\t\t\t<p class=\"elementor-heading-title elementor-size-default\">Referencies<\/p>\t\t\t\t<\/div>\n\t\t\t\t<\/div>\n\t\t\t\t<div class=\"elementor-element elementor-element-6b485b5 elementor-widget elementor-widget-text-editor\" data-id=\"6b485b5\" data-element_type=\"widget\" data-e-type=\"widget\" data-widget_type=\"text-editor.default\">\n\t\t\t\t<div class=\"elementor-widget-container\">\n\t\t\t\t\t\t\t\t\t<ol><li><em>Nacions Unides. (s.f.). Energ\u00eda. Desenvolupament Sostenible.   <\/em> <a href=\"https:\/\/www.un.org\/sustainabledevelopment\/es\/energy\/\" target=\"_blank\" rel=\"noopener\">https:\/\/www.un.org\/sustainabledevelopment\/es\/energy\/<\/a><\/li><li><em>Nacions Unides. (s.f.). Acci\u00f3 Clim\u00e0tica. Desenvolupament Sostenible.   <\/em> <a href=\"https:\/\/www.un.org\/sustainabledevelopment\/es\/climate-change-2\/\" target=\"_blank\" rel=\"noopener\">https:\/\/www.un.org\/sustainabledevelopment\/es\/climate-change-2\/<\/a><\/li><li><em>Nacions Unides. (s.f.). Alianza para conseguir los objetivos. Desenvolupament Sostenible.   <\/em> <a href=\"https:\/\/www.un.org\/sustainabledevelopment\/es\/globalpartnerships\/\" target=\"_blank\" rel=\"noopener\">https:\/\/www.un.org\/sustainabledevelopment\/es\/globalpartnerships\/<\/a><\/li><\/ol>\t\t\t\t\t\t\t\t<\/div>\n\t\t\t\t<\/div>\n\t\t\t\t<div class=\"elementor-element elementor-element-a1bfec3 elementor-widget-mobile__width-inherit elementor-widget__width-inherit elementor-widget elementor-widget-image\" data-id=\"a1bfec3\" data-element_type=\"widget\" data-e-type=\"widget\" data-widget_type=\"image.default\">\n\t\t\t\t<div class=\"elementor-widget-container\">\n\t\t\t\t\t\t\t\t\t\t\t\t\t\t\t<img fetchpriority=\"high\" decoding=\"async\" width=\"1250\" height=\"581\" src=\"https:\/\/fundacionodsaccio.org\/wp-content\/uploads\/2026\/04\/ODS-NOTICIA_IMAGEN-CUERPO-NOTICIA.webp\" class=\"attachment-full size-full wp-image-6583\" alt=\"\" srcset=\"https:\/\/fundacionodsaccio.org\/wp-content\/uploads\/2026\/04\/ODS-NOTICIA_IMAGEN-CUERPO-NOTICIA.webp 1250w, https:\/\/fundacionodsaccio.org\/wp-content\/uploads\/2026\/04\/ODS-NOTICIA_IMAGEN-CUERPO-NOTICIA-300x139.webp 300w, https:\/\/fundacionodsaccio.org\/wp-content\/uploads\/2026\/04\/ODS-NOTICIA_IMAGEN-CUERPO-NOTICIA-1024x476.webp 1024w, https:\/\/fundacionodsaccio.org\/wp-content\/uploads\/2026\/04\/ODS-NOTICIA_IMAGEN-CUERPO-NOTICIA-768x357.webp 768w\" sizes=\"(max-width: 1250px) 100vw, 1250px\" \/>\t\t\t\t\t\t\t\t\t\t\t\t\t\t\t<\/div>\n\t\t\t\t<\/div>\n\t\t\t\t<div class=\"elementor-element elementor-element-8651d2c elementor-widget__width-inherit elementor-widget elementor-widget-heading\" data-id=\"8651d2c\" data-element_type=\"widget\" data-e-type=\"widget\" data-widget_type=\"heading.default\">\n\t\t\t\t<div class=\"elementor-widget-container\">\n\t\t\t\t\t<h3 class=\"elementor-heading-title elementor-size-default\">Aquesta activitat contribueix a la consecuci\u00f3 del seg\u00fcents ODS:<\/h3>\t\t\t\t<\/div>\n\t\t\t\t<\/div>\n\t\t\t\t\t<\/div>\n\t\t\t\t<\/div>\n\t\t<div class=\"elementor-element elementor-element-bcee7c7 e-flex e-con-boxed e-con e-child\" data-id=\"bcee7c7\" data-element_type=\"container\" data-e-type=\"container\">\n\t\t\t\t\t<div class=\"e-con-inner\">\n\t\t\t\t<div class=\"elementor-element elementor-element-6e219fa elementor-widget elementor-widget-image\" data-id=\"6e219fa\" data-element_type=\"widget\" data-e-type=\"widget\" data-widget_type=\"image.default\">\n\t\t\t\t<div class=\"elementor-widget-container\">\n\t\t\t\t\t\t\t\t\t\t\t\t\t\t\t<img decoding=\"async\" width=\"466\" height=\"466\" src=\"https:\/\/fundacionodsaccio.org\/wp-content\/uploads\/2023\/12\/S_SDG_Icons-01-07.jpg\" class=\"attachment-full size-full wp-image-386\" alt=\"\" srcset=\"https:\/\/fundacionodsaccio.org\/wp-content\/uploads\/2023\/12\/S_SDG_Icons-01-07.jpg 466w, https:\/\/fundacionodsaccio.org\/wp-content\/uploads\/2023\/12\/S_SDG_Icons-01-07-300x300.jpg 300w, https:\/\/fundacionodsaccio.org\/wp-content\/uploads\/2023\/12\/S_SDG_Icons-01-07-150x150.jpg 150w\" sizes=\"(max-width: 466px) 100vw, 466px\" \/>\t\t\t\t\t\t\t\t\t\t\t\t\t\t\t<\/div>\n\t\t\t\t<\/div>\n\t\t\t\t<div class=\"elementor-element elementor-element-9e58e3d elementor-widget elementor-widget-image\" data-id=\"9e58e3d\" data-element_type=\"widget\" data-e-type=\"widget\" data-widget_type=\"image.default\">\n\t\t\t\t<div class=\"elementor-widget-container\">\n\t\t\t\t\t\t\t\t\t\t\t\t\t\t\t<img decoding=\"async\" width=\"466\" height=\"466\" src=\"https:\/\/fundacionodsaccio.org\/wp-content\/uploads\/2023\/12\/S_SDG_Icons-01-13.jpg\" class=\"attachment-full size-full wp-image-392\" alt=\"\" srcset=\"https:\/\/fundacionodsaccio.org\/wp-content\/uploads\/2023\/12\/S_SDG_Icons-01-13.jpg 466w, https:\/\/fundacionodsaccio.org\/wp-content\/uploads\/2023\/12\/S_SDG_Icons-01-13-300x300.jpg 300w, https:\/\/fundacionodsaccio.org\/wp-content\/uploads\/2023\/12\/S_SDG_Icons-01-13-150x150.jpg 150w\" sizes=\"(max-width: 466px) 100vw, 466px\" \/>\t\t\t\t\t\t\t\t\t\t\t\t\t\t\t<\/div>\n\t\t\t\t<\/div>\n\t\t\t\t<div class=\"elementor-element elementor-element-203ccca elementor-widget elementor-widget-image\" data-id=\"203ccca\" data-element_type=\"widget\" data-e-type=\"widget\" data-widget_type=\"image.default\">\n\t\t\t\t<div class=\"elementor-widget-container\">\n\t\t\t\t\t\t\t\t\t\t\t\t\t\t\t<img loading=\"lazy\" decoding=\"async\" width=\"466\" height=\"466\" src=\"https:\/\/fundacionodsaccio.org\/wp-content\/uploads\/2023\/12\/S_SDG_Icons-01-17.jpg\" class=\"attachment-full size-full wp-image-396\" alt=\"\" srcset=\"https:\/\/fundacionodsaccio.org\/wp-content\/uploads\/2023\/12\/S_SDG_Icons-01-17.jpg 466w, https:\/\/fundacionodsaccio.org\/wp-content\/uploads\/2023\/12\/S_SDG_Icons-01-17-300x300.jpg 300w, https:\/\/fundacionodsaccio.org\/wp-content\/uploads\/2023\/12\/S_SDG_Icons-01-17-150x150.jpg 150w\" sizes=\"(max-width: 466px) 100vw, 466px\" \/>\t\t\t\t\t\t\t\t\t\t\t\t\t\t\t<\/div>\n\t\t\t\t<\/div>\n\t\t\t\t\t<\/div>\n\t\t\t\t<\/div>\n\t\t<div class=\"elementor-element elementor-element-d59081c e-flex e-con-boxed e-con e-parent\" data-id=\"d59081c\" data-element_type=\"container\" data-e-type=\"container\">\n\t\t\t\t\t<div class=\"e-con-inner\">\n\t\t\t\t<div class=\"elementor-element elementor-element-86926ab elementor-align-center elementor-widget elementor-widget-button\" data-id=\"86926ab\" data-element_type=\"widget\" data-e-type=\"widget\" data-widget_type=\"button.default\">\n\t\t\t\t<div class=\"elementor-widget-container\">\n\t\t\t\t\t\t\t\t\t<div class=\"elementor-button-wrapper\">\n\t\t\t\t\t<a class=\"elementor-button elementor-button-link elementor-size-sm\" href=\"https:\/\/fundacionodsaccio.org\/ca\/activitats\/\">\n\t\t\t\t\t\t<span class=\"elementor-button-content-wrapper\">\n\t\t\t\t\t\t<span class=\"elementor-button-icon\">\n\t\t\t\t<svg aria-hidden=\"true\" class=\"e-font-icon-svg e-fas-long-arrow-alt-right\" viewBox=\"0 0 448 512\" xmlns=\"http:\/\/www.w3.org\/2000\/svg\"><path d=\"M313.941 216H12c-6.627 0-12 5.373-12 12v56c0 6.627 5.373 12 12 12h301.941v46.059c0 21.382 25.851 32.09 40.971 16.971l86.059-86.059c9.373-9.373 9.373-24.569 0-33.941l-86.059-86.059c-15.119-15.119-40.971-4.411-40.971 16.971V216z\"><\/path><\/svg>\t\t\t<\/span>\n\t\t\t\t\t\t\t\t\t<span class=\"elementor-button-text\">Tornar a <b>Activitats<\/b><\/span>\n\t\t\t\t\t<\/span>\n\t\t\t\t\t<\/a>\n\t\t\t\t<\/div>\n\t\t\t\t\t\t\t\t<\/div>\n\t\t\t\t<\/div>\n\t\t\t\t\t<\/div>\n\t\t\t\t<\/div>\n\t\t\t\t<\/div>\n\t\t","protected":false},"excerpt":{"rendered":"<p>SEGOND TRIM 2026 El rol principal de la Fundaci\u00f3 ODS ACCI\u00d3 en aquesta associaci\u00f3 \u00e9s la d&#8217;impulsar activitats d&#8217;innovaci\u00f3 que contribueixin a la reducci\u00f3 d&#8217;emissions de gasos contaminants i la de col\u00b7laborar activament en el foment de sinergies i acords amb entitats p\u00fabliques i privades en projectes sobre tecnologies netes. Amb aquesta alian\u00e7a estrat\u00e8gica, la [&hellip;]<\/p>\n","protected":false},"author":1,"featured_media":0,"parent":7003,"menu_order":0,"comment_status":"closed","ping_status":"closed","template":"","meta":{"_acf_changed":false,"footnotes":""},"class_list":["post-6991","page","type-page","status-publish","hentry"],"acf":[],"_links":{"self":[{"href":"https:\/\/fundacionodsaccio.org\/ca\/wp-json\/wp\/v2\/pages\/6991","targetHints":{"allow":["GET"]}}],"collection":[{"href":"https:\/\/fundacionodsaccio.org\/ca\/wp-json\/wp\/v2\/pages"}],"about":[{"href":"https:\/\/fundacionodsaccio.org\/ca\/wp-json\/wp\/v2\/types\/page"}],"author":[{"embeddable":true,"href":"https:\/\/fundacionodsaccio.org\/ca\/wp-json\/wp\/v2\/users\/1"}],"replies":[{"embeddable":true,"href":"https:\/\/fundacionodsaccio.org\/ca\/wp-json\/wp\/v2\/comments?post=6991"}],"version-history":[{"count":2,"href":"https:\/\/fundacionodsaccio.org\/ca\/wp-json\/wp\/v2\/pages\/6991\/revisions"}],"predecessor-version":[{"id":7016,"href":"https:\/\/fundacionodsaccio.org\/ca\/wp-json\/wp\/v2\/pages\/6991\/revisions\/7016"}],"up":[{"embeddable":true,"href":"https:\/\/fundacionodsaccio.org\/ca\/wp-json\/wp\/v2\/pages\/7003"}],"wp:attachment":[{"href":"https:\/\/fundacionodsaccio.org\/ca\/wp-json\/wp\/v2\/media?parent=6991"}],"curies":[{"name":"wp","href":"https:\/\/api.w.org\/{rel}","templated":true}]}}