{"id":6995,"date":"2026-09-02T13:33:18","date_gmt":"2026-09-02T11:33:18","guid":{"rendered":"https:\/\/fundacionodsaccio.org\/nova-proposta-europea-per-a-preservar-el-patrimoni-cultural-a-traves-de-noves-tecnologies-virtuals\/"},"modified":"2026-09-02T17:57:36","modified_gmt":"2026-09-02T15:57:36","slug":"nova-proposta-europea-per-a-preservar-el-patrimoni-cultural-a-traves-de-noves-tecnologies-virtuals","status":"publish","type":"page","link":"https:\/\/fundacionodsaccio.org\/ca\/activitats\/nova-proposta-europea-per-a-preservar-el-patrimoni-cultural-a-traves-de-noves-tecnologies-virtuals\/","title":{"rendered":"Nova proposta europea per a preservar el Patrimoni Cultural a trav\u00e9s de noves tecnologies virtuals"},"content":{"rendered":"\t\t<div data-elementor-type=\"wp-page\" data-elementor-id=\"6995\" class=\"elementor elementor-6995 elementor-6792\" data-elementor-post-type=\"page\">\n\t\t\t\t<div class=\"elementor-element elementor-element-35918ea animated-slow e-flex e-con-boxed elementor-invisible e-con e-parent\" data-id=\"35918ea\" data-element_type=\"container\" data-e-type=\"container\" data-settings=\"{&quot;background_background&quot;:&quot;gradient&quot;,&quot;animation&quot;:&quot;fadeIn&quot;}\">\n\t\t\t\t\t<div class=\"e-con-inner\">\n\t\t\t\t<div class=\"elementor-element elementor-element-a484508 elementor-widget elementor-widget-heading\" data-id=\"a484508\" data-element_type=\"widget\" data-e-type=\"widget\" data-widget_type=\"heading.default\">\n\t\t\t\t<div class=\"elementor-widget-container\">\n\t\t\t\t\t<h3 class=\"elementor-heading-title elementor-size-default\">TERCER TRIM 2026<\/h3>\t\t\t\t<\/div>\n\t\t\t\t<\/div>\n\t\t\t\t<div class=\"elementor-element elementor-element-bee258b elementor-widget elementor-widget-heading\" data-id=\"bee258b\" data-element_type=\"widget\" data-e-type=\"widget\" data-widget_type=\"heading.default\">\n\t\t\t\t<div class=\"elementor-widget-container\">\n\t\t\t\t\t<h1 class=\"elementor-heading-title elementor-size-default\">Nova proposta europea per a preservar el Patrimoni Cultural a trav\u00e9s de noves tecnologies virtuals<\/h1>\t\t\t\t<\/div>\n\t\t\t\t<\/div>\n\t\t\t\t\t<\/div>\n\t\t\t\t<\/div>\n\t\t<div class=\"elementor-element elementor-element-6e82499 animated-slow e-flex e-con-boxed elementor-invisible e-con e-parent\" data-id=\"6e82499\" data-element_type=\"container\" data-e-type=\"container\" data-settings=\"{&quot;animation&quot;:&quot;fadeIn&quot;,&quot;animation_delay&quot;:250}\">\n\t\t\t\t\t<div class=\"e-con-inner\">\n\t\t\t\t<div class=\"elementor-element elementor-element-4bfcc9b elementor-widget elementor-widget-text-editor\" data-id=\"4bfcc9b\" data-element_type=\"widget\" data-e-type=\"widget\" data-widget_type=\"text-editor.default\">\n\t\t\t\t<div class=\"elementor-widget-container\">\n\t\t\t\t\t\t\t\t\tL&#8217;avan\u00e7 de la Web 4.0 i els mons virtuals obre un ventall in\u00e8dit de possibilitats per a la societat contempor\u00e0nia. No obstant aix\u00f2, la integraci\u00f3 d&#8217;aquestes tecnologies planteja desafiaments estructurals de gran envergadura. En aquesta ocasi\u00f3, la Fundaci\u00f3 ODS ACCI\u00d3 ha participat en la presentaci\u00f3 d&#8217;un nou projecte europeu que neix per a resoldre aquesta fragmentaci\u00f3, transformant la manera en qu\u00e8 interactuem amb la hist\u00f2ria a trav\u00e9s d&#8217;una proposta t\u00e8cnica revolucion\u00e0ria que impacta directament en l&#8217;acc\u00e9s democr\u00e0tic a la cultura.  \t\t\t\t\t\t\t\t<\/div>\n\t\t\t\t<\/div>\n\t\t\t\t<div class=\"elementor-element elementor-element-98e3fc1 elementor-widget elementor-widget-text-editor\" data-id=\"98e3fc1\" data-element_type=\"widget\" data-e-type=\"widget\" data-widget_type=\"text-editor.default\">\n\t\t\t\t<div class=\"elementor-widget-container\">\n\t\t\t\t\t\t\t\t\t<p>Les iniciatives de la Uni\u00f3 Europea en mat\u00e8ria de mons virtuals i Web 4.0 han identificat un obstacle cr\u00edtic. Tecnologies capdavanteres com la Realitat Estesa (XR), els bessons digitals i la Intel\u00b7lig\u00e8ncia Artificial (IA) generativa han aconseguit una maduresa individual notable. Malgrat aix\u00f2, el seu desplegament conjunt en entorns virtuals fiables, interoperables i centrats en l&#8217;\u00e9sser hum\u00e0 continua sent un repte per a Europa.  <\/p>\n<p>Actualment, les experi\u00e8ncies immersives depenen de dades est\u00e0tiques o a\u00efllades amb un control de proced\u00e8ncia molt limitat. A aix\u00f2 se suma que la IA generativa manca de governan\u00e7a institucional i legitimitat cultural, la interoperabilitat entre les plataformes europees \u00e9s feble i a penes s&#8217;ha validat en escenaris p\u00fablics reals. Per a superar aquesta bretxa, \u00e9s urgent comptar amb arquitectures on la confian\u00e7a i el disseny hum\u00e0 siguin propietats estructurals i no afegits d&#8217;\u00faltima hora.  <\/p>\n<p>Com una Acci\u00f3 d&#8217;Innovaci\u00f3 de 36 mesos, aquest projecte proposa una soluci\u00f3 definitiva: la Pila de M\u00f3n Virtual Europea. Es tracta d&#8217;un marc integrat, reutilitzable i federat de nova generaci\u00f3. Aquest sistema permetr\u00e0 transformar actius digitals certificats, coneixement contextual i dades en temps real en mons virtuals persistents, intel\u00b7ligents, multisensorials i completament interoperables.  <\/p>\n<p>En utilitzar motors de joc d&#8217;\u00faltima generaci\u00f3 per a donar vida a aquests entorns, el projecte unifica la fidelitat gr\u00e0fica amb fluxos de dades din\u00e0miques, garantint una experi\u00e8ncia d&#8217;usuari fluida i sense retards.<\/p>\n<p><b>Contribuci\u00f3 Directa als ODS i al Patrimoni Cultural<\/b><\/p>\n<p>Esta aplicaci\u00f3n innovadora en el \u00e1mbito cultural se alinea de forma directa con los Objetivos de Desarrollo Sostenible (ODS) de las Naciones Unidas, especialmente con el <b>ODS 11 (Ciudades y Comunidades Sostenibles)<\/b> en su meta de salvaguardar el patrimonio cultural del mundo, y el<b> ODS 9 (Industria, Innovaci\u00f3n e Infraestructura).<\/b><\/p>\n<p>\u00c9s d&#8217;acc\u00e9s universal i democr\u00e0tic, trenca les barreres geogr\u00e0fiques i f\u00edsiques, permetent que qualsevol ciutad\u00e0 del m\u00f3n explori monuments hist\u00f2rics o museus digitalitzats amb un realisme multisensorial sense precedents. En treballar exclusivament amb actius digitals certificats, combat la desinformaci\u00f3 i assegura que la IA generativa respecti l&#8217;autenticitat i la veritat hist\u00f2rica de les cultures representades i contribueix a la sostenibilitat en permetre monitorar l&#8217;estat de conservaci\u00f3 dels llocs arqueol\u00f2gics reals davant el canvi clim\u00e0tic o turisme massiu, protegint-lo per a generacions futures. <\/p>\t\t\t\t\t\t\t\t<\/div>\n\t\t\t\t<\/div>\n\t\t\t\t<div class=\"elementor-element elementor-element-7e968ab elementor-widget__width-inherit elementor-widget elementor-widget-heading\" data-id=\"7e968ab\" data-element_type=\"widget\" data-e-type=\"widget\" data-widget_type=\"heading.default\">\n\t\t\t\t<div class=\"elementor-widget-container\">\n\t\t\t\t\t<p class=\"elementor-heading-title elementor-size-default\">Referencies<\/p>\t\t\t\t<\/div>\n\t\t\t\t<\/div>\n\t\t\t\t<div class=\"elementor-element elementor-element-d9921ac elementor-widget elementor-widget-text-editor\" data-id=\"d9921ac\" data-element_type=\"widget\" data-e-type=\"widget\" data-widget_type=\"text-editor.default\">\n\t\t\t\t<div class=\"elementor-widget-container\">\n\t\t\t\t\t\t\t\t\t<ol><li><em>Nacions Unides. (s.f.). Industria, Innovaci\u00f3 i Infraestructura. Desenvolupament Sostenible.   <\/em> <a href=\"https:\/\/www.un.org\/sustainabledevelopment\/es\/infrastructure\/\" target=\"_blank\" rel=\"noopener\">https:\/\/www.un.org\/sustainabledevelopment\/es\/infrastructure\/<\/a><\/li><li><em>Nacions Unides. (s.f.). Ciutats. Desenvolupament Sostenible.   <\/em> <a href=\"https:\/\/www.un.org\/sustainabledevelopment\/es\/cities\/\" target=\"_blank\" rel=\"noopener\">https:\/\/www.un.org\/sustainabledevelopment\/es\/cities\/<\/a><\/li><\/ol>\t\t\t\t\t\t\t\t<\/div>\n\t\t\t\t<\/div>\n\t\t\t\t<div class=\"elementor-element elementor-element-44cdadf elementor-widget-mobile__width-inherit elementor-widget__width-inherit elementor-widget elementor-widget-image\" data-id=\"44cdadf\" data-element_type=\"widget\" data-e-type=\"widget\" data-widget_type=\"image.default\">\n\t\t\t\t<div class=\"elementor-widget-container\">\n\t\t\t\t\t\t\t\t\t\t\t\t\t\t\t<img fetchpriority=\"high\" decoding=\"async\" width=\"2500\" height=\"1161\" src=\"https:\/\/fundacionodsaccio.org\/wp-content\/uploads\/2026\/09\/DEFINITIVAS-02.png\" class=\"attachment-full size-full wp-image-7001\" alt=\"\" srcset=\"https:\/\/fundacionodsaccio.org\/wp-content\/uploads\/2026\/09\/DEFINITIVAS-02.png 2500w, https:\/\/fundacionodsaccio.org\/wp-content\/uploads\/2026\/09\/DEFINITIVAS-02-300x139.png 300w, https:\/\/fundacionodsaccio.org\/wp-content\/uploads\/2026\/09\/DEFINITIVAS-02-1024x476.png 1024w, https:\/\/fundacionodsaccio.org\/wp-content\/uploads\/2026\/09\/DEFINITIVAS-02-768x357.png 768w, https:\/\/fundacionodsaccio.org\/wp-content\/uploads\/2026\/09\/DEFINITIVAS-02-1536x713.png 1536w, https:\/\/fundacionodsaccio.org\/wp-content\/uploads\/2026\/09\/DEFINITIVAS-02-2048x951.png 2048w\" sizes=\"(max-width: 2500px) 100vw, 2500px\" \/>\t\t\t\t\t\t\t\t\t\t\t\t\t\t\t<\/div>\n\t\t\t\t<\/div>\n\t\t\t\t<div class=\"elementor-element elementor-element-8c4d286 elementor-widget__width-inherit elementor-widget elementor-widget-heading\" data-id=\"8c4d286\" data-element_type=\"widget\" data-e-type=\"widget\" data-widget_type=\"heading.default\">\n\t\t\t\t<div class=\"elementor-widget-container\">\n\t\t\t\t\t<h3 class=\"elementor-heading-title elementor-size-default\">Aquesta activitat contribueix a la consecuci\u00f3 del seg\u00fcents ODS:<\/h3>\t\t\t\t<\/div>\n\t\t\t\t<\/div>\n\t\t\t\t\t<\/div>\n\t\t\t\t<\/div>\n\t\t<div class=\"elementor-element elementor-element-0531114 e-flex e-con-boxed e-con e-child\" data-id=\"0531114\" data-element_type=\"container\" data-e-type=\"container\">\n\t\t\t\t\t<div class=\"e-con-inner\">\n\t\t\t\t<div class=\"elementor-element elementor-element-b1a5407 elementor-widget elementor-widget-image\" data-id=\"b1a5407\" data-element_type=\"widget\" data-e-type=\"widget\" data-widget_type=\"image.default\">\n\t\t\t\t<div class=\"elementor-widget-container\">\n\t\t\t\t\t\t\t\t\t\t\t\t\t\t\t<img decoding=\"async\" width=\"466\" height=\"466\" src=\"https:\/\/fundacionodsaccio.org\/wp-content\/uploads\/2023\/12\/S_SDG_Icons-01-09.jpg\" class=\"attachment-full size-full wp-image-388\" alt=\"\" srcset=\"https:\/\/fundacionodsaccio.org\/wp-content\/uploads\/2023\/12\/S_SDG_Icons-01-09.jpg 466w, https:\/\/fundacionodsaccio.org\/wp-content\/uploads\/2023\/12\/S_SDG_Icons-01-09-300x300.jpg 300w, https:\/\/fundacionodsaccio.org\/wp-content\/uploads\/2023\/12\/S_SDG_Icons-01-09-150x150.jpg 150w\" sizes=\"(max-width: 466px) 100vw, 466px\" \/>\t\t\t\t\t\t\t\t\t\t\t\t\t\t\t<\/div>\n\t\t\t\t<\/div>\n\t\t\t\t<div class=\"elementor-element elementor-element-61a19fb elementor-widget elementor-widget-image\" data-id=\"61a19fb\" data-element_type=\"widget\" data-e-type=\"widget\" data-widget_type=\"image.default\">\n\t\t\t\t<div class=\"elementor-widget-container\">\n\t\t\t\t\t\t\t\t\t\t\t\t\t\t\t<img decoding=\"async\" width=\"466\" height=\"466\" src=\"https:\/\/fundacionodsaccio.org\/wp-content\/uploads\/2023\/12\/S_SDG_Icons-01-11.jpg\" class=\"attachment-full size-full wp-image-390\" alt=\"\" srcset=\"https:\/\/fundacionodsaccio.org\/wp-content\/uploads\/2023\/12\/S_SDG_Icons-01-11.jpg 466w, https:\/\/fundacionodsaccio.org\/wp-content\/uploads\/2023\/12\/S_SDG_Icons-01-11-300x300.jpg 300w, https:\/\/fundacionodsaccio.org\/wp-content\/uploads\/2023\/12\/S_SDG_Icons-01-11-150x150.jpg 150w\" sizes=\"(max-width: 466px) 100vw, 466px\" \/>\t\t\t\t\t\t\t\t\t\t\t\t\t\t\t<\/div>\n\t\t\t\t<\/div>\n\t\t\t\t\t<\/div>\n\t\t\t\t<\/div>\n\t\t<div class=\"elementor-element elementor-element-5abd16a e-flex e-con-boxed e-con e-parent\" data-id=\"5abd16a\" data-element_type=\"container\" data-e-type=\"container\">\n\t\t\t\t\t<div class=\"e-con-inner\">\n\t\t\t\t<div class=\"elementor-element elementor-element-442981d elementor-align-center elementor-widget elementor-widget-button\" data-id=\"442981d\" data-element_type=\"widget\" data-e-type=\"widget\" data-widget_type=\"button.default\">\n\t\t\t\t<div class=\"elementor-widget-container\">\n\t\t\t\t\t\t\t\t\t<div class=\"elementor-button-wrapper\">\n\t\t\t\t\t<a class=\"elementor-button elementor-button-link elementor-size-sm\" href=\"https:\/\/fundacionodsaccio.org\/ca\/activitats\/\">\n\t\t\t\t\t\t<span class=\"elementor-button-content-wrapper\">\n\t\t\t\t\t\t<span class=\"elementor-button-icon\">\n\t\t\t\t<svg aria-hidden=\"true\" class=\"e-font-icon-svg e-fas-long-arrow-alt-right\" viewBox=\"0 0 448 512\" xmlns=\"http:\/\/www.w3.org\/2000\/svg\"><path d=\"M313.941 216H12c-6.627 0-12 5.373-12 12v56c0 6.627 5.373 12 12 12h301.941v46.059c0 21.382 25.851 32.09 40.971 16.971l86.059-86.059c9.373-9.373 9.373-24.569 0-33.941l-86.059-86.059c-15.119-15.119-40.971-4.411-40.971 16.971V216z\"><\/path><\/svg>\t\t\t<\/span>\n\t\t\t\t\t\t\t\t\t<span class=\"elementor-button-text\">Tornar a <b>Activitats<\/b><\/span>\n\t\t\t\t\t<\/span>\n\t\t\t\t\t<\/a>\n\t\t\t\t<\/div>\n\t\t\t\t\t\t\t\t<\/div>\n\t\t\t\t<\/div>\n\t\t\t\t\t<\/div>\n\t\t\t\t<\/div>\n\t\t\t\t<\/div>\n\t\t","protected":false},"excerpt":{"rendered":"<p>TERCER TRIM 2026 L&#8217;avan\u00e7 de la Web 4.0 i els mons virtuals obre un ventall in\u00e8dit de possibilitats per a la societat contempor\u00e0nia. No obstant aix\u00f2, la integraci\u00f3 d&#8217;aquestes tecnologies planteja desafiaments estructurals de gran envergadura. En aquesta ocasi\u00f3, la Fundaci\u00f3 ODS ACCI\u00d3 ha participat en la presentaci\u00f3 d&#8217;un nou projecte europeu que neix per [&hellip;]<\/p>\n","protected":false},"author":1,"featured_media":0,"parent":7003,"menu_order":0,"comment_status":"closed","ping_status":"closed","template":"","meta":{"_acf_changed":false,"footnotes":""},"class_list":["post-6995","page","type-page","status-publish","hentry"],"acf":[],"_links":{"self":[{"href":"https:\/\/fundacionodsaccio.org\/ca\/wp-json\/wp\/v2\/pages\/6995","targetHints":{"allow":["GET"]}}],"collection":[{"href":"https:\/\/fundacionodsaccio.org\/ca\/wp-json\/wp\/v2\/pages"}],"about":[{"href":"https:\/\/fundacionodsaccio.org\/ca\/wp-json\/wp\/v2\/types\/page"}],"author":[{"embeddable":true,"href":"https:\/\/fundacionodsaccio.org\/ca\/wp-json\/wp\/v2\/users\/1"}],"replies":[{"embeddable":true,"href":"https:\/\/fundacionodsaccio.org\/ca\/wp-json\/wp\/v2\/comments?post=6995"}],"version-history":[{"count":4,"href":"https:\/\/fundacionodsaccio.org\/ca\/wp-json\/wp\/v2\/pages\/6995\/revisions"}],"predecessor-version":[{"id":7025,"href":"https:\/\/fundacionodsaccio.org\/ca\/wp-json\/wp\/v2\/pages\/6995\/revisions\/7025"}],"up":[{"embeddable":true,"href":"https:\/\/fundacionodsaccio.org\/ca\/wp-json\/wp\/v2\/pages\/7003"}],"wp:attachment":[{"href":"https:\/\/fundacionodsaccio.org\/ca\/wp-json\/wp\/v2\/media?parent=6995"}],"curies":[{"name":"wp","href":"https:\/\/api.w.org\/{rel}","templated":true}]}}